{"id":655,"date":"2024-11-16T08:51:37","date_gmt":"2024-11-16T08:51:37","guid":{"rendered":"https:\/\/dugoudronetdesplumeseditions.ch\/romain_crelier\/?page_id=655"},"modified":"2025-03-13T15:41:08","modified_gmt":"2025-03-13T15:41:08","slug":"le-mur","status":"publish","type":"page","link":"https:\/\/dugoudronetdesplumeseditions.ch\/romain_crelier\/installations\/le-mur\/","title":{"rendered":"le mur"},"content":{"rendered":"\n<figure class=\"wp-block-image\"><img decoding=\"async\" src=\"https:\/\/romaincrelier.ch\/uploads\/images\/Les-Emibois-site-3--800-copie.jpg\" alt=\"\"\/><\/figure>\n\n\n\n<p class=\"wp-block-paragraph\">Galerie des Emibois, 2004. Ce travail a \u00e9t\u00e9 r\u00e9alis\u00e9 pour le 20 \u00e8me anniversaire de la galerie des <br>Emibois, durant l\u2019\u00e9t\u00e9 2004. Deux modules en terre ont \u00e9t\u00e9 dessin\u00e9s, soit un module cylindrique <br>par Philippe Queloz et un autre parall\u00e9l\u00e9pip\u00e9dique par Romain Crelier. Les deux modules ont \u00e9t\u00e9<br>fa\u00e7onn\u00e9s en terre crue dans l\u2019atelier d\u2019Eric Rhis \u00e0 400 exemplaires pour le cylindre et 700 <br>exemplaires pour la brique. Les pi\u00e8ces ont ensuite \u00e9t\u00e9 cuites dans un four monumental \u00e0 usage <br>unique. Philippe et Romain ont alors utilis\u00e9 ces modules dans l\u2019environnement proche du lieu de <br>cuisson, aux abords de la galerie, pour r\u00e9aliser des installations in situ.<\/p>\n\n\n\n<figure class=\"wp-block-image\"><img decoding=\"async\" src=\"https:\/\/romaincrelier.ch\/uploads\/images\/Les-Emibois-site-2--800-copie.jpg\" alt=\"\"\/><\/figure>\n\n\n\n<p class=\"wp-block-paragraph\">vue 2<\/p>\n\n\n\n<figure class=\"wp-block-image\"><img decoding=\"async\" src=\"https:\/\/romaincrelier.ch\/uploads\/images\/Les-Emibois-site-800-copie.jpg\" alt=\"\"\/><\/figure>\n\n\n\n<p class=\"wp-block-paragraph\">vue 3<\/p>\n","protected":false},"excerpt":{"rendered":"<p>Galerie des Emibois, 2004. Ce travail a \u00e9t\u00e9 r\u00e9alis\u00e9 pour le 20 \u00e8me anniversaire de la galerie des Emibois, durant l\u2019\u00e9t\u00e9 2004. Deux modules en terre ont \u00e9t\u00e9 dessin\u00e9s, soit un module cylindrique par Philippe Queloz et un autre parall\u00e9l\u00e9pip\u00e9dique par Romain Crelier. Les deux modules ont \u00e9t\u00e9fa\u00e7onn\u00e9s en terre crue dans l\u2019atelier d\u2019Eric Rhis &hellip; <a href=\"https:\/\/dugoudronetdesplumeseditions.ch\/romain_crelier\/installations\/le-mur\/\" class=\"more-link\">Continue reading <span class=\"screen-reader-text\">le mur<\/span><\/a><\/p>\n","protected":false},"author":4,"featured_media":0,"parent":209,"menu_order":16,"comment_status":"closed","ping_status":"closed","template":"","meta":{"footnotes":""},"class_list":["post-655","page","type-page","status-publish","hentry"],"_links":{"self":[{"href":"https:\/\/dugoudronetdesplumeseditions.ch\/romain_crelier\/wp-json\/wp\/v2\/pages\/655","targetHints":{"allow":["GET"]}}],"collection":[{"href":"https:\/\/dugoudronetdesplumeseditions.ch\/romain_crelier\/wp-json\/wp\/v2\/pages"}],"about":[{"href":"https:\/\/dugoudronetdesplumeseditions.ch\/romain_crelier\/wp-json\/wp\/v2\/types\/page"}],"author":[{"embeddable":true,"href":"https:\/\/dugoudronetdesplumeseditions.ch\/romain_crelier\/wp-json\/wp\/v2\/users\/4"}],"replies":[{"embeddable":true,"href":"https:\/\/dugoudronetdesplumeseditions.ch\/romain_crelier\/wp-json\/wp\/v2\/comments?post=655"}],"version-history":[{"count":3,"href":"https:\/\/dugoudronetdesplumeseditions.ch\/romain_crelier\/wp-json\/wp\/v2\/pages\/655\/revisions"}],"predecessor-version":[{"id":987,"href":"https:\/\/dugoudronetdesplumeseditions.ch\/romain_crelier\/wp-json\/wp\/v2\/pages\/655\/revisions\/987"}],"up":[{"embeddable":true,"href":"https:\/\/dugoudronetdesplumeseditions.ch\/romain_crelier\/wp-json\/wp\/v2\/pages\/209"}],"wp:attachment":[{"href":"https:\/\/dugoudronetdesplumeseditions.ch\/romain_crelier\/wp-json\/wp\/v2\/media?parent=655"}],"curies":[{"name":"wp","href":"https:\/\/api.w.org\/{rel}","templated":true}]}}