{"id":640,"date":"2024-11-15T21:43:13","date_gmt":"2024-11-15T21:43:13","guid":{"rendered":"https:\/\/dugoudronetdesplumeseditions.ch\/romain_crelier\/?page_id=640"},"modified":"2026-02-23T15:02:05","modified_gmt":"2026-02-23T15:02:05","slug":"la-mise-en-abime","status":"publish","type":"page","link":"https:\/\/dugoudronetdesplumeseditions.ch\/romain_crelier\/installations\/la-mise-en-abime\/","title":{"rendered":"la mise en ab\u00eeme"},"content":{"rendered":"\n<h2 class=\"wp-block-heading\">&nbsp;<\/h2>\n\n\n\n<figure class=\"wp-block-image\"><img decoding=\"async\" src=\"https:\/\/romaincrelier.ch\/uploads\/images\/bellelay-10-site-800.jpg\" alt=\"\"\/><\/figure>\n\n\n\n<p class=\"wp-block-paragraph\">Abbatiale de Bellelay, 2013, bois, b\u00e2che caoutchouc, eau, huile de moteur usag\u00e9e, aluminium<\/p>\n\n\n\n<figure class=\"wp-block-image\"><img decoding=\"async\" src=\"https:\/\/romaincrelier.ch\/uploads\/images\/Bellelay%2011-site%20800.jpg\" alt=\"\"\/><\/figure>\n\n\n\n<p class=\"wp-block-paragraph\">vue 2&nbsp;<\/p>\n\n\n\n<figure class=\"wp-block-image\"><img decoding=\"async\" src=\"https:\/\/romaincrelier.ch\/uploads\/images\/Bellelay%20site%20800%20.jpg\" alt=\"\"\/><\/figure>\n\n\n\n<p class=\"wp-block-paragraph\">vue 3<\/p>\n\n\n\n<figure class=\"wp-block-image\"><img decoding=\"async\" src=\"https:\/\/romaincrelier.ch\/uploads\/images\/Bellelay%208%20site%20800.jpg\" alt=\"\"\/><\/figure>\n\n\n\n<p class=\"wp-block-paragraph\">vue 4<\/p>\n\n\n\n<figure class=\"wp-block-image\"><img decoding=\"async\" src=\"https:\/\/romaincrelier.ch\/uploads\/images\/Bellelay%209%20-site%20800%20jpg.jpg\" alt=\"\"\/><\/figure>\n\n\n\n<p class=\"wp-block-paragraph\">vue 5<\/p>\n\n\n\n<figure class=\"wp-block-image\"><img decoding=\"async\" src=\"https:\/\/romaincrelier.ch\/uploads\/images\/Bellelay%207%20%20site%20800.jpg\" alt=\"\"\/><\/figure>\n\n\n\n<p class=\"wp-block-paragraph\">vue 6<\/p>\n\n\n\n<figure class=\"wp-block-image\"><img decoding=\"async\" src=\"https:\/\/romaincrelier.ch\/uploads\/images\/Bellelay%206%20%20site%20800.jpg\" alt=\"\"\/><\/figure>\n\n\n\n<p class=\"wp-block-paragraph\">vue 7<\/p>\n\n\n\n<figure class=\"wp-block-image\"><img decoding=\"async\" src=\"https:\/\/romaincrelier.ch\/uploads\/images\/Bellelay%205%20site%20800.jpg\" alt=\"\"\/><\/figure>\n\n\n\n<p class=\"wp-block-paragraph\">vue 8&nbsp;<\/p>\n\n\n\n<figure class=\"wp-block-image\"><img decoding=\"async\" src=\"https:\/\/romaincrelier.ch\/uploads\/images\/Bellelay-14-site-800.jpg\" alt=\"\"\/><\/figure>\n\n\n\n<p class=\"wp-block-paragraph\">vue 9<\/p>\n\n\n\n<p class=\"wp-block-paragraph\"><a href=\"https:\/\/dugoudronetdesplumeseditions.ch\/romain_crelier\/titre\/helene-joye-cagnard\/\">h\u00e9l\u00e8ne joye-cagnard&nbsp;<\/a> &nbsp; &nbsp; &nbsp; &nbsp; &nbsp; &nbsp; &nbsp;catalogue \u00ab\u00a0la mise en ab\u00eeme\u00a0\u00bb 2013 &nbsp; &nbsp; &nbsp; &nbsp; &nbsp; &nbsp; &nbsp; &nbsp; &nbsp; &nbsp; &nbsp; &nbsp; &nbsp; &nbsp; &nbsp; fr\/al<\/p>\n\n\n\n<p class=\"wp-block-paragraph\"><a href=\"https:\/\/dugoudronetdesplumeseditions.ch\/romain_crelier\/titre\/marina-porobic\/\">marina porobic<\/a>&nbsp; &nbsp; &nbsp; &nbsp; &nbsp; &nbsp; &nbsp; &nbsp; &nbsp; &nbsp; &nbsp; &nbsp;catalogue \u00ab\u00a0la mise en ab\u00eeme\u00a0\u00bb 2013 &nbsp; &nbsp; &nbsp; &nbsp; &nbsp; &nbsp; &nbsp; &nbsp; &nbsp; &nbsp; &nbsp; &nbsp; &nbsp; &nbsp; &nbsp; fr\/al<\/p>\n\n\n\n<p class=\"wp-block-paragraph\"><a href=\"https:\/\/dugoudronetdesplumeseditions.ch\/romain_crelier\/titre\/alice-henkes\/\">alice henkes<\/a>&nbsp; &nbsp; &nbsp; &nbsp; &nbsp; &nbsp; &nbsp; &nbsp; &nbsp; &nbsp; &nbsp; &nbsp; &nbsp; &nbsp;Kunstbulletin 9.2013 &nbsp;\u00ab\u00a0Kreuzgew\u00f6lbe mit Tiefensog\u00a0\u00bb &nbsp; &nbsp; &nbsp;al<\/p>\n\n\n\n<p class=\"wp-block-paragraph\">jean-pierre girod.            <\/p>\n\n\n\n<div data-wp-interactive=\"core\/file\" class=\"wp-block-file\"><object data-wp-bind--hidden=\"!state.hasPdfPreview\" hidden class=\"wp-block-file__embed\" data=\"https:\/\/dugoudronetdesplumeseditions.ch\/romain_crelier\/wp-content\/uploads\/2026\/02\/Girod-la-mise-en-abime-en.pdf\" type=\"application\/pdf\" style=\"width:100%;height:600px\" aria-label=\"Contenu embarqu\u00e9 Girod-la-mise-en-abime-en.\"><\/object><a id=\"wp-block-file--media-ab2e60d9-a9a4-4f8d-ba13-446b029af88b\" href=\"https:\/\/dugoudronetdesplumeseditions.ch\/romain_crelier\/wp-content\/uploads\/2026\/02\/Girod-la-mise-en-abime-en.pdf\">Girod-la-mise-en-abime-en<\/a><a href=\"https:\/\/dugoudronetdesplumeseditions.ch\/romain_crelier\/wp-content\/uploads\/2026\/02\/Girod-la-mise-en-abime-en.pdf\" class=\"wp-block-file__button wp-element-button\" download aria-describedby=\"wp-block-file--media-ab2e60d9-a9a4-4f8d-ba13-446b029af88b\">T\u00e9l\u00e9charger<\/a><\/div>\n\n\n\n<figure class=\"wp-block-image size-full\"><img loading=\"lazy\" decoding=\"async\" width=\"800\" height=\"567\" src=\"https:\/\/dugoudronetdesplumeseditions.ch\/romain_crelier\/wp-content\/uploads\/2025\/03\/unplusunegaltrois-plan-800-jpg.jpg\" alt=\"\" class=\"wp-image-978\" srcset=\"https:\/\/dugoudronetdesplumeseditions.ch\/romain_crelier\/wp-content\/uploads\/2025\/03\/unplusunegaltrois-plan-800-jpg.jpg 800w, https:\/\/dugoudronetdesplumeseditions.ch\/romain_crelier\/wp-content\/uploads\/2025\/03\/unplusunegaltrois-plan-800-jpg-300x213.jpg 300w, https:\/\/dugoudronetdesplumeseditions.ch\/romain_crelier\/wp-content\/uploads\/2025\/03\/unplusunegaltrois-plan-800-jpg-768x544.jpg 768w\" sizes=\"auto, (max-width: 800px) 100vw, 800px\" \/><\/figure>\n\n\n\n<p class=\"wp-block-paragraph\"><\/p>\n","protected":false},"excerpt":{"rendered":"<p>&nbsp; Abbatiale de Bellelay, 2013, bois, b\u00e2che caoutchouc, eau, huile de moteur usag\u00e9e, aluminium vue 2&nbsp; vue 3 vue 4 vue 5 vue 6 vue 7 vue 8&nbsp; vue 9 h\u00e9l\u00e8ne joye-cagnard&nbsp; &nbsp; &nbsp; &nbsp; &nbsp; &nbsp; &nbsp; &nbsp;catalogue \u00ab\u00a0la mise en ab\u00eeme\u00a0\u00bb 2013 &nbsp; &nbsp; &nbsp; &nbsp; &nbsp; &nbsp; &nbsp; &nbsp; &nbsp; &nbsp; &nbsp; &hellip; <a href=\"https:\/\/dugoudronetdesplumeseditions.ch\/romain_crelier\/installations\/la-mise-en-abime\/\" class=\"more-link\">Continue reading <span class=\"screen-reader-text\">la mise en ab\u00eeme<\/span><\/a><\/p>\n","protected":false},"author":4,"featured_media":0,"parent":209,"menu_order":10,"comment_status":"closed","ping_status":"closed","template":"","meta":{"footnotes":""},"class_list":["post-640","page","type-page","status-publish","hentry"],"_links":{"self":[{"href":"https:\/\/dugoudronetdesplumeseditions.ch\/romain_crelier\/wp-json\/wp\/v2\/pages\/640","targetHints":{"allow":["GET"]}}],"collection":[{"href":"https:\/\/dugoudronetdesplumeseditions.ch\/romain_crelier\/wp-json\/wp\/v2\/pages"}],"about":[{"href":"https:\/\/dugoudronetdesplumeseditions.ch\/romain_crelier\/wp-json\/wp\/v2\/types\/page"}],"author":[{"embeddable":true,"href":"https:\/\/dugoudronetdesplumeseditions.ch\/romain_crelier\/wp-json\/wp\/v2\/users\/4"}],"replies":[{"embeddable":true,"href":"https:\/\/dugoudronetdesplumeseditions.ch\/romain_crelier\/wp-json\/wp\/v2\/comments?post=640"}],"version-history":[{"count":20,"href":"https:\/\/dugoudronetdesplumeseditions.ch\/romain_crelier\/wp-json\/wp\/v2\/pages\/640\/revisions"}],"predecessor-version":[{"id":1450,"href":"https:\/\/dugoudronetdesplumeseditions.ch\/romain_crelier\/wp-json\/wp\/v2\/pages\/640\/revisions\/1450"}],"up":[{"embeddable":true,"href":"https:\/\/dugoudronetdesplumeseditions.ch\/romain_crelier\/wp-json\/wp\/v2\/pages\/209"}],"wp:attachment":[{"href":"https:\/\/dugoudronetdesplumeseditions.ch\/romain_crelier\/wp-json\/wp\/v2\/media?parent=640"}],"curies":[{"name":"wp","href":"https:\/\/api.w.org\/{rel}","templated":true}]}}