{"id":338,"date":"2024-11-11T19:20:27","date_gmt":"2024-11-11T19:20:27","guid":{"rendered":"https:\/\/dugoudronetdesplumeseditions.ch\/romain_crelier\/?page_id=338"},"modified":"2024-11-11T19:24:11","modified_gmt":"2024-11-11T19:24:11","slug":"marco-rampini","status":"publish","type":"page","link":"https:\/\/dugoudronetdesplumeseditions.ch\/romain_crelier\/titre\/marco-rampini\/","title":{"rendered":"Marco Rampini"},"content":{"rendered":"\n<h2 class=\"wp-block-heading\">Texte catalogue Moutier 2015<\/h2>\n\n\n\n<p class=\"wp-block-paragraph\">POUR ROMAIN&nbsp;<\/p>\n\n\n\n<p class=\"wp-block-paragraph\">par Marco Rampini<\/p>\n\n\n\n<p class=\"wp-block-paragraph\">Romain, je l\u2019appelle Romain, c\u2019est un ami, vous me pardonnerez donc cette familiarit\u00e9. Nous nous sommes connus au hasard d\u2019une cohabitation de quelques mois \u00e0 B\u00e2le en 1987. C\u2019est-\u00e0-dire, juste avant les premiers travaux pr\u00e9sent\u00e9s ici. Lui \u00e9tait \u00e9tudiant \u00e0 l\u2019\u00e9cole des beaux-arts, moi j\u2019\u00e9tais en stage dans un bureau d\u2019architecture. Depuis cette heureuse rencontre, malgr\u00e9 les ann\u00e9es et la distance, nous nous sommes revus, sporadiquement, mais toujours avec un plaisir renouvel\u00e9. C\u2019est lors de mes visites, passant quelques jours chez lui dans le Jura, que je d\u00e9couvrais et suivais son travail par petits aper\u00e7us. Entre-temps, je recevais fid\u00e8lement des cartons d\u2019invitation pour ses expositions. Je n\u2019ai pas toujours pris le temps d\u2019aller les voir, mais c\u2019\u00e9tait chaque fois comme une bonne nouvelle. Un signe, avec parfois une image, qu\u2019il poursuivait sa pratique de la sculpture, de la gravure, du dessin.<\/p>\n\n\n\n<p class=\"wp-block-paragraph\">Si je vous dis cela ce n\u2019est pas pour vous ressasser un hypoth\u00e9tique bon vieux temps, ni vous raconter des histoires personnelles d\u00e9plac\u00e9es, ne vous inqui\u00e9tez pas. C\u2019est pour vous expliquer ce que je fais ici \u00e0 vouloir vous parler des travaux de Romain. Et puis, c\u2019est \u00e0 Romain qu\u2019il faudrait le demander. C\u2019est lui qui m\u2019a propos\u00e9 d\u2019\u00e9crire un texte pour ce catalogue. Bien s\u00fbr, avec plaisir, j\u2019ai accept\u00e9. Alors, n\u2019en parlons plus.<\/p>\n\n\n\n<p class=\"wp-block-paragraph\">Alors surtout, cela a \u00e9t\u00e9 une occasion de passer \u00e0 nouveau du temps ensemble et de parler un peu. Car, ind\u00e9pendamment des ap\u00e9ros que nous avons pu prendre, des affinit\u00e9s que nous avons, des int\u00e9r\u00eats que nous partageons ou de celui personnel que je porte \u00e0 son travail, avec Romain j\u2019ai aussi toujours eu un grand plaisir \u00e0 discuter de son travail justement. Lors de mes visites, nous avons chaque fois pris un moment dans son atelier o\u00f9 il me montrait ce qu\u2019il avait fait, ce qu\u2019il faisait. A l\u2019atelier, quasi clandestin qu\u2019il avait d\u2019abord dans la cave de la maison et maintenant, dans celui bien spacieux qu\u2019il s\u2019est construit dans la grange attenante, parmi les tables, les presses, les papiers, \u2026 enfin dans l\u2019atelier quoi, il sortait quelques gravures de leurs cartables, expliquait une sculpture sur une photo ou avec une maquette, montrait un dessin encadr\u00e9 pour une r\u00e9cente expo. Je regardais, demandais, \u00e9coutais.<\/p>\n\n\n\n<p class=\"wp-block-paragraph\">En quelques phrases qui d\u00e9crivent des intentions, des mati\u00e8res, des effets, en quelques rythmes bri\u00e8vement scand\u00e9s, pa pa pa, ou bien parfois, tac tac, il exprime ce qu\u2019il a fait, ce qu\u2019il a recherch\u00e9. Et puis, il y a aussi ses silences chercheurs, ses interrogations, je crois, et ses acquiescements ponctuations. Ouais. Voil\u00e0. C\u2019est \u00e7a. C\u2019est cela que j\u2019aimerais pouvoir vous retranscrire, ce phras\u00e9 \u00e9conome, bien personnel. Vous voyez, cette mani\u00e8re concr\u00e8te et sobre avec laquelle il dit son travail, ses travaux. C\u2019est cela qui pourrait rendre compte du temps que s\u2019accorde son regard quand il revient sur ce qui a \u00e9t\u00e9 fait, de l\u2019intensit\u00e9 de ce regard qui scrute et semble d\u00e9couvrir encore. C\u2019est cela qui pourrait rendre compte aussi de l\u2019engagement de sa pens\u00e9e qui replonge dans le travail, qui cherche et tente de l\u2019exprimer. A l\u2019\u00e9couter, il y a comme une ad\u00e9quation entre des paroles et les choses. Les mots ne cherchant pas \u00e0 faire illusion sur les choses, mais essayant vainement, tant bien que mal, de les dire. De son travail il en parle bien, c\u2019est-\u00e0-dire, je trouve, d\u2019une mani\u00e8re appropri\u00e9e, alors si vous en avez l\u2019occasion, engagez la conversation.<\/p>\n\n\n\n<p class=\"wp-block-paragraph\">Et pour ma part, que puis-je vous dire? Tout d\u2019abord que c\u2019est bien en \u00e9coutant parler Romain, en visitant son atelier, en regardant son travail, en entrant donc un peu dans ce monde que je me suis rendu compte que tout cela, ses sculptures, ses gravures, ses dessins, c\u2019est une question de mati\u00e8re. Qu\u2019il s\u2019agit d\u2019abord, je crois, d\u2019un travail de la mati\u00e8re, des mati\u00e8res. Que les travaux de Romain rel\u00e8vent d\u2019une relation instinctive, physique, intelligente avec les mati\u00e8res pour leur donner forme, pour produire des formes.<\/p>\n\n\n\n<p class=\"wp-block-paragraph\">Et voil\u00e0, j\u2019y viens d\u00e9j\u00e0, aux formes. Car c\u2019est bien \u00e0 la pr\u00e9sence physique, mat\u00e9rielle, brute, de formes, soit sur la feuille, soit dans l\u2019espace, que je suis soumis devant les travaux de Romain. Par leurs dimensions, grandes ou petites d\u2019ailleurs, par leurs proportions, par leurs sournoises simplicit\u00e9s, comme par \u00e9vidence et en toute s\u00e9r\u00e9nit\u00e9, ces formes imposent leur autonomie statique, leur force propre, leur masse intrins\u00e8que. Cette masse, comme en physique, comprise comme la quantit\u00e9 de mati\u00e8re d\u2019un corps avant que la gravit\u00e9 ne lui donne son poids. Et puis, ces formes elles reviennent, se retrouvent, s\u2019engendrent. Elles sont reprises d\u2019une technique \u00e0 l\u2019autre. Elles se d\u00e9clinent, sont retravaill\u00e9es. Elles se transforment par alt\u00e9ration, de nouvelles viennent se joindre qui d\u00e9j\u00e0 sont assimil\u00e9es. Elles forment famille. Je les reconnais et j\u2019ai appris \u00e0 les aimer. Au-del\u00e0 des techniques utilis\u00e9es et des mati\u00e8res travaill\u00e9es, je vois comme une h\u00e9r\u00e9dit\u00e9 des formes, dans les travaux de Romain.&nbsp;<\/p>\n\n\n\n<p class=\"wp-block-paragraph\">Il faut maintenant quand m\u00eame que je vous pr\u00e9cise encore ceci. Que tout ce que j\u2019ai eu l\u2019occasion de voir par bribes au cours des ans, comme je vous l\u2019ai dit, que les travaux dont ce catalogue donne un large aper\u00e7u, finissent par constituer un univers qui se tient. Ils forment comme un jeu entre les techniques, les mati\u00e8res, les formes, un jeu avec ses \u00e9vidences et ses pistes brouill\u00e9es. D\u2019ailleurs, la dimension ludique n\u2019est jamais tr\u00e8s loin des travaux de Romain. Un jeu qui se compl\u00e8te ou se d\u00e9voile avec chaque nouvelle pi\u00e8ce ou s\u00e9rie de pi\u00e8ces. Et par cette patiente dynamique de recherches et d\u2019exp\u00e9riences se cr\u00e9ent des renvois, des r\u00e9sonances, des r\u00e9miniscences. Qu\u2019elle puisse continuer. Bien s\u00fbr, me direz-vous, que cela forme un ensemble coh\u00e9rent etc. etc., c\u2019est la moindre des choses. Mais c\u2019est maintenant que je peux l\u2019appr\u00e9cier et c\u2019est \u00e0 Romain qu\u2019il a fallu tenir la distance, aboutir, reprendre, continuer. Un peu d\u2019indulgence donc pour celui qui s\u2019accorde \u00e0 prendre le temps qu\u2019il faut pour que tout cela existe et qui prend encore le risque de l\u2019exposer. Bien entendu aussi, c\u2019est \u00e0 un ego consentant que nous devons notre plaisir d\u2019esth\u00e8te, alors pas trop de soucis non plus.<\/p>\n\n\n\n<p class=\"wp-block-paragraph\">Je pourrais encore vous dire quelques mots sur les nuances, les tonalit\u00e9s, sur la finesse du grain des h\u00e9liogravures et la densit\u00e9 du graphite des dessins, sur les reflets et le mat, sur les noirs fonc\u00e9s et les noirs clairs, sur le gris du zinc, du plomb, du b\u00e9ton, sur le blanc du pl\u00e2tre, des papiers, bref quelques mots sur ce monde de contrastes et de valeurs. De m\u00eame, sur les mati\u00e8res, outre le plaisir de leur beaut\u00e9 brute, je pourrais vous \u00e9voquer les liens qu\u2019il serait possible de faire, entre l\u2019huile de vidange et celle pour entretenir les presses \u00e0 \u00e9preuve, entre l\u2019acier de ces belles machines d\u2019impression et celui des sculptures, entre le plomb des fontes typographiques r\u00e9cup\u00e9r\u00e9es et celui de l\u2019ampoule moul\u00e9e, puis photographi\u00e9e pour le clich\u00e9 d\u2019une h\u00e9liogravure, ou encore entre les n\u00e9ons de l\u2019atelier et ceux des gravures, ou bien des installations.<\/p>\n\n\n\n<p class=\"wp-block-paragraph\">Mais l\u00e0, par contre, je resterai plus allusif, pour laisser intactes les intrigues de certaines images, pour ne pas grossi\u00e8rement d\u00e9voiler ce qui produit cette perte de rep\u00e8re qui d\u00e9coule des jeux qu\u2019op\u00e8re Romain avec les mati\u00e8res et les techniques et qui, par cela, interroge le regard au-del\u00e0 de ce qui lui est donn\u00e9 \u00e0 voir. Sur le rapport sculpture &#8211; mobilier, sachez seulement que, avec Romain, je suis parfaitement convaincu qu\u2019il s\u2019agit bien l\u00e0 de sculpture. Et n\u2019allez pas mesquinement penser que je le dis par complaisance ou, comme il est trop souvent sommairement admis, parce que l\u2019artiste lui-m\u00eame l\u2019affirme.<\/p>\n\n\n\n<p class=\"wp-block-paragraph\">Si je m\u2019\u00e9tais encore un peu plus \u00e9tendu sur l\u2019artiste, je m\u2019en serais tenu \u00e0 vous copier ce que nous dit Petit Robert, que c\u2019est une \u00abpersonne qui pratiquait un m\u00e9tier, une technique difficile\u00bb, car j\u2019aime bien cette premi\u00e8re d\u00e9finition que j\u2019aurais mise au pr\u00e9sent. Mais alors je me serais \u00e9loign\u00e9 du propos, j\u2019aurais d\u00fb conclure avant.&nbsp;<\/p>\n\n\n\n<p class=\"wp-block-paragraph\">Voil\u00e0 un peu ce que je sais vous dire ou ce que j\u2019aurais eu envie de vous dire de ce que j\u2019ai vu du travail de Romain, vous voyez \u2026. enfin, \u00e0 vous de voir.<\/p>\n","protected":false},"excerpt":{"rendered":"<p>Texte catalogue Moutier 2015 POUR ROMAIN&nbsp; par Marco Rampini Romain, je l\u2019appelle Romain, c\u2019est un ami, vous me pardonnerez donc cette familiarit\u00e9. Nous nous sommes connus au hasard d\u2019une cohabitation de quelques mois \u00e0 B\u00e2le en 1987. C\u2019est-\u00e0-dire, juste avant les premiers travaux pr\u00e9sent\u00e9s ici. Lui \u00e9tait \u00e9tudiant \u00e0 l\u2019\u00e9cole des beaux-arts, moi j\u2019\u00e9tais en &hellip; <a href=\"https:\/\/dugoudronetdesplumeseditions.ch\/romain_crelier\/titre\/marco-rampini\/\" class=\"more-link\">Continue reading <span class=\"screen-reader-text\">Marco Rampini<\/span><\/a><\/p>\n","protected":false},"author":4,"featured_media":0,"parent":11,"menu_order":1,"comment_status":"closed","ping_status":"closed","template":"","meta":{"footnotes":""},"class_list":["post-338","page","type-page","status-publish","hentry"],"_links":{"self":[{"href":"https:\/\/dugoudronetdesplumeseditions.ch\/romain_crelier\/wp-json\/wp\/v2\/pages\/338","targetHints":{"allow":["GET"]}}],"collection":[{"href":"https:\/\/dugoudronetdesplumeseditions.ch\/romain_crelier\/wp-json\/wp\/v2\/pages"}],"about":[{"href":"https:\/\/dugoudronetdesplumeseditions.ch\/romain_crelier\/wp-json\/wp\/v2\/types\/page"}],"author":[{"embeddable":true,"href":"https:\/\/dugoudronetdesplumeseditions.ch\/romain_crelier\/wp-json\/wp\/v2\/users\/4"}],"replies":[{"embeddable":true,"href":"https:\/\/dugoudronetdesplumeseditions.ch\/romain_crelier\/wp-json\/wp\/v2\/comments?post=338"}],"version-history":[{"count":2,"href":"https:\/\/dugoudronetdesplumeseditions.ch\/romain_crelier\/wp-json\/wp\/v2\/pages\/338\/revisions"}],"predecessor-version":[{"id":340,"href":"https:\/\/dugoudronetdesplumeseditions.ch\/romain_crelier\/wp-json\/wp\/v2\/pages\/338\/revisions\/340"}],"up":[{"embeddable":true,"href":"https:\/\/dugoudronetdesplumeseditions.ch\/romain_crelier\/wp-json\/wp\/v2\/pages\/11"}],"wp:attachment":[{"href":"https:\/\/dugoudronetdesplumeseditions.ch\/romain_crelier\/wp-json\/wp\/v2\/media?parent=338"}],"curies":[{"name":"wp","href":"https:\/\/api.w.org\/{rel}","templated":true}]}}