{"id":1223,"date":"2025-04-18T12:05:36","date_gmt":"2025-04-18T12:05:36","guid":{"rendered":"https:\/\/dugoudronetdesplumeseditions.ch\/romain_crelier\/?page_id=1223"},"modified":"2025-04-24T09:34:26","modified_gmt":"2025-04-24T09:34:26","slug":"nayansaku-mufwankolo","status":"publish","type":"page","link":"https:\/\/dugoudronetdesplumeseditions.ch\/romain_crelier\/titre\/nayansaku-mufwankolo\/","title":{"rendered":"Nayansaku Mufwankolo"},"content":{"rendered":"\n<p class=\"wp-block-paragraph\"><strong>Texte du catalogue \u00ab\u00a0Industria\u00a0\u00bb Bex &amp; Arts 2020<\/strong><\/p>\n\n\n\n<p class=\"wp-block-paragraph\">Objet rotatif de plein air<\/p>\n\n\n\n<p class=\"wp-block-paragraph\">La sculpture installation de l\u2019artiste jurassien, qui semble tout droit sortie d\u2019un univers de science-fiction, reprend un sujet et des formes qui font partie int\u00e9grante de son r\u00e9pertoire. Toujours sensible \u00e0 l\u2019environnement du lieu, il poursuit sa recherche plastique qui consiste \u00e0 utiliser des surfaces r\u00e9fl\u00e9chissantes afin de faire intervenir un jeu de r\u00e9flexions de l\u2019espace, permettant au public de faire l\u2019exp\u00e9rience de nouvelles perspectives en combinant diff\u00e9rents points de vue. Ce dernier, qui devient partie prenante, vient donc jouer un r\u00f4le d\u00e9terminant dans ses installations immersives, activ\u00e9es au travers de ses interactions, de ses d\u00e9placements autour et avec l\u2019oeuvre.<\/p>\n\n\n\n<p class=\"wp-block-paragraph\">Son implantation au nord du parc, dans un lieu d\u00e9gag\u00e9 juste en contrebas des vignes, avec de l\u2019autre cot\u00e9 des arbres, ajoute une dimension po\u00e9tique renforc\u00e9e par le temps qui passe. En effet les diff\u00e9rents moments de la journ\u00e9e et les ambiances que cela instaure, additionn\u00e9s aux variations de luminosit\u00e9 du soleil, des nuages ou encore la pluie, ce sont autant de possibilit\u00e9s simultan\u00e9es sur chacun des c\u00f4t\u00e9s de cet hexagone qui s\u2019offre aux yeux. Car en effet, chacun des c\u00f4t\u00e9s offre un point de vue qui diff\u00e8re des autres.<\/p>\n\n\n\n<p class=\"wp-block-paragraph\">Cerise sur le g\u00e2teau, la force \u00e9olienne, bien connue de la r\u00e9gion, est \u00e9galement partie prenante, car elle permet d\u2019animer, de faire bouger la sculpture et s\u2019ajoute ainsi \u00e0 la liste des \u00e9l\u00e9ments qui lui conf\u00e8rent un caract\u00e8re presque hypnotique.<\/p>\n","protected":false},"excerpt":{"rendered":"<p>Texte du catalogue \u00ab\u00a0Industria\u00a0\u00bb Bex &amp; Arts 2020 Objet rotatif de plein air La sculpture installation de l\u2019artiste jurassien, qui semble tout droit sortie d\u2019un univers de science-fiction, reprend un sujet et des formes qui font partie int\u00e9grante de son r\u00e9pertoire. Toujours sensible \u00e0 l\u2019environnement du lieu, il poursuit sa recherche plastique qui consiste \u00e0 &hellip; <a href=\"https:\/\/dugoudronetdesplumeseditions.ch\/romain_crelier\/titre\/nayansaku-mufwankolo\/\" class=\"more-link\">Continue reading <span class=\"screen-reader-text\">Nayansaku Mufwankolo<\/span><\/a><\/p>\n","protected":false},"author":5,"featured_media":0,"parent":11,"menu_order":0,"comment_status":"closed","ping_status":"closed","template":"","meta":{"footnotes":""},"class_list":["post-1223","page","type-page","status-publish","hentry"],"_links":{"self":[{"href":"https:\/\/dugoudronetdesplumeseditions.ch\/romain_crelier\/wp-json\/wp\/v2\/pages\/1223","targetHints":{"allow":["GET"]}}],"collection":[{"href":"https:\/\/dugoudronetdesplumeseditions.ch\/romain_crelier\/wp-json\/wp\/v2\/pages"}],"about":[{"href":"https:\/\/dugoudronetdesplumeseditions.ch\/romain_crelier\/wp-json\/wp\/v2\/types\/page"}],"author":[{"embeddable":true,"href":"https:\/\/dugoudronetdesplumeseditions.ch\/romain_crelier\/wp-json\/wp\/v2\/users\/5"}],"replies":[{"embeddable":true,"href":"https:\/\/dugoudronetdesplumeseditions.ch\/romain_crelier\/wp-json\/wp\/v2\/comments?post=1223"}],"version-history":[{"count":2,"href":"https:\/\/dugoudronetdesplumeseditions.ch\/romain_crelier\/wp-json\/wp\/v2\/pages\/1223\/revisions"}],"predecessor-version":[{"id":1227,"href":"https:\/\/dugoudronetdesplumeseditions.ch\/romain_crelier\/wp-json\/wp\/v2\/pages\/1223\/revisions\/1227"}],"up":[{"embeddable":true,"href":"https:\/\/dugoudronetdesplumeseditions.ch\/romain_crelier\/wp-json\/wp\/v2\/pages\/11"}],"wp:attachment":[{"href":"https:\/\/dugoudronetdesplumeseditions.ch\/romain_crelier\/wp-json\/wp\/v2\/media?parent=1223"}],"curies":[{"name":"wp","href":"https:\/\/api.w.org\/{rel}","templated":true}]}}