{"id":984,"date":"2018-03-05T13:56:26","date_gmt":"2018-03-05T12:56:26","guid":{"rendered":"http:\/\/dugoudronetdesplumeseditions.ch\/?page_id=984"},"modified":"2025-02-12T18:53:32","modified_gmt":"2025-02-12T17:53:32","slug":"nos-cartes","status":"publish","type":"page","link":"https:\/\/dugoudronetdesplumeseditions.ch\/?page_id=984","title":{"rendered":"Inventer un livre ensemble"},"content":{"rendered":"\n<p class=\"wp-block-paragraph\">Anim\u00e9s par l\u2019envie de jouer, d\u2019apprendre ou de transmettre et inspir\u00e9s par des mat\u00e9riaux r\u00e9cup\u00e9r\u00e9s, divers groupes ont invent\u00e9 leur livre.<\/p>\n\n\n\n<div style=\"height:18px\" aria-hidden=\"true\" class=\"wp-block-spacer\"><\/div>\n\n\n\n<h4 class=\"wp-block-heading\"><strong>Les animaux et les Chasseurs <\/strong><\/h4>\n\n\n\n<p class=\"wp-block-paragraph\">Les \u00e9l\u00e8ves de 2P de la classe de Josette Baume au Righi \u00e0 Del\u00e9mont ont cr\u00e9\u00e9 un album intitul\u00e9&nbsp;: <em>Les animaux et les chasseurs<\/em>. Les enfants de 5 ans, la plupart issus de la migration ne parlaient pas fran\u00e7ais en arrivant \u00e0 l\u2019\u00e9cole. Leur histoire fait \u00e9cho \u00e0 l\u2019actualit\u00e9.<\/p>\n\n\n\n<figure class=\"wp-block-gallery has-nested-images columns-default is-cropped wp-block-gallery-1 is-layout-flex wp-block-gallery-is-layout-flex\">\n<figure class=\"wp-block-image size-large\"><a href=\"https:\/\/dugoudronetdesplumeseditions.ch\/wp-content\/uploads\/2024\/05\/les-animaux-et-les-chasseurs-1.jpeg\"><img loading=\"lazy\" decoding=\"async\" width=\"1024\" height=\"768\" data-id=\"3019\" src=\"https:\/\/dugoudronetdesplumeseditions.ch\/wp-content\/uploads\/2024\/05\/les-animaux-et-les-chasseurs-1.jpeg\" alt=\"\" class=\"wp-image-3019\" srcset=\"https:\/\/dugoudronetdesplumeseditions.ch\/wp-content\/uploads\/2024\/05\/les-animaux-et-les-chasseurs-1.jpeg 1024w, https:\/\/dugoudronetdesplumeseditions.ch\/wp-content\/uploads\/2024\/05\/les-animaux-et-les-chasseurs-1-300x225.jpeg 300w, https:\/\/dugoudronetdesplumeseditions.ch\/wp-content\/uploads\/2024\/05\/les-animaux-et-les-chasseurs-1-768x576.jpeg 768w\" sizes=\"auto, (max-width: 1024px) 100vw, 1024px\" \/><\/a><\/figure>\n\n\n\n<figure class=\"wp-block-image size-large\"><a href=\"https:\/\/dugoudronetdesplumeseditions.ch\/wp-content\/uploads\/2024\/05\/les-animaux-et-les-chasseurs-2-scaled.jpg\"><img loading=\"lazy\" decoding=\"async\" width=\"1024\" height=\"768\" data-id=\"3021\" src=\"https:\/\/dugoudronetdesplumeseditions.ch\/wp-content\/uploads\/2024\/05\/les-animaux-et-les-chasseurs-2-1024x768.jpg\" alt=\"\" class=\"wp-image-3021\" srcset=\"https:\/\/dugoudronetdesplumeseditions.ch\/wp-content\/uploads\/2024\/05\/les-animaux-et-les-chasseurs-2-1024x768.jpg 1024w, https:\/\/dugoudronetdesplumeseditions.ch\/wp-content\/uploads\/2024\/05\/les-animaux-et-les-chasseurs-2-300x225.jpg 300w, https:\/\/dugoudronetdesplumeseditions.ch\/wp-content\/uploads\/2024\/05\/les-animaux-et-les-chasseurs-2-768x576.jpg 768w, https:\/\/dugoudronetdesplumeseditions.ch\/wp-content\/uploads\/2024\/05\/les-animaux-et-les-chasseurs-2-1536x1152.jpg 1536w, https:\/\/dugoudronetdesplumeseditions.ch\/wp-content\/uploads\/2024\/05\/les-animaux-et-les-chasseurs-2-2048x1536.jpg 2048w\" sizes=\"auto, (max-width: 1024px) 100vw, 1024px\" \/><\/a><\/figure>\n\n\n\n<figure class=\"wp-block-image size-large\"><a href=\"https:\/\/dugoudronetdesplumeseditions.ch\/wp-content\/uploads\/2024\/05\/les-animaux-et-les-chasseurs-3-scaled.jpg\"><img loading=\"lazy\" decoding=\"async\" width=\"1024\" height=\"768\" data-id=\"3020\" src=\"https:\/\/dugoudronetdesplumeseditions.ch\/wp-content\/uploads\/2024\/05\/les-animaux-et-les-chasseurs-3-1024x768.jpg\" alt=\"\" class=\"wp-image-3020\" srcset=\"https:\/\/dugoudronetdesplumeseditions.ch\/wp-content\/uploads\/2024\/05\/les-animaux-et-les-chasseurs-3-1024x768.jpg 1024w, https:\/\/dugoudronetdesplumeseditions.ch\/wp-content\/uploads\/2024\/05\/les-animaux-et-les-chasseurs-3-300x225.jpg 300w, https:\/\/dugoudronetdesplumeseditions.ch\/wp-content\/uploads\/2024\/05\/les-animaux-et-les-chasseurs-3-768x576.jpg 768w, https:\/\/dugoudronetdesplumeseditions.ch\/wp-content\/uploads\/2024\/05\/les-animaux-et-les-chasseurs-3-1536x1152.jpg 1536w, https:\/\/dugoudronetdesplumeseditions.ch\/wp-content\/uploads\/2024\/05\/les-animaux-et-les-chasseurs-3-2048x1536.jpg 2048w\" sizes=\"auto, (max-width: 1024px) 100vw, 1024px\" \/><\/a><\/figure>\n<\/figure>\n\n\n\n<div style=\"height:28px\" aria-hidden=\"true\" class=\"wp-block-spacer\"><\/div>\n\n\n\n<p class=\"wp-block-paragraph\">D\u00e9couvrir le livre: <strong><a href=\"https:\/\/dugoudronetdesplumeseditions.ch\/wp-content\/uploads\/2024\/05\/Les-Animaux-et-les-Chasseurs.pdf\" data-type=\"attachment\" data-id=\"3022\">Les Animaux et les Chasseurs<\/a><\/strong> <\/p>\n\n\n\n<h4 class=\"wp-block-heading has-text-color\" style=\"color:#ffffff00\">&#8211;<\/h4>\n\n\n\n<h4 class=\"wp-block-heading\"><strong>Les Objets r\u00e9cup\u00e9r\u00e9s<\/strong><\/h4>\n\n\n\n<p class=\"wp-block-paragraph\">Les \u00e9l\u00e8ves de la classe de 3 et 4P d\u2019Olivier Bedogni au Noirmont ont cr\u00e9\u00e9 des affiches en imprimant des cartons d\u00e9coup\u00e9s inspir\u00e9s d\u2019objets r\u00e9cup\u00e9r\u00e9s qu\u2019ils ont trouv\u00e9s, durant l\u2019ann\u00e9e 2023-2024.<\/p>\n\n\n\n<figure class=\"wp-block-gallery has-nested-images columns-4 wp-block-gallery-2 is-layout-flex wp-block-gallery-is-layout-flex\">\n<figure class=\"wp-block-image size-large\"><a href=\"https:\/\/dugoudronetdesplumeseditions.ch\/wp-content\/uploads\/2024\/05\/noirmont-1-scaled.jpg\"><img loading=\"lazy\" decoding=\"async\" width=\"700\" height=\"1024\" data-id=\"3046\" src=\"https:\/\/dugoudronetdesplumeseditions.ch\/wp-content\/uploads\/2024\/05\/noirmont-1-700x1024.jpg\" alt=\"\" class=\"wp-image-3046\" srcset=\"https:\/\/dugoudronetdesplumeseditions.ch\/wp-content\/uploads\/2024\/05\/noirmont-1-700x1024.jpg 700w, https:\/\/dugoudronetdesplumeseditions.ch\/wp-content\/uploads\/2024\/05\/noirmont-1-205x300.jpg 205w, https:\/\/dugoudronetdesplumeseditions.ch\/wp-content\/uploads\/2024\/05\/noirmont-1-768x1123.jpg 768w, https:\/\/dugoudronetdesplumeseditions.ch\/wp-content\/uploads\/2024\/05\/noirmont-1-1050x1536.jpg 1050w, https:\/\/dugoudronetdesplumeseditions.ch\/wp-content\/uploads\/2024\/05\/noirmont-1-1400x2048.jpg 1400w, https:\/\/dugoudronetdesplumeseditions.ch\/wp-content\/uploads\/2024\/05\/noirmont-1-scaled.jpg 1750w\" sizes=\"auto, (max-width: 700px) 100vw, 700px\" \/><\/a><\/figure>\n\n\n\n<figure class=\"wp-block-image size-large\"><a href=\"https:\/\/dugoudronetdesplumeseditions.ch\/wp-content\/uploads\/2024\/05\/noirmont-5-scaled.jpg\"><img loading=\"lazy\" decoding=\"async\" width=\"711\" height=\"1024\" data-id=\"3047\" src=\"https:\/\/dugoudronetdesplumeseditions.ch\/wp-content\/uploads\/2024\/05\/noirmont-5-711x1024.jpg\" alt=\"\" class=\"wp-image-3047\" srcset=\"https:\/\/dugoudronetdesplumeseditions.ch\/wp-content\/uploads\/2024\/05\/noirmont-5-711x1024.jpg 711w, https:\/\/dugoudronetdesplumeseditions.ch\/wp-content\/uploads\/2024\/05\/noirmont-5-208x300.jpg 208w, https:\/\/dugoudronetdesplumeseditions.ch\/wp-content\/uploads\/2024\/05\/noirmont-5-768x1105.jpg 768w, https:\/\/dugoudronetdesplumeseditions.ch\/wp-content\/uploads\/2024\/05\/noirmont-5-1067x1536.jpg 1067w, https:\/\/dugoudronetdesplumeseditions.ch\/wp-content\/uploads\/2024\/05\/noirmont-5-1423x2048.jpg 1423w, https:\/\/dugoudronetdesplumeseditions.ch\/wp-content\/uploads\/2024\/05\/noirmont-5-scaled.jpg 1779w\" sizes=\"auto, (max-width: 711px) 100vw, 711px\" \/><\/a><\/figure>\n\n\n\n<figure class=\"wp-block-image size-large\"><a href=\"https:\/\/dugoudronetdesplumeseditions.ch\/wp-content\/uploads\/2024\/05\/noirmont-12-scaled.jpg\"><img loading=\"lazy\" decoding=\"async\" width=\"728\" height=\"1024\" data-id=\"3048\" src=\"https:\/\/dugoudronetdesplumeseditions.ch\/wp-content\/uploads\/2024\/05\/noirmont-12-728x1024.jpg\" alt=\"\" class=\"wp-image-3048\" srcset=\"https:\/\/dugoudronetdesplumeseditions.ch\/wp-content\/uploads\/2024\/05\/noirmont-12-728x1024.jpg 728w, https:\/\/dugoudronetdesplumeseditions.ch\/wp-content\/uploads\/2024\/05\/noirmont-12-213x300.jpg 213w, https:\/\/dugoudronetdesplumeseditions.ch\/wp-content\/uploads\/2024\/05\/noirmont-12-768x1080.jpg 768w, https:\/\/dugoudronetdesplumeseditions.ch\/wp-content\/uploads\/2024\/05\/noirmont-12-1092x1536.jpg 1092w, https:\/\/dugoudronetdesplumeseditions.ch\/wp-content\/uploads\/2024\/05\/noirmont-12-1456x2048.jpg 1456w, https:\/\/dugoudronetdesplumeseditions.ch\/wp-content\/uploads\/2024\/05\/noirmont-12-scaled.jpg 1820w\" sizes=\"auto, (max-width: 728px) 100vw, 728px\" \/><\/a><\/figure>\n\n\n\n<figure class=\"wp-block-image size-large\"><a href=\"https:\/\/dugoudronetdesplumeseditions.ch\/wp-content\/uploads\/2024\/05\/noirmont-16-scaled.jpg\"><img loading=\"lazy\" decoding=\"async\" width=\"724\" height=\"1024\" data-id=\"3049\" src=\"https:\/\/dugoudronetdesplumeseditions.ch\/wp-content\/uploads\/2024\/05\/noirmont-16-724x1024.jpg\" alt=\"\" class=\"wp-image-3049\" srcset=\"https:\/\/dugoudronetdesplumeseditions.ch\/wp-content\/uploads\/2024\/05\/noirmont-16-724x1024.jpg 724w, https:\/\/dugoudronetdesplumeseditions.ch\/wp-content\/uploads\/2024\/05\/noirmont-16-212x300.jpg 212w, https:\/\/dugoudronetdesplumeseditions.ch\/wp-content\/uploads\/2024\/05\/noirmont-16-768x1087.jpg 768w, https:\/\/dugoudronetdesplumeseditions.ch\/wp-content\/uploads\/2024\/05\/noirmont-16-1085x1536.jpg 1085w, https:\/\/dugoudronetdesplumeseditions.ch\/wp-content\/uploads\/2024\/05\/noirmont-16-1447x2048.jpg 1447w, https:\/\/dugoudronetdesplumeseditions.ch\/wp-content\/uploads\/2024\/05\/noirmont-16-scaled.jpg 1809w\" sizes=\"auto, (max-width: 724px) 100vw, 724px\" \/><\/a><\/figure>\n<\/figure>\n\n\n\n<div style=\"height:28px\" aria-hidden=\"true\" class=\"wp-block-spacer\"><\/div>\n\n\n\n<p class=\"wp-block-paragraph\">D\u00e9couvrir : <a href=\"https:\/\/dugoudronetdesplumeseditions.ch\/wp-content\/uploads\/2024\/05\/cre\u0301ation-des-affiches.pdf\" data-type=\"URL\" data-id=\"https:\/\/dugoudronetdesplumeseditions.ch\/wp-content\/uploads\/2024\/05\/cre\u0301ation-des-affiches.pdf\">Cr\u00e9ation des affiches<\/a> <\/p>\n\n\n\n<p class=\"has-white-color has-white-background-color has-text-color has-background wp-block-paragraph\">&#8211;<\/p>\n\n\n\n<h4 class=\"wp-block-heading\"><strong>Les Recettes de cuisine<\/strong><\/h4>\n\n\n\n<p class=\"wp-block-paragraph\">Trois g\u00e9n\u00e9rations de femmes de la famille Merguin ont grav\u00e9 les ingr\u00e9dients de leurs recettes familiales pr\u00e9f\u00e9r\u00e9es. Leurs linogravures illustrent un ouvrage mis en page par Maude Riat, graphiste et petite-fille d\u2019Evelyne, la grand-maman, qui a transmis son savoir-faire au fourneau.<\/p>\n\n\n\n<p class=\"wp-block-paragraph\"><\/p>\n\n\n\n<figure class=\"wp-block-gallery has-nested-images columns-default is-cropped wp-block-gallery-3 is-layout-flex wp-block-gallery-is-layout-flex\">\n<figure class=\"wp-block-image size-large\"><a href=\"https:\/\/dugoudronetdesplumeseditions.ch\/wp-content\/uploads\/2023\/04\/Poule-1.jpg\"><img loading=\"lazy\" decoding=\"async\" width=\"1024\" height=\"1021\" data-id=\"2753\" src=\"https:\/\/dugoudronetdesplumeseditions.ch\/wp-content\/uploads\/2023\/04\/Poule-1-1024x1021.jpg\" alt=\"\" class=\"wp-image-2753\" srcset=\"https:\/\/dugoudronetdesplumeseditions.ch\/wp-content\/uploads\/2023\/04\/Poule-1-1024x1021.jpg 1024w, https:\/\/dugoudronetdesplumeseditions.ch\/wp-content\/uploads\/2023\/04\/Poule-1-300x300.jpg 300w, https:\/\/dugoudronetdesplumeseditions.ch\/wp-content\/uploads\/2023\/04\/Poule-1-150x150.jpg 150w, https:\/\/dugoudronetdesplumeseditions.ch\/wp-content\/uploads\/2023\/04\/Poule-1-768x766.jpg 768w, https:\/\/dugoudronetdesplumeseditions.ch\/wp-content\/uploads\/2023\/04\/Poule-1-1536x1532.jpg 1536w, https:\/\/dugoudronetdesplumeseditions.ch\/wp-content\/uploads\/2023\/04\/Poule-1.jpg 2000w\" sizes=\"auto, (max-width: 1024px) 100vw, 1024px\" \/><\/a><\/figure>\n\n\n\n<figure class=\"wp-block-image size-large\"><a href=\"https:\/\/dugoudronetdesplumeseditions.ch\/wp-content\/uploads\/2023\/04\/CubeMaggi-1.jpg\"><img loading=\"lazy\" decoding=\"async\" width=\"1024\" height=\"1021\" data-id=\"2749\" src=\"https:\/\/dugoudronetdesplumeseditions.ch\/wp-content\/uploads\/2023\/04\/CubeMaggi-1-1024x1021.jpg\" alt=\"\" class=\"wp-image-2749\" srcset=\"https:\/\/dugoudronetdesplumeseditions.ch\/wp-content\/uploads\/2023\/04\/CubeMaggi-1-1024x1021.jpg 1024w, https:\/\/dugoudronetdesplumeseditions.ch\/wp-content\/uploads\/2023\/04\/CubeMaggi-1-300x300.jpg 300w, https:\/\/dugoudronetdesplumeseditions.ch\/wp-content\/uploads\/2023\/04\/CubeMaggi-1-150x150.jpg 150w, https:\/\/dugoudronetdesplumeseditions.ch\/wp-content\/uploads\/2023\/04\/CubeMaggi-1-768x766.jpg 768w, https:\/\/dugoudronetdesplumeseditions.ch\/wp-content\/uploads\/2023\/04\/CubeMaggi-1-1536x1532.jpg 1536w, https:\/\/dugoudronetdesplumeseditions.ch\/wp-content\/uploads\/2023\/04\/CubeMaggi-1.jpg 2000w\" sizes=\"auto, (max-width: 1024px) 100vw, 1024px\" \/><\/a><\/figure>\n\n\n\n<figure class=\"wp-block-image size-large\"><a href=\"https:\/\/dugoudronetdesplumeseditions.ch\/wp-content\/uploads\/2023\/04\/Ble.jpg\"><img loading=\"lazy\" decoding=\"async\" width=\"1024\" height=\"1021\" data-id=\"2750\" src=\"https:\/\/dugoudronetdesplumeseditions.ch\/wp-content\/uploads\/2023\/04\/Ble-1024x1021.jpg\" alt=\"\" class=\"wp-image-2750\" srcset=\"https:\/\/dugoudronetdesplumeseditions.ch\/wp-content\/uploads\/2023\/04\/Ble-1024x1021.jpg 1024w, https:\/\/dugoudronetdesplumeseditions.ch\/wp-content\/uploads\/2023\/04\/Ble-300x300.jpg 300w, https:\/\/dugoudronetdesplumeseditions.ch\/wp-content\/uploads\/2023\/04\/Ble-150x150.jpg 150w, https:\/\/dugoudronetdesplumeseditions.ch\/wp-content\/uploads\/2023\/04\/Ble-768x766.jpg 768w, https:\/\/dugoudronetdesplumeseditions.ch\/wp-content\/uploads\/2023\/04\/Ble-1536x1532.jpg 1536w, https:\/\/dugoudronetdesplumeseditions.ch\/wp-content\/uploads\/2023\/04\/Ble.jpg 2000w\" sizes=\"auto, (max-width: 1024px) 100vw, 1024px\" \/><\/a><\/figure>\n\n\n\n<figure class=\"wp-block-image size-large\"><a href=\"https:\/\/dugoudronetdesplumeseditions.ch\/wp-content\/uploads\/2023\/04\/Merguin_livre_recettes_1.jpg\"><img loading=\"lazy\" decoding=\"async\" width=\"1024\" height=\"768\" data-id=\"2751\" src=\"https:\/\/dugoudronetdesplumeseditions.ch\/wp-content\/uploads\/2023\/04\/Merguin_livre_recettes_1-1024x768.jpg\" alt=\"\" class=\"wp-image-2751\" srcset=\"https:\/\/dugoudronetdesplumeseditions.ch\/wp-content\/uploads\/2023\/04\/Merguin_livre_recettes_1-1024x768.jpg 1024w, https:\/\/dugoudronetdesplumeseditions.ch\/wp-content\/uploads\/2023\/04\/Merguin_livre_recettes_1-300x225.jpg 300w, https:\/\/dugoudronetdesplumeseditions.ch\/wp-content\/uploads\/2023\/04\/Merguin_livre_recettes_1-768x576.jpg 768w, https:\/\/dugoudronetdesplumeseditions.ch\/wp-content\/uploads\/2023\/04\/Merguin_livre_recettes_1-1536x1152.jpg 1536w, https:\/\/dugoudronetdesplumeseditions.ch\/wp-content\/uploads\/2023\/04\/Merguin_livre_recettes_1-2048x1537.jpg 2048w\" sizes=\"auto, (max-width: 1024px) 100vw, 1024px\" \/><\/a><\/figure>\n\n\n\n<figure class=\"wp-block-image size-large\"><a href=\"https:\/\/dugoudronetdesplumeseditions.ch\/wp-content\/uploads\/2023\/04\/Merguin_livre_recettes_3-1.jpg\"><img loading=\"lazy\" decoding=\"async\" width=\"1024\" height=\"768\" data-id=\"2752\" src=\"https:\/\/dugoudronetdesplumeseditions.ch\/wp-content\/uploads\/2023\/04\/Merguin_livre_recettes_3-1-1024x768.jpg\" alt=\"\" class=\"wp-image-2752\" srcset=\"https:\/\/dugoudronetdesplumeseditions.ch\/wp-content\/uploads\/2023\/04\/Merguin_livre_recettes_3-1-1024x768.jpg 1024w, https:\/\/dugoudronetdesplumeseditions.ch\/wp-content\/uploads\/2023\/04\/Merguin_livre_recettes_3-1-300x225.jpg 300w, https:\/\/dugoudronetdesplumeseditions.ch\/wp-content\/uploads\/2023\/04\/Merguin_livre_recettes_3-1-768x576.jpg 768w, https:\/\/dugoudronetdesplumeseditions.ch\/wp-content\/uploads\/2023\/04\/Merguin_livre_recettes_3-1-1536x1152.jpg 1536w, https:\/\/dugoudronetdesplumeseditions.ch\/wp-content\/uploads\/2023\/04\/Merguin_livre_recettes_3-1-2048x1537.jpg 2048w\" sizes=\"auto, (max-width: 1024px) 100vw, 1024px\" \/><\/a><\/figure>\n\n\n\n<figure class=\"wp-block-image size-large\"><a href=\"https:\/\/dugoudronetdesplumeseditions.ch\/wp-content\/uploads\/2023\/04\/Merguin_livre_recettes_2-1.jpg\"><img loading=\"lazy\" decoding=\"async\" width=\"1024\" height=\"768\" data-id=\"2754\" src=\"https:\/\/dugoudronetdesplumeseditions.ch\/wp-content\/uploads\/2023\/04\/Merguin_livre_recettes_2-1-1024x768.jpg\" alt=\"\" class=\"wp-image-2754\" srcset=\"https:\/\/dugoudronetdesplumeseditions.ch\/wp-content\/uploads\/2023\/04\/Merguin_livre_recettes_2-1-1024x768.jpg 1024w, https:\/\/dugoudronetdesplumeseditions.ch\/wp-content\/uploads\/2023\/04\/Merguin_livre_recettes_2-1-300x225.jpg 300w, https:\/\/dugoudronetdesplumeseditions.ch\/wp-content\/uploads\/2023\/04\/Merguin_livre_recettes_2-1-768x576.jpg 768w, https:\/\/dugoudronetdesplumeseditions.ch\/wp-content\/uploads\/2023\/04\/Merguin_livre_recettes_2-1-1536x1152.jpg 1536w, https:\/\/dugoudronetdesplumeseditions.ch\/wp-content\/uploads\/2023\/04\/Merguin_livre_recettes_2-1-2048x1537.jpg 2048w\" sizes=\"auto, (max-width: 1024px) 100vw, 1024px\" \/><\/a><\/figure>\n<\/figure>\n\n\n\n<p class=\"wp-block-paragraph\"><\/p>\n\n\n\n<h4 class=\"wp-block-heading has-text-color\" style=\"color:#ffffff00\">&#8211;<\/h4>\n\n\n\n<h4 class=\"wp-block-heading\"><strong>Il \u00e9tait une fois un bouquin<\/strong><\/h4>\n\n\n\n<p class=\"wp-block-paragraph\">Les lecteurs de la biblioth\u00e8que de Tavannes ont invent\u00e9 une histoire et grav\u00e9 des tampons pour ajouter leur propre livre \u00e0 ceux qu\u2019ils empruntent.<\/p>\n\n\n\n<p class=\"wp-block-paragraph\"><\/p>\n\n\n\n<p class=\"wp-block-paragraph\"><\/p>\n\n\n\n<h4 class=\"wp-block-heading has-text-color\" style=\"color:#ffffff00\">&#8211;<\/h4>\n\n\n\n<h4 class=\"wp-block-heading\"><strong>La bourse aux livres<\/strong><\/h4>\n\n\n\n<p class=\"wp-block-paragraph\">Les biblioth\u00e9caires de la HEP Bejune ont d\u00e9couvert \u00e0 l\u2019atelier des techniques d\u2019impression et r\u00e9alis\u00e9 un leporello. Une journ\u00e9e de formation continue qui cr\u00e9e des liens.<\/p>\n\n\n\n<p class=\"wp-block-paragraph\"><\/p>\n\n\n\n<p class=\"wp-block-paragraph\"><\/p>\n\n\n\n<figure class=\"wp-block-gallery has-nested-images columns-default is-cropped wp-block-gallery-4 is-layout-flex wp-block-gallery-is-layout-flex\">\n<figure class=\"wp-block-image size-large\"><a href=\"https:\/\/dugoudronetdesplumeseditions.ch\/wp-content\/uploads\/2023\/04\/01_IMG_5310-scaled.jpg\"><img loading=\"lazy\" decoding=\"async\" width=\"1024\" height=\"768\" data-id=\"2755\" src=\"https:\/\/dugoudronetdesplumeseditions.ch\/wp-content\/uploads\/2023\/04\/01_IMG_5310-1024x768.jpg\" alt=\"\" class=\"wp-image-2755\" srcset=\"https:\/\/dugoudronetdesplumeseditions.ch\/wp-content\/uploads\/2023\/04\/01_IMG_5310-1024x768.jpg 1024w, https:\/\/dugoudronetdesplumeseditions.ch\/wp-content\/uploads\/2023\/04\/01_IMG_5310-300x225.jpg 300w, https:\/\/dugoudronetdesplumeseditions.ch\/wp-content\/uploads\/2023\/04\/01_IMG_5310-768x576.jpg 768w, https:\/\/dugoudronetdesplumeseditions.ch\/wp-content\/uploads\/2023\/04\/01_IMG_5310-1536x1152.jpg 1536w, https:\/\/dugoudronetdesplumeseditions.ch\/wp-content\/uploads\/2023\/04\/01_IMG_5310-2048x1536.jpg 2048w\" sizes=\"auto, (max-width: 1024px) 100vw, 1024px\" \/><\/a><\/figure>\n\n\n\n<figure class=\"wp-block-image size-large\"><a href=\"https:\/\/dugoudronetdesplumeseditions.ch\/wp-content\/uploads\/2023\/04\/02_IMG_5318-scaled.jpg\"><img loading=\"lazy\" decoding=\"async\" width=\"1024\" height=\"768\" data-id=\"2757\" src=\"https:\/\/dugoudronetdesplumeseditions.ch\/wp-content\/uploads\/2023\/04\/02_IMG_5318-1024x768.jpg\" alt=\"\" class=\"wp-image-2757\" srcset=\"https:\/\/dugoudronetdesplumeseditions.ch\/wp-content\/uploads\/2023\/04\/02_IMG_5318-1024x768.jpg 1024w, https:\/\/dugoudronetdesplumeseditions.ch\/wp-content\/uploads\/2023\/04\/02_IMG_5318-300x225.jpg 300w, https:\/\/dugoudronetdesplumeseditions.ch\/wp-content\/uploads\/2023\/04\/02_IMG_5318-768x576.jpg 768w, https:\/\/dugoudronetdesplumeseditions.ch\/wp-content\/uploads\/2023\/04\/02_IMG_5318-1536x1152.jpg 1536w, https:\/\/dugoudronetdesplumeseditions.ch\/wp-content\/uploads\/2023\/04\/02_IMG_5318-2048x1536.jpg 2048w\" sizes=\"auto, (max-width: 1024px) 100vw, 1024px\" \/><\/a><\/figure>\n\n\n\n<figure class=\"wp-block-image size-large\"><a href=\"https:\/\/dugoudronetdesplumeseditions.ch\/wp-content\/uploads\/2023\/04\/03_site-stage-1-leporello-scaled.jpg\"><img loading=\"lazy\" decoding=\"async\" width=\"1024\" height=\"768\" data-id=\"2756\" src=\"https:\/\/dugoudronetdesplumeseditions.ch\/wp-content\/uploads\/2023\/04\/03_site-stage-1-leporello-1024x768.jpg\" alt=\"\" class=\"wp-image-2756\" srcset=\"https:\/\/dugoudronetdesplumeseditions.ch\/wp-content\/uploads\/2023\/04\/03_site-stage-1-leporello-1024x768.jpg 1024w, https:\/\/dugoudronetdesplumeseditions.ch\/wp-content\/uploads\/2023\/04\/03_site-stage-1-leporello-300x225.jpg 300w, https:\/\/dugoudronetdesplumeseditions.ch\/wp-content\/uploads\/2023\/04\/03_site-stage-1-leporello-768x576.jpg 768w, https:\/\/dugoudronetdesplumeseditions.ch\/wp-content\/uploads\/2023\/04\/03_site-stage-1-leporello-1536x1152.jpg 1536w, https:\/\/dugoudronetdesplumeseditions.ch\/wp-content\/uploads\/2023\/04\/03_site-stage-1-leporello-2048x1536.jpg 2048w\" sizes=\"auto, (max-width: 1024px) 100vw, 1024px\" \/><\/a><\/figure>\n<\/figure>\n\n\n\n<p class=\"wp-block-paragraph\"><\/p>\n\n\n\n<h4 class=\"wp-block-heading has-text-color\" style=\"color:#ffffff00\">&#8211;<\/h4>\n\n\n\n<h4 class=\"wp-block-heading\"><strong>De l\u2019estampe \u00e0 l\u2019\u00e9dition<\/strong><\/h4>\n\n\n\n<p class=\"wp-block-paragraph\">Durant l\u2019\u00e9t\u00e9 2019 \u00e0 l\u2019h\u00f4tel de Gl\u00e9resse de Porrentruy, les visiteurs de l\u2019exposition Jean-Fran\u00e7ois Comment ont d\u00e9couvert des livres d\u2019artistes r\u00e9alis\u00e9s par le peintre avec Hugues Richard et Alexandre Voisard. Divers groupes ont \u00e0 leur tour invent\u00e9 des petits livres en toute \u00ab&nbsp;LIBERT\u00c9&nbsp;\u00bb.<\/p>\n\n\n\n<p class=\"wp-block-paragraph\"><\/p>\n\n\n\n<p class=\"wp-block-paragraph\"><\/p>\n\n\n\n<p class=\"wp-block-paragraph\"><\/p>\n\n\n\n<h4 class=\"wp-block-heading has-text-color\" style=\"color:#ffffff00\">&#8211;<\/h4>\n\n\n\n<h4 class=\"wp-block-heading\"><strong>Lettres en bois et en plomb<\/strong><\/h4>\n\n\n\n<p class=\"wp-block-paragraph\">Durant les stages \u00e0 l\u2019atelier, des livres ou des affiches voient le jour, qui s\u2019inspirent des caract\u00e8res mobiles disponibles dans les casses.<\/p>\n\n\n\n<p class=\"wp-block-paragraph\"><\/p>\n\n\n\n<figure class=\"wp-block-gallery has-nested-images columns-default is-cropped wp-block-gallery-5 is-layout-flex wp-block-gallery-is-layout-flex\">\n<figure class=\"wp-block-image size-large\"><a href=\"https:\/\/dugoudronetdesplumeseditions.ch\/wp-content\/uploads\/2023\/04\/lettres-en-bois-1-carre\u0301-scaled.jpg\"><img loading=\"lazy\" decoding=\"async\" width=\"1024\" height=\"913\" data-id=\"2791\" src=\"https:\/\/dugoudronetdesplumeseditions.ch\/wp-content\/uploads\/2023\/04\/lettres-en-bois-1-carre\u0301-1024x913.jpg\" alt=\"\" class=\"wp-image-2791\" srcset=\"https:\/\/dugoudronetdesplumeseditions.ch\/wp-content\/uploads\/2023\/04\/lettres-en-bois-1-carre\u0301-1024x913.jpg 1024w, https:\/\/dugoudronetdesplumeseditions.ch\/wp-content\/uploads\/2023\/04\/lettres-en-bois-1-carre\u0301-300x267.jpg 300w, https:\/\/dugoudronetdesplumeseditions.ch\/wp-content\/uploads\/2023\/04\/lettres-en-bois-1-carre\u0301-768x685.jpg 768w, https:\/\/dugoudronetdesplumeseditions.ch\/wp-content\/uploads\/2023\/04\/lettres-en-bois-1-carre\u0301-1536x1370.jpg 1536w, https:\/\/dugoudronetdesplumeseditions.ch\/wp-content\/uploads\/2023\/04\/lettres-en-bois-1-carre\u0301-2048x1826.jpg 2048w\" sizes=\"auto, (max-width: 1024px) 100vw, 1024px\" \/><\/a><\/figure>\n\n\n\n<figure class=\"wp-block-image size-large\"><a href=\"https:\/\/dugoudronetdesplumeseditions.ch\/wp-content\/uploads\/2023\/04\/lettres-en-bois-carre\u0301-scaled.jpg\"><img loading=\"lazy\" decoding=\"async\" width=\"1024\" height=\"911\" data-id=\"2790\" src=\"https:\/\/dugoudronetdesplumeseditions.ch\/wp-content\/uploads\/2023\/04\/lettres-en-bois-carre\u0301-1024x911.jpg\" alt=\"\" class=\"wp-image-2790\" srcset=\"https:\/\/dugoudronetdesplumeseditions.ch\/wp-content\/uploads\/2023\/04\/lettres-en-bois-carre\u0301-1024x911.jpg 1024w, https:\/\/dugoudronetdesplumeseditions.ch\/wp-content\/uploads\/2023\/04\/lettres-en-bois-carre\u0301-300x267.jpg 300w, https:\/\/dugoudronetdesplumeseditions.ch\/wp-content\/uploads\/2023\/04\/lettres-en-bois-carre\u0301-768x683.jpg 768w, https:\/\/dugoudronetdesplumeseditions.ch\/wp-content\/uploads\/2023\/04\/lettres-en-bois-carre\u0301-1536x1366.jpg 1536w, https:\/\/dugoudronetdesplumeseditions.ch\/wp-content\/uploads\/2023\/04\/lettres-en-bois-carre\u0301-2048x1822.jpg 2048w\" sizes=\"auto, (max-width: 1024px) 100vw, 1024px\" \/><\/a><\/figure>\n\n\n\n<figure class=\"wp-block-image size-large\"><a href=\"https:\/\/dugoudronetdesplumeseditions.ch\/wp-content\/uploads\/2023\/04\/IMG_5316-bois-carre\u0301.jpg\"><img loading=\"lazy\" decoding=\"async\" width=\"1024\" height=\"975\" data-id=\"2789\" src=\"https:\/\/dugoudronetdesplumeseditions.ch\/wp-content\/uploads\/2023\/04\/IMG_5316-bois-carre\u0301-1024x975.jpg\" alt=\"\" class=\"wp-image-2789\" srcset=\"https:\/\/dugoudronetdesplumeseditions.ch\/wp-content\/uploads\/2023\/04\/IMG_5316-bois-carre\u0301-1024x975.jpg 1024w, https:\/\/dugoudronetdesplumeseditions.ch\/wp-content\/uploads\/2023\/04\/IMG_5316-bois-carre\u0301-300x286.jpg 300w, https:\/\/dugoudronetdesplumeseditions.ch\/wp-content\/uploads\/2023\/04\/IMG_5316-bois-carre\u0301-768x732.jpg 768w, https:\/\/dugoudronetdesplumeseditions.ch\/wp-content\/uploads\/2023\/04\/IMG_5316-bois-carre\u0301-1536x1463.jpg 1536w, https:\/\/dugoudronetdesplumeseditions.ch\/wp-content\/uploads\/2023\/04\/IMG_5316-bois-carre\u0301-2048x1951.jpg 2048w\" sizes=\"auto, (max-width: 1024px) 100vw, 1024px\" \/><\/a><\/figure>\n<\/figure>\n\n\n\n<p class=\"wp-block-paragraph\"><\/p>\n\n\n\n<h4 class=\"wp-block-heading has-text-color\" style=\"color:#ffffff00\">&#8211;<\/h4>\n\n\n\n<h4 class=\"wp-block-heading\"><strong>Avec les pieds<\/strong><\/h4>\n\n\n\n<p class=\"wp-block-paragraph\">Durant l\u2019ann\u00e9e 2022-2023, les \u00e9l\u00e8ves de la Fondation P\u00e9r\u00e8ne ont eu l\u2019occasion d\u2019inventer un livre de sa conception \u00e0 sa reliure. \u00c0 partir de mat\u00e9riaux r\u00e9cup\u00e9r\u00e9s et d&rsquo;impression de packs industriels, ils ont imagin\u00e9 des histoires.<\/p>\n\n\n\n<p class=\"wp-block-paragraph\"><\/p>\n\n\n\n<p class=\"wp-block-paragraph\"><\/p>\n\n\n\n<p class=\"wp-block-paragraph\"><\/p>\n\n\n\n<figure class=\"wp-block-gallery has-nested-images columns-default is-cropped wp-block-gallery-6 is-layout-flex wp-block-gallery-is-layout-flex\">\n<figure class=\"wp-block-image size-large\"><a href=\"https:\/\/dugoudronetdesplumeseditions.ch\/wp-content\/uploads\/2023\/04\/pe\u0301re\u0300ne-re\u0301seau-recadre\u0301-carre\u0301.jpg\"><img loading=\"lazy\" decoding=\"async\" width=\"940\" height=\"931\" data-id=\"2795\" src=\"https:\/\/dugoudronetdesplumeseditions.ch\/wp-content\/uploads\/2023\/04\/pe\u0301re\u0300ne-re\u0301seau-recadre\u0301-carre\u0301.jpg\" alt=\"\" class=\"wp-image-2795\" srcset=\"https:\/\/dugoudronetdesplumeseditions.ch\/wp-content\/uploads\/2023\/04\/pe\u0301re\u0300ne-re\u0301seau-recadre\u0301-carre\u0301.jpg 940w, https:\/\/dugoudronetdesplumeseditions.ch\/wp-content\/uploads\/2023\/04\/pe\u0301re\u0300ne-re\u0301seau-recadre\u0301-carre\u0301-300x297.jpg 300w, https:\/\/dugoudronetdesplumeseditions.ch\/wp-content\/uploads\/2023\/04\/pe\u0301re\u0300ne-re\u0301seau-recadre\u0301-carre\u0301-150x150.jpg 150w, https:\/\/dugoudronetdesplumeseditions.ch\/wp-content\/uploads\/2023\/04\/pe\u0301re\u0300ne-re\u0301seau-recadre\u0301-carre\u0301-768x761.jpg 768w\" sizes=\"auto, (max-width: 940px) 100vw, 940px\" \/><\/a><\/figure>\n\n\n\n<figure class=\"wp-block-image size-large\"><a href=\"https:\/\/dugoudronetdesplumeseditions.ch\/wp-content\/uploads\/2023\/04\/pe\u0301re\u0300ne-fleurs-carre\u0301.jpg\"><img loading=\"lazy\" decoding=\"async\" width=\"792\" height=\"759\" data-id=\"2794\" src=\"https:\/\/dugoudronetdesplumeseditions.ch\/wp-content\/uploads\/2023\/04\/pe\u0301re\u0300ne-fleurs-carre\u0301.jpg\" alt=\"\" class=\"wp-image-2794\" srcset=\"https:\/\/dugoudronetdesplumeseditions.ch\/wp-content\/uploads\/2023\/04\/pe\u0301re\u0300ne-fleurs-carre\u0301.jpg 792w, https:\/\/dugoudronetdesplumeseditions.ch\/wp-content\/uploads\/2023\/04\/pe\u0301re\u0300ne-fleurs-carre\u0301-300x288.jpg 300w, https:\/\/dugoudronetdesplumeseditions.ch\/wp-content\/uploads\/2023\/04\/pe\u0301re\u0300ne-fleurs-carre\u0301-768x736.jpg 768w\" sizes=\"auto, (max-width: 792px) 100vw, 792px\" \/><\/a><\/figure>\n\n\n\n<figure class=\"wp-block-image size-large\"><a href=\"https:\/\/dugoudronetdesplumeseditions.ch\/wp-content\/uploads\/2023\/04\/pe\u0301re\u0300ne-chablons-carre\u0301.jpg\"><img loading=\"lazy\" decoding=\"async\" width=\"619\" height=\"551\" data-id=\"2793\" src=\"https:\/\/dugoudronetdesplumeseditions.ch\/wp-content\/uploads\/2023\/04\/pe\u0301re\u0300ne-chablons-carre\u0301.jpg\" alt=\"\" class=\"wp-image-2793\" srcset=\"https:\/\/dugoudronetdesplumeseditions.ch\/wp-content\/uploads\/2023\/04\/pe\u0301re\u0300ne-chablons-carre\u0301.jpg 619w, https:\/\/dugoudronetdesplumeseditions.ch\/wp-content\/uploads\/2023\/04\/pe\u0301re\u0300ne-chablons-carre\u0301-300x267.jpg 300w\" sizes=\"auto, (max-width: 619px) 100vw, 619px\" \/><\/a><\/figure>\n<\/figure>\n\n\n\n<p class=\"wp-block-paragraph\"><\/p>\n\n\n\n<p class=\"wp-block-paragraph\"><a href=\"https:\/\/dugoudronetdesplumeseditions.ch\/wp-content\/uploads\/2025\/02\/Les-textes-des-3-classes-et-la-demarche.pdf\" data-type=\"attachment\" data-id=\"3282\">Les textes des 3 classes et la d\u00e9marche<\/a> <br><a href=\"https:\/\/dugoudronetdesplumeseditions.ch\/wp-content\/uploads\/2025\/02\/PDF-Classe-de-Bassecourt-Un-coeur-dans-ciel.pdf\" data-type=\"attachment\" data-id=\"3283\">Classe de Bassecourt \u2013 Un coeur dans le ciel<br><\/a><a href=\"https:\/\/dugoudronetdesplumeseditions.ch\/wp-content\/uploads\/2025\/02\/PDF-Classe-de-Delemont-Le-sorcier-malefique.pdf\" data-type=\"attachment\" data-id=\"3284\">Classe de Del\u00e9mont \u2013 Le sorcier mal\u00e9fique<\/a> <br><a href=\"https:\/\/dugoudronetdesplumeseditions.ch\/wp-content\/uploads\/2025\/02\/PDF-Classe-de-Porrentruy-Un-reve.pdf\" data-type=\"attachment\" data-id=\"3285\">Classe de Porrentruy \u2013 Un r\u00eave<\/a><br><br><\/p>\n\n\n\n<h4 class=\"wp-block-heading has-text-color\" style=\"color:#ffffff00\">&#8211;<\/h4>\n\n\n\n<h4 class=\"wp-block-heading\"><strong>Les classes jurassiennes<\/strong><\/h4>\n\n\n\n<p class=\"wp-block-paragraph\">S\u2019inspirer des livres du catalogues des \u00e9ditions, comprendre le processus cr\u00e9atifs des ouvrages et inventer \u00e0 son tour, une histoire ou un ab\u00e9c\u00e9daire en d\u00e9couvrant le monde de l\u2019impression, c\u2019est ce que vivent les \u00e9l\u00e8ves des classes jurassiennes (voir la rubrique \/ <em>Autour des livres<\/em>).<\/p>\n\n\n\n<p class=\"wp-block-paragraph\"><\/p>\n\n\n\n<h4 class=\"wp-block-heading has-text-color\" style=\"color:#ffffff00\">&#8211;<\/h4>\n\n\n\n<h4 class=\"wp-block-heading\"><strong>Instants de vie<\/strong><\/h4>\n\n\n\n<p class=\"wp-block-paragraph\">Nadia a souhait\u00e9 assembler des instants de vie dans un recueil de po\u00e8mes pour laisser une trace en signe de reconnaissance \u00e0 la vie et aux personnes ch\u00e8res \u00e0 son coeur. Un cadeau offert avant la mort.<\/p>\n\n\n\n<p class=\"wp-block-paragraph\"><\/p>\n\n\n\n<h4 class=\"wp-block-heading has-text-color\" style=\"color:#ffffff00\">&#8211;<\/h4>\n\n\n\n<h4 class=\"wp-block-heading\"><strong>L\u2019imagier de Ren\u00e9e<\/strong><\/h4>\n\n\n\n<p class=\"wp-block-paragraph\">Cet imagier est n\u00e9 d\u2019un d\u00e9m\u00e9nagement. En quittant la maison des Bruy\u00e8res pour s\u2019installer dans le petit appartement des Colonges, Ren\u00e9e a d\u00fb trier ses affaires&nbsp;: des jouets d\u2019enfance, des souvenirs de voyages, des cartes de vacances, des albums de famille, des objets li\u00e9s \u00e0 l\u2019\u00e9cole, des bricolages de ses \u00e9l\u00e8ves, des tissus tiss\u00e9s main, des habits faits maison, des tableaux choisis dans l\u2019atelier des peintres. Comment se s\u00e9parer de tant de choses ch\u00e8res \u00e0 son c\u0153ur&nbsp;? En nous racontant l\u2019histoire des objets, Ren\u00e9e nous emm\u00e8ne dans l\u2019histoire de sa vie, p\u00eale-m\u00eale, au gr\u00e9 des d\u00e9couvertes. Ce livre est destin\u00e9 aux membres de la famille.<\/p>\n\n\n\n<p class=\"wp-block-paragraph\"><\/p>\n\n\n\n<figure class=\"wp-block-gallery has-nested-images columns-default is-cropped wp-block-gallery-7 is-layout-flex wp-block-gallery-is-layout-flex\">\n<figure class=\"wp-block-image size-large\"><a href=\"https:\/\/dugoudronetdesplumeseditions.ch\/wp-content\/uploads\/2023\/04\/instants-de-vie-carre\u0301-scaled.jpg\"><img loading=\"lazy\" decoding=\"async\" width=\"1014\" height=\"1024\" data-id=\"2798\" src=\"https:\/\/dugoudronetdesplumeseditions.ch\/wp-content\/uploads\/2023\/04\/instants-de-vie-carre\u0301-1014x1024.jpg\" alt=\"\" class=\"wp-image-2798\" srcset=\"https:\/\/dugoudronetdesplumeseditions.ch\/wp-content\/uploads\/2023\/04\/instants-de-vie-carre\u0301-1014x1024.jpg 1014w, https:\/\/dugoudronetdesplumeseditions.ch\/wp-content\/uploads\/2023\/04\/instants-de-vie-carre\u0301-297x300.jpg 297w, https:\/\/dugoudronetdesplumeseditions.ch\/wp-content\/uploads\/2023\/04\/instants-de-vie-carre\u0301-150x150.jpg 150w, https:\/\/dugoudronetdesplumeseditions.ch\/wp-content\/uploads\/2023\/04\/instants-de-vie-carre\u0301-768x776.jpg 768w, https:\/\/dugoudronetdesplumeseditions.ch\/wp-content\/uploads\/2023\/04\/instants-de-vie-carre\u0301-1521x1536.jpg 1521w, https:\/\/dugoudronetdesplumeseditions.ch\/wp-content\/uploads\/2023\/04\/instants-de-vie-carre\u0301-2028x2048.jpg 2028w\" sizes=\"auto, (max-width: 1014px) 100vw, 1014px\" \/><\/a><\/figure>\n\n\n\n<figure class=\"wp-block-image size-large\"><a href=\"https:\/\/dugoudronetdesplumeseditions.ch\/wp-content\/uploads\/2023\/04\/pa\u0302ques-imagier-recadre\u0301-carre\u0301-scaled.jpg\"><img loading=\"lazy\" decoding=\"async\" width=\"1024\" height=\"938\" data-id=\"2797\" src=\"https:\/\/dugoudronetdesplumeseditions.ch\/wp-content\/uploads\/2023\/04\/pa\u0302ques-imagier-recadre\u0301-carre\u0301-1024x938.jpg\" alt=\"\" class=\"wp-image-2797\" srcset=\"https:\/\/dugoudronetdesplumeseditions.ch\/wp-content\/uploads\/2023\/04\/pa\u0302ques-imagier-recadre\u0301-carre\u0301-1024x938.jpg 1024w, https:\/\/dugoudronetdesplumeseditions.ch\/wp-content\/uploads\/2023\/04\/pa\u0302ques-imagier-recadre\u0301-carre\u0301-300x275.jpg 300w, https:\/\/dugoudronetdesplumeseditions.ch\/wp-content\/uploads\/2023\/04\/pa\u0302ques-imagier-recadre\u0301-carre\u0301-768x704.jpg 768w, https:\/\/dugoudronetdesplumeseditions.ch\/wp-content\/uploads\/2023\/04\/pa\u0302ques-imagier-recadre\u0301-carre\u0301-1536x1408.jpg 1536w, https:\/\/dugoudronetdesplumeseditions.ch\/wp-content\/uploads\/2023\/04\/pa\u0302ques-imagier-recadre\u0301-carre\u0301-2048x1877.jpg 2048w\" sizes=\"auto, (max-width: 1024px) 100vw, 1024px\" \/><\/a><\/figure>\n\n\n\n<figure class=\"wp-block-image size-large\"><a href=\"https:\/\/dugoudronetdesplumeseditions.ch\/wp-content\/uploads\/2023\/04\/tissu-imagier-rene\u0301e-copie-recadre\u0301e-carre\u0301e-scaled.jpg\"><img loading=\"lazy\" decoding=\"async\" width=\"998\" height=\"1024\" data-id=\"2796\" src=\"https:\/\/dugoudronetdesplumeseditions.ch\/wp-content\/uploads\/2023\/04\/tissu-imagier-rene\u0301e-copie-recadre\u0301e-carre\u0301e-998x1024.jpg\" alt=\"\" class=\"wp-image-2796\" srcset=\"https:\/\/dugoudronetdesplumeseditions.ch\/wp-content\/uploads\/2023\/04\/tissu-imagier-rene\u0301e-copie-recadre\u0301e-carre\u0301e-998x1024.jpg 998w, https:\/\/dugoudronetdesplumeseditions.ch\/wp-content\/uploads\/2023\/04\/tissu-imagier-rene\u0301e-copie-recadre\u0301e-carre\u0301e-292x300.jpg 292w, https:\/\/dugoudronetdesplumeseditions.ch\/wp-content\/uploads\/2023\/04\/tissu-imagier-rene\u0301e-copie-recadre\u0301e-carre\u0301e-768x788.jpg 768w, https:\/\/dugoudronetdesplumeseditions.ch\/wp-content\/uploads\/2023\/04\/tissu-imagier-rene\u0301e-copie-recadre\u0301e-carre\u0301e-1497x1536.jpg 1497w, https:\/\/dugoudronetdesplumeseditions.ch\/wp-content\/uploads\/2023\/04\/tissu-imagier-rene\u0301e-copie-recadre\u0301e-carre\u0301e-1996x2048.jpg 1996w\" sizes=\"auto, (max-width: 998px) 100vw, 998px\" \/><\/a><\/figure>\n<\/figure>\n\n\n\n<p class=\"wp-block-paragraph\"><\/p>\n\n\n\n<p class=\"wp-block-paragraph\"><a href=\"https:\/\/dugoudronetdesplumeseditions.ch\/wp-content\/uploads\/2023\/04\/L-ImaginerDeRenee_LaSauciere.pdf\">La Sauci\u00e8re<\/a><\/p>\n","protected":false},"excerpt":{"rendered":"<p>Anim\u00e9s par l\u2019envie de jouer, d\u2019apprendre ou de transmettre et inspir\u00e9s par des mat\u00e9riaux r\u00e9cup\u00e9r\u00e9s,&#8230;<\/p>\n","protected":false},"author":1,"featured_media":0,"parent":0,"menu_order":0,"comment_status":"closed","ping_status":"closed","template":"","meta":{"footnotes":""},"class_list":["post-984","page","type-page","status-publish","hentry"],"_links":{"self":[{"href":"https:\/\/dugoudronetdesplumeseditions.ch\/index.php?rest_route=\/wp\/v2\/pages\/984","targetHints":{"allow":["GET"]}}],"collection":[{"href":"https:\/\/dugoudronetdesplumeseditions.ch\/index.php?rest_route=\/wp\/v2\/pages"}],"about":[{"href":"https:\/\/dugoudronetdesplumeseditions.ch\/index.php?rest_route=\/wp\/v2\/types\/page"}],"author":[{"embeddable":true,"href":"https:\/\/dugoudronetdesplumeseditions.ch\/index.php?rest_route=\/wp\/v2\/users\/1"}],"replies":[{"embeddable":true,"href":"https:\/\/dugoudronetdesplumeseditions.ch\/index.php?rest_route=%2Fwp%2Fv2%2Fcomments&post=984"}],"version-history":[{"count":46,"href":"https:\/\/dugoudronetdesplumeseditions.ch\/index.php?rest_route=\/wp\/v2\/pages\/984\/revisions"}],"predecessor-version":[{"id":3297,"href":"https:\/\/dugoudronetdesplumeseditions.ch\/index.php?rest_route=\/wp\/v2\/pages\/984\/revisions\/3297"}],"wp:attachment":[{"href":"https:\/\/dugoudronetdesplumeseditions.ch\/index.php?rest_route=%2Fwp%2Fv2%2Fmedia&parent=984"}],"curies":[{"name":"wp","href":"https:\/\/api.w.org\/{rel}","templated":true}]}}