{"id":93,"date":"2014-07-12T12:01:50","date_gmt":"2014-07-12T12:01:50","guid":{"rendered":"http:\/\/dugoudronetdesplumeseditions.ch\/?page_id=93"},"modified":"2024-11-03T17:05:25","modified_gmt":"2024-11-03T16:05:25","slug":"romain-crelier","status":"publish","type":"page","link":"https:\/\/dugoudronetdesplumeseditions.ch\/?page_id=93","title":{"rendered":"Romain Crelier"},"content":{"rendered":"<p>Romain Crelier est n\u00e9 en 1962 \u00e0 Porrentruy, dans le Jura suisse. De 1986 \u00e0 1987, il suit les cours de l\u2019\u00e9cole des Beaux-Arts \u00e0 Sion avant d\u2019int\u00e9grer de 1987 \u00e0 1990 la Schule f\u00fcr Gestaltung de B\u00e2le en classe de sculpture et gravure. D\u00e8s 1989 ses expositions personnelles et\u00a0 collectives le m\u00e8nent dans des galeries et mus\u00e9es en Suisse, en France, en Allemagne et en Bulgarie mais aussi dans un ancien monast\u00e8re, un passage sous voie, un phare, un parc, une ancienne usine, une abbaye. Il questionne les lieux avec des installations d\u2019huile de vidange usag\u00e9e, de b\u00e9ton, de pl\u00e2tre, de bois industriel (MDF). Il a ainsi propos\u00e9 \u00e0 l\u2019ancienne abbatiale de Bellelay une mise en ab\u00eeme du lieu avec deux bacs pleins d\u2019huile de vidange.<\/p>\n<p><a href=\"http:\/\/www.romaincrelier.ch\/\">www.romaincrelier.ch<\/a><\/p>\n\n\n<blockquote class=\"wp-block-quote is-layout-flow wp-block-quote-is-layout-flow\">\n<p class=\"wp-block-paragraph\"><\/p>\n<\/blockquote>\n\n\n\n<p class=\"wp-block-paragraph\"><\/p>\n\n\n\n<p class=\"wp-block-paragraph\"><a href=\"https:\/\/dugoudronetdesplumeseditions.ch\/?p=3137\" data-type=\"post\" data-id=\"3137\">7 femmes artistes<\/a><\/p>\n\n\n\n<p class=\"wp-block-paragraph\"><a href=\"https:\/\/dugoudronetdesplumeseditions.ch\/?p=416\">La maison de fil<\/a><\/p>\n\n\n\n<p class=\"wp-block-paragraph\"><\/p>\n","protected":false},"excerpt":{"rendered":"<p>Romain Crelier est n\u00e9 en 1962 \u00e0 Porrentruy, dans le Jura suisse. De 1986 \u00e0&#8230;<\/p>\n","protected":false},"author":1,"featured_media":0,"parent":0,"menu_order":0,"comment_status":"closed","ping_status":"closed","template":"","meta":{"footnotes":""},"class_list":["post-93","page","type-page","status-publish","hentry"],"_links":{"self":[{"href":"https:\/\/dugoudronetdesplumeseditions.ch\/index.php?rest_route=\/wp\/v2\/pages\/93","targetHints":{"allow":["GET"]}}],"collection":[{"href":"https:\/\/dugoudronetdesplumeseditions.ch\/index.php?rest_route=\/wp\/v2\/pages"}],"about":[{"href":"https:\/\/dugoudronetdesplumeseditions.ch\/index.php?rest_route=\/wp\/v2\/types\/page"}],"author":[{"embeddable":true,"href":"https:\/\/dugoudronetdesplumeseditions.ch\/index.php?rest_route=\/wp\/v2\/users\/1"}],"replies":[{"embeddable":true,"href":"https:\/\/dugoudronetdesplumeseditions.ch\/index.php?rest_route=%2Fwp%2Fv2%2Fcomments&post=93"}],"version-history":[{"count":12,"href":"https:\/\/dugoudronetdesplumeseditions.ch\/index.php?rest_route=\/wp\/v2\/pages\/93\/revisions"}],"predecessor-version":[{"id":3247,"href":"https:\/\/dugoudronetdesplumeseditions.ch\/index.php?rest_route=\/wp\/v2\/pages\/93\/revisions\/3247"}],"wp:attachment":[{"href":"https:\/\/dugoudronetdesplumeseditions.ch\/index.php?rest_route=%2Fwp%2Fv2%2Fmedia&parent=93"}],"curies":[{"name":"wp","href":"https:\/\/api.w.org\/{rel}","templated":true}]}}