{"id":749,"date":"2018-02-12T15:48:43","date_gmt":"2018-02-12T14:48:43","guid":{"rendered":"http:\/\/dugoudronetdesplumeseditions.ch\/?page_id=749"},"modified":"2024-11-03T17:13:28","modified_gmt":"2024-11-03T16:13:28","slug":"emmanuel-wuthrich","status":"publish","type":"page","link":"https:\/\/dugoudronetdesplumeseditions.ch\/?page_id=749","title":{"rendered":"Emmanuel W\u00fcthrich"},"content":{"rendered":"<p>Emmanuel W\u00fcthrich est n\u00e9 en 1969 \u00e0 Del\u00e9mont, dans le Jura Suisse. Apr\u00e8s une formation artistique \u00e0 la Schule f\u00fcr Gestaltung de B\u00e2le entre 1992 et 1997, il exerce, parall\u00e8lement \u00e0 l&rsquo;enseignant, une activit\u00e9 artistique. L&rsquo;une nourrissant l&rsquo;autre et inversement. Il vit et travaille \u00e0 Porrentruy. Par diff\u00e9rents m\u00e9diums (photographie, dessin ou gravure), son expression questionne le rapport aux objets et aux traces du temps. Le bleu de Prusse, par le biais du cyanotype, est r\u00e9current dans son oeuvre. Couleur de la lumi\u00e8re, du vide, du dense, de la fragilit\u00e9 et du passage dans le temps et l&rsquo;espace.<\/p>\n<p><a href=\"http:\/\/www.cargocollective.com\/emmanuelwuthrich\">www.cargocollective.com\/emmanuelwuthrich<\/a><\/p>\n\n\n<blockquote class=\"wp-block-quote is-layout-flow wp-block-quote-is-layout-flow\">\n<p class=\"wp-block-paragraph\"><\/p>\n<\/blockquote>\n\n\n\n<p class=\"wp-block-paragraph\"><\/p>\n\n\n\n<p class=\"wp-block-paragraph\"><a href=\"https:\/\/dugoudronetdesplumeseditions.ch\/?p=897\">Marelle<\/a><\/p>\n\n\n\n<p class=\"wp-block-paragraph\"><a href=\"https:\/\/dugoudronetdesplumeseditions.ch\/?p=1551\" data-type=\"post\" data-id=\"1551\">D\u00e9possession<\/a> (coffret Quinze) <\/p>\n","protected":false},"excerpt":{"rendered":"<p>Emmanuel W\u00fcthrich est n\u00e9 en 1969 \u00e0 Del\u00e9mont, dans le Jura Suisse. Apr\u00e8s une formation&#8230;<\/p>\n","protected":false},"author":1,"featured_media":0,"parent":0,"menu_order":0,"comment_status":"closed","ping_status":"closed","template":"","meta":{"footnotes":""},"class_list":["post-749","page","type-page","status-publish","hentry"],"_links":{"self":[{"href":"https:\/\/dugoudronetdesplumeseditions.ch\/index.php?rest_route=\/wp\/v2\/pages\/749","targetHints":{"allow":["GET"]}}],"collection":[{"href":"https:\/\/dugoudronetdesplumeseditions.ch\/index.php?rest_route=\/wp\/v2\/pages"}],"about":[{"href":"https:\/\/dugoudronetdesplumeseditions.ch\/index.php?rest_route=\/wp\/v2\/types\/page"}],"author":[{"embeddable":true,"href":"https:\/\/dugoudronetdesplumeseditions.ch\/index.php?rest_route=\/wp\/v2\/users\/1"}],"replies":[{"embeddable":true,"href":"https:\/\/dugoudronetdesplumeseditions.ch\/index.php?rest_route=%2Fwp%2Fv2%2Fcomments&post=749"}],"version-history":[{"count":8,"href":"https:\/\/dugoudronetdesplumeseditions.ch\/index.php?rest_route=\/wp\/v2\/pages\/749\/revisions"}],"predecessor-version":[{"id":3259,"href":"https:\/\/dugoudronetdesplumeseditions.ch\/index.php?rest_route=\/wp\/v2\/pages\/749\/revisions\/3259"}],"wp:attachment":[{"href":"https:\/\/dugoudronetdesplumeseditions.ch\/index.php?rest_route=%2Fwp%2Fv2%2Fmedia&parent=749"}],"curies":[{"name":"wp","href":"https:\/\/api.w.org\/{rel}","templated":true}]}}