{"id":742,"date":"2018-02-12T15:46:22","date_gmt":"2018-02-12T14:46:22","guid":{"rendered":"http:\/\/dugoudronetdesplumeseditions.ch\/?page_id=742"},"modified":"2023-03-18T14:46:10","modified_gmt":"2023-03-18T13:46:10","slug":"chantal-calpe","status":"publish","type":"page","link":"https:\/\/dugoudronetdesplumeseditions.ch\/?page_id=742","title":{"rendered":"Chantal Calpe"},"content":{"rendered":"<p>Chantal Calpe est n\u00e9e \u00e0 Moutier \u00e0 la fin des ann\u00e9es cinquante. Elle a grandi avec ses quatre fr\u00e8res et s\u0153urs dans un cercle familial ouvert \u00e0 la litt\u00e9rature et aux arts. Attir\u00e9e par le monde des livres et de l\u2019\u00e9dition, elle a exerc\u00e9 le m\u00e9tier de biblioth\u00e9caire, puis de r\u00e9dactrice pour diff\u00e9rentes publications, dont la revue <em>Jura<\/em> <em>Pluriel<\/em>. En collaboration avec la Biblioth\u00e8que cantonale jurassienne, elle a mis sur pied des expositions litt\u00e9raires. Elle est l\u2019auteure d\u2019une <em>Bibliographie des revues litt\u00e9raires de Suisse romande<\/em> (Ed. du Front litt\u00e9raire, 1982). En 2017, elle a publi\u00e9 avec Isabelle Lecomte une monographie consacr\u00e9e au dessinateur pr\u00e9v\u00f4tois Florentin Garraux (Ed. du Mus\u00e9e du Tour automatique et d\u2019Histoire de Moutier). La po\u00e9sie et la musique sont pour elle un fanal \u00e9clairant la nuit.<\/p>\n\n\n<blockquote class=\"wp-block-quote is-layout-flow wp-block-quote-is-layout-flow\"><p><\/p><\/blockquote>\n\n\n\n<p class=\"wp-block-paragraph\"><\/p>\n\n\n\n<p class=\"wp-block-paragraph\"><\/p>\n\n\n\n<p class=\"wp-block-paragraph\"><a href=\"https:\/\/dugoudronetdesplumeseditions.ch\/?p=897\">Marelle<\/a><\/p>\n","protected":false},"excerpt":{"rendered":"<p>Chantal Calpe est n\u00e9e \u00e0 Moutier \u00e0 la fin des ann\u00e9es cinquante. Elle a grandi&#8230;<\/p>\n","protected":false},"author":1,"featured_media":0,"parent":0,"menu_order":0,"comment_status":"closed","ping_status":"closed","template":"","meta":{"footnotes":""},"class_list":["post-742","page","type-page","status-publish","hentry"],"_links":{"self":[{"href":"https:\/\/dugoudronetdesplumeseditions.ch\/index.php?rest_route=\/wp\/v2\/pages\/742","targetHints":{"allow":["GET"]}}],"collection":[{"href":"https:\/\/dugoudronetdesplumeseditions.ch\/index.php?rest_route=\/wp\/v2\/pages"}],"about":[{"href":"https:\/\/dugoudronetdesplumeseditions.ch\/index.php?rest_route=\/wp\/v2\/types\/page"}],"author":[{"embeddable":true,"href":"https:\/\/dugoudronetdesplumeseditions.ch\/index.php?rest_route=\/wp\/v2\/users\/1"}],"replies":[{"embeddable":true,"href":"https:\/\/dugoudronetdesplumeseditions.ch\/index.php?rest_route=%2Fwp%2Fv2%2Fcomments&post=742"}],"version-history":[{"count":8,"href":"https:\/\/dugoudronetdesplumeseditions.ch\/index.php?rest_route=\/wp\/v2\/pages\/742\/revisions"}],"predecessor-version":[{"id":2540,"href":"https:\/\/dugoudronetdesplumeseditions.ch\/index.php?rest_route=\/wp\/v2\/pages\/742\/revisions\/2540"}],"wp:attachment":[{"href":"https:\/\/dugoudronetdesplumeseditions.ch\/index.php?rest_route=%2Fwp%2Fv2%2Fmedia&parent=742"}],"curies":[{"name":"wp","href":"https:\/\/api.w.org\/{rel}","templated":true}]}}