{"id":731,"date":"2018-02-12T14:40:15","date_gmt":"2018-02-12T13:40:15","guid":{"rendered":"http:\/\/dugoudronetdesplumeseditions.ch\/?page_id=731"},"modified":"2026-07-14T09:07:26","modified_gmt":"2026-07-14T07:07:26","slug":"depuis-2005","status":"publish","type":"page","link":"https:\/\/dugoudronetdesplumeseditions.ch\/?page_id=731","title":{"rendered":"Depuis 2005"},"content":{"rendered":"\n<figure class=\"wp-block-image size-large\"><a href=\"https:\/\/dugoudronetdesplumeseditions.ch\/wp-content\/uploads\/2023\/03\/Depuis_2015-scaled.jpg\"><img loading=\"lazy\" decoding=\"async\" width=\"1024\" height=\"328\" src=\"https:\/\/dugoudronetdesplumeseditions.ch\/wp-content\/uploads\/2023\/03\/Depuis_2015-1024x328.jpg\" alt=\"\" class=\"wp-image-2440\" srcset=\"https:\/\/dugoudronetdesplumeseditions.ch\/wp-content\/uploads\/2023\/03\/Depuis_2015-1024x328.jpg 1024w, https:\/\/dugoudronetdesplumeseditions.ch\/wp-content\/uploads\/2023\/03\/Depuis_2015-300x96.jpg 300w, https:\/\/dugoudronetdesplumeseditions.ch\/wp-content\/uploads\/2023\/03\/Depuis_2015-768x246.jpg 768w, https:\/\/dugoudronetdesplumeseditions.ch\/wp-content\/uploads\/2023\/03\/Depuis_2015-1536x493.jpg 1536w, https:\/\/dugoudronetdesplumeseditions.ch\/wp-content\/uploads\/2023\/03\/Depuis_2015-2048x657.jpg 2048w\" sizes=\"auto, (max-width: 1024px) 100vw, 1024px\" \/><\/a><\/figure>\n\n\n<h3>\u00a0<\/h3>\n<h3>2027<\/h3>\n<p><strong>PUBLICATIONS<\/strong>\u00a0(\u00e0 para\u00eetre)\u00a0<\/p>\n<p><em>\u00c7a pousse<\/em>, <a href=\"https:\/\/dugoudronetdesplumeseditions.ch\/?page_id=3702\">J\u00e9r\u00e9mie Gindre<\/a> et <a href=\"https:\/\/dugoudronetdesplumeseditions.ch\/?page_id=2526\">J\u00e9r\u00f4me Stettler<\/a>, coll. Jeunesse<\/p>\n<p><em>Hildegard<\/em>, <a href=\"https:\/\/dugoudronetdesplumeseditions.ch\/?page_id=2523\">Claudia Souto Cuello<\/a> et <a href=\"https:\/\/dugoudronetdesplumeseditions.ch\/?page_id=3707\">L\u00e9o Schl\u00fcchter<\/a>, coll. Les petits carr\u00e9s<\/p>\n<p>&nbsp;<\/p>\n<p><strong>MANIFESTATIONS<\/strong><\/p>\n<ul>\n<li>Vernissage des parutions 2027 \u00e0 La Poire \u00e0 Porrentruy (20 mars)<\/li>\n<li>D\u2019autres dates suivront\u2026<\/li>\n<\/ul>\n<p>&nbsp;<\/p>\n<h3>2026<\/h3>\n<p><strong>PUBLICATION<\/strong><\/p>\n<p><em><a href=\"https:\/\/dugoudronetdesplumeseditions.ch\/?p=3521\">O\u00f9 est la limite<\/a>, <\/em>s\u00e9rie de 7 gravures en vernis mou,\u00a0<a href=\"https:\/\/dugoudronetdesplumeseditions.ch\/?page_id=3485\">Ursle Schneider<\/a> et <a href=\"https:\/\/dugoudronetdesplumeseditions.ch\/?page_id=2476\">Gilles Lepore<\/a><\/p>\n<p>&nbsp;<\/p>\n<p><strong>MANIFESTATIONS<\/strong><\/p>\n<ul>\n<li>Rencontre Pop-Up maisons d\u2019\u00e9dition jeunesse de Suisse romande ISJM 2026, Tibits, Lausanne (29 octobre)<\/li>\n<li>Salon des petits \u00e9diteurs, Ch\u00eane-Bougeries (5 novembre)<\/li>\n<li>Tirage Limit\u00e9, Morges (20-22 novembre)<\/li>\n<li>\u00c9dICIon, Bienne (12-13 d\u00e9cembre)<\/li>\n<\/ul>\n<h3>\u00a0<\/h3>\n<h3>2025<\/h3>\n<p><strong>PUBLICATIONS<\/strong><\/p>\n<p><a href=\"https:\/\/dugoudronetdesplumeseditions.ch\/?p=3354\"><em>Alphadoigt<\/em><\/a>, <a href=\"https:\/\/dugoudronetdesplumeseditions.ch\/?page_id=3485\">Ursle Schneider<\/a> et <a href=\"https:\/\/dugoudronetdesplumeseditions.ch\/?page_id=2476\">Gilles Lepore<\/a>, coll. jeunesse<\/p>\n<p><a href=\"https:\/\/dugoudronetdesplumeseditions.ch\/?p=3337\"><em>Bulle<\/em><\/a>, <a href=\"https:\/\/dugoudronetdesplumeseditions.ch\/?page_id=2328\">Isabelle Volpato<\/a>, <a href=\"https:\/\/dugoudronetdesplumeseditions.ch\/?page_id=746\">Nathalie Urfer<\/a>, <a href=\"https:\/\/dugoudronetdesplumeseditions.ch\/?page_id=39\">Patricia Crelier<\/a>, coll. Les petits carr\u00e9s<\/p>\n<p><em>L&rsquo;AMOUR TOUJOURS<\/em>, h\u00e9liogravure, <a href=\"https:\/\/dugoudronetdesplumeseditions.ch\/?page_id=746\">Nathalie Urfer<\/a>\u00a0<\/p>\n<p>&nbsp;<\/p>\n<p><strong>MANIFESTATIONS<\/strong><\/p>\n<ul>\n<li class=\"p1\">Librairie Bostryche, Bienne autour de <a href=\"https:\/\/dugoudronetdesplumeseditions.ch\/?p=2577\"><i>Marina <\/i><\/a>et <a href=\"https:\/\/dugoudronetdesplumeseditions.ch\/?p=3125\"><i>Robinson(n)ade<\/i><\/a> en pr\u00e9sence de <a href=\"https:\/\/dugoudronetdesplumeseditions.ch\/?page_id=2523\">Claudia Souto Cuello<\/a>, <a href=\"https:\/\/dugoudronetdesplumeseditions.ch\/?page_id=3178\">St\u00e9phane Montavon<\/a> et <a href=\"https:\/\/dugoudronetdesplumeseditions.ch\/?page_id=3182\">Felix St\u00f6ckle<\/a> (7 mars)<\/li>\n<li class=\"p1\">Librairie Page d\u2019encre, Del\u00e9mont (SLFF), autour d\u2019<a href=\"https:\/\/dugoudronetdesplumeseditions.ch\/?p=3135\"><i>Ignace<\/i><\/a>, atelier d\u2019\u00e9criture et de berlingogravure coanim\u00e9 par <a href=\"https:\/\/dugoudronetdesplumeseditions.ch\/?page_id=2469\">Gilles F. Jobin<\/a> et les \u00e9gp (22 mars)<\/li>\n<li class=\"p1\">Espace Renfer, Porrentruy (SLFF) atelier d\u2019\u00e9criture et de gravure pour une classe du lyc\u00e9e cantonal, autour <i>d\u2019<a href=\"https:\/\/dugoudronetdesplumeseditions.ch\/?p=103\">Humanit\u00e9s &amp; Cie<\/a><\/i>, d\u2019<a href=\"https:\/\/dugoudronetdesplumeseditions.ch\/?page_id=45\">Alexandre Voisard<\/a> et <a href=\"https:\/\/dugoudronetdesplumeseditions.ch\/?page_id=33\">Jacques B\u00e9lat<\/a>, coanim\u00e9 par Jean Pr\u00e9t\u00f4t et les \u00e9gp (24 mars)<\/li>\n<li class=\"p1\">\u00ab MOTAMO \u00bb, Huiti\u00e8me Biennale Internationale du Livre d\u2019Enfants \u00e0 la Louvi\u00e8re (Centre de la gravure et de l\u2019image imprim\u00e9e) en Belgique, pr\u00e9sentation des livres r\u00e9alis\u00e9s par les \u00e9l\u00e8ves des classes jurassiennes inspir\u00e9s par des albums des \u00e9gp. L&rsquo;exposition voyage ensuite \u00e0 Erstein, vers Strasbourg, du 11 au 20 juin \u00e0 la M\u00e9diathpque et Maison de la Musique (5 avril \u2013 25 mai)<\/li>\n<li>BDFIL LAUSANNE \u2013 participation \u00e0 l&rsquo;espace MICRO \u00e9dition (9-11 mai)<\/li>\n<li class=\"p1\">Librairie Le Vent se l\u00e8ve, St-Ursanne, exposition des berlingogravures originales et des quatrains du livre <a href=\"https:\/\/dugoudronetdesplumeseditions.ch\/?p=3135\"><i>Ignace<\/i><\/a>, le 7 septembre, atelier autour du livre avec Gilles F. Jobin et les \u00e9gp (20 juin \u2013 7 septembre)<\/li>\n<li class=\"p1\">Espace Ste-Croix, Fontenais, atelier d\u2019\u00e9criture et de gravure autour d\u2019<i><a href=\"https:\/\/dugoudronetdesplumeseditions.ch\/?p=3135\">Ignace<\/a>\u00a0<\/i>et de <a href=\"https:\/\/dugoudronetdesplumeseditions.ch\/?p=3125\"><i>Robinson(n)ade<\/i><\/a><i>\u00a0<\/i>avec <a href=\"https:\/\/dugoudronetdesplumeseditions.ch\/?page_id=2469\">Gilles F. Jobin<\/a>, <a href=\"https:\/\/dugoudronetdesplumeseditions.ch\/?page_id=43\">St\u00e9phane Montavon<\/a> et les \u00e9gp (24 ao\u00fbt)<\/li>\n<li>Vernissage des parutions 2025 \u00e0 l&rsquo;atelier de Chevenez (13 d\u00e9cembre)<\/li>\n<\/ul>\n<h3>\u00a0<\/h3>\n<h3>2024<\/h3>\n<p><strong>PUBLICATIONS<\/strong><\/p>\n<p><a href=\"https:\/\/dugoudronetdesplumeseditions.ch\/?p=3125\"><em>Robinsonnade<\/em><\/a>, de <a href=\"https:\/\/dugoudronetdesplumeseditions.ch\/?page_id=3178\">St\u00e9phane Montavon<\/a> et <a href=\"https:\/\/dugoudronetdesplumeseditions.ch\/?page_id=3182\">Felix St\u00f6ckle<\/a>, coll. Jeunesse, F\/D<\/p>\n<p><a href=\"https:\/\/dugoudronetdesplumeseditions.ch\/?p=3137\"><em>7 femmes artistes<\/em><\/a>, s\u00e9rie d\u2019h\u00e9liogravures, <a href=\"https:\/\/dugoudronetdesplumeseditions.ch\/?page_id=93\">Romain Crelier<\/a><\/p>\n<p><em><a href=\"https:\/\/dugoudronetdesplumeseditions.ch\/?p=3128\">Leni, le chien ma muse<\/a><\/em>, s\u00e9rie de gravures en taille-douce, <a href=\"https:\/\/dugoudronetdesplumeseditions.ch\/?page_id=3182\">Felix St\u00f6ckle<\/a><\/p>\n<p><a href=\"https:\/\/dugoudronetdesplumeseditions.ch\/?p=3135\"><em>Ignace<\/em><\/a>, <a href=\"https:\/\/dugoudronetdesplumeseditions.ch\/?page_id=2469\">Gilles F. Jobin<\/a> et <a href=\"https:\/\/dugoudronetdesplumeseditions.ch\/?page_id=39\">Patricia Crelier<\/a>, quatrains et berlingogravures, coll. Les petits carr\u00e9s<\/p>\n<p>&nbsp;<\/p>\n<p><strong>MANIFESTATIONS<\/strong><\/p>\n<ul>\n<li>EdICIon, petite foire biennoise du livre (14 et 15 d\u00e9cembre)<\/li>\n<li>Salon des Petits Editeurs, Ch\u00eane-Bougeries (9 novembre)<\/li>\n<li>Tirage Limit\u00e9, Morges : coup de projecteur pour les \u00e9ditions du goudron et des plumes &amp; l\u2019atelier de gravure de Moutier &amp; et Officina Helvetica de Bienne (30-31 ao\u00fbt et 1<sup>er<\/sup> septembre)<\/li>\n<li>BD Del\u00e9mont : \u00ab J\u2019imprime mon chat \u00bb, atelier d\u2019impression de monotypes anim\u00e9 par Josette Baume et Patricia Crelier autour de l\u2019album cr\u00e9\u00e9 par les \u00e9l\u00e8ves de la classe du Righi : <em>Les animaux et les chasseurs (15 \u2013 16 juin)<\/em><\/li>\n<li>Festival Langages, Gen\u00e8ve (API) (1-2 juin)<\/li>\n<li>Bestiaires &amp; Mythologies, m\u00e9diath\u00e8que Alice Boname de Seloncourt. Pr\u00e9sentation du livre <a href=\"https:\/\/dugoudronetdesplumeseditions.ch\/?p=409\"><em>Le noir en cage<\/em><\/a>, \u00e9gp 2015. L\u2019exposition et les m\u00e9diations sont mises sur pied par l\u2019artoth\u00e8que ASCAP de Montb\u00e9liard (26 avril \u2013 23 mai)<\/li>\n<li>Atelier d\u2019\u00e9criture et de gravure autour de <a href=\"https:\/\/dugoudronetdesplumeseditions.ch\/?p=2577\"><em>Marina<\/em><\/a> et <a href=\"https:\/\/dugoudronetdesplumeseditions.ch\/?p=2612\"><em>Rita<\/em><\/a>, Espace Renfer, Porrentruy (20 avril)<\/li>\n<li>Atelier d\u2019\u00e9criture et berlingogravure autour de <a href=\"https:\/\/dugoudronetdesplumeseditions.ch\/?p=3125\"><em>Robinson(n)ade<\/em><\/a>, librairie Le vent se l\u00e8ve, St Ursanne (23 mars)<\/li>\n<li>Atelier d\u2019\u00e9criture et de gravure autour de <a href=\"https:\/\/dugoudronetdesplumeseditions.ch\/?p=2674\"><em>Le jeune chevalier et le petit dragon<\/em><\/a> et <a href=\"https:\/\/dugoudronetdesplumeseditions.ch\/?p=2586\"><em>Dans les choux<\/em><\/a>, Espace Renfer, Porrentruy (17 f\u00e9vrier)<\/li>\n<\/ul>\n<h3>\u00a0<\/h3>\n<h3>2023<\/h3>\n<p><strong>PUBLICATIONS<\/strong><\/p>\n<p><a href=\"https:\/\/dugoudronetdesplumeseditions.ch\/?p=2674\"><strong><em>Le jeune chevalier et le petit dragon<\/em><\/strong>,<\/a> Gilles F.Jobin et Valentin R\u00e9rat, coll. Jeunesse<\/p>\n<p><a href=\"https:\/\/dugoudronetdesplumeseditions.ch\/?p=2586\"><strong><em>Dans les choux<\/em><\/strong><\/a>, Audrey Peli, coll. Jeunesse<\/p>\n<p><a href=\"https:\/\/dugoudronetdesplumeseditions.ch\/?p=2577\"><strong><em>Marina<\/em><\/strong><\/a>, Claudia Souto Cuello, coll. Les petits carr\u00e9s<\/p>\n<p><a href=\"https:\/\/dugoudronetdesplumeseditions.ch\/?p=2612\"><strong><em>Rita<\/em><\/strong><\/a>, Patricia Crelier, coll. Les petits carr\u00e9s<\/p>\n<p>&nbsp;<\/p>\n<p><strong>MANIFESTATIONS<\/strong><\/p>\n<ul>\n<li>Atelier de gravure et lecture et d\u00e9dicace \u00e0 la librairie Page d\u2019encre \u00e0 Del\u00e9mont autour de <a href=\"https:\/\/dugoudronetdesplumeseditions.ch\/?p=2577\"><strong><em>Marina<\/em><\/strong><\/a> de Claudia Souto Cuello (14 octobre)<\/li>\n<li>Atelier d\u2019\u00e9criture et de gravure \u00e0 la librairie Le vent se l\u00e8ve \u00e0 St-Ursanne autour des parutions 2023 (30 septembre)<\/li>\n<li>Pr\u00e9sentation du coffret <strong><a href=\"https:\/\/dugoudronetdesplumeseditions.ch\/?p=897\"><em>Marelle <\/em><\/a><\/strong>de C.Calpe et E.W\u00fchtrich \u00e0 la galerie du Passage \u00e0 Moutier, \u00c9GP 2018 (15 septembre)<\/li>\n<li>D\u00e9dicace \u00e0 la librairie Page d\u2019encre \u00e0 Del\u00e9mont autour de <a href=\"https:\/\/dugoudronetdesplumeseditions.ch\/?p=2674\"><strong><em>Le jeune chevalier et le petit dragon<\/em><\/strong><\/a>, de Gilles F.Jobin et Valentin R\u00e9rat (20 mai)<\/li>\n<li>Vernissage \u00e0 l&rsquo;atelier du goudron et des plumes de Chevenez des parutions 2023 (13 mai)<\/li>\n<\/ul>\n<p>&nbsp;<\/p>\n<h3><strong>2022<\/strong><\/h3>\n<p><strong>MANIFESTATIONS<\/strong><\/p>\n<ul>\n<li>Participation au petit salon du livre de Bienne, edICIon22<\/li>\n<li>Exposition \u00e0 la biblioth\u00e8que de Tavannes et animation <em>inventer<\/em> <em>un livre en famille<\/em><\/li>\n<li>Participation \u00e0 tirage limit\u00e9 n\u00b06, rencontres romandes du livre d&rsquo;artiste au mus\u00e9e Alexis Forel\u00a0 \u00e0 Morges<\/li>\n<li>Participation \u00e0 la Balade litt\u00e9raire en Comt\u00e9 et dans l&rsquo;Ajoie \u00e0 Delle et animation <em>cr\u00e9er une affiche collective<\/em><\/li>\n<\/ul>\n<p>&nbsp;<\/p>\n<h3><strong>2021<\/strong><\/h3>\n<p><strong>PUBLICATIONS<\/strong><\/p>\n<p><a href=\"https:\/\/dugoudronetdesplumeseditions.ch\/?p=2182\"><em><strong>La Sir\u00e8ne du Doubs<\/strong><\/em><\/a>, Isabelle Volpato et Patricia Crelier, un livre \u00e0 anneaux pour combiner les images et les textes, offset, (2<sup>\u00e8me<\/sup> version)<\/p>\n<p><a href=\"https:\/\/dugoudronetdesplumeseditions.ch\/?p=2180\"><em><strong>Max<\/strong><\/em><\/a>, Patricia Crelier, coll. Les petits carr\u00e9s<\/p>\n<p><a href=\"https:\/\/dugoudronetdesplumeseditions.ch\/?p=2178\"><em><strong>Loli<\/strong><\/em><\/a>, Patricia Crelier, coll. Les petits carr\u00e9s<\/p>\n<p><a href=\"https:\/\/dugoudronetdesplumeseditions.ch\/?p=2176\"><em><strong>Raoul<\/strong><\/em><\/a>, Patricia Crelier, coll. Les petits carr\u00e9s<\/p>\n<p>&nbsp;<\/p>\n<p><strong>MANIFESTATION<\/strong><\/p>\n<ul>\n<li>\n<p>Petit Salon du Livre Maison \u00e0 espace libre \u00e0 Bienne<\/p>\n<\/li>\n<\/ul>\n<p>&nbsp;<\/p>\n<h3><strong>2020<\/strong><\/h3>\n<p><strong>PUBLICATIONS<\/strong><\/p>\n<p><a href=\"https:\/\/dugoudronetdesplumeseditions.ch\/?p=2094\"><em><strong>La mise en ab\u00eeme<\/strong><\/em><\/a>, Cathy Poivre-Auria. Un manifeste sur le pouvoir d&rsquo;une installation dans une abbatiale<\/p>\n<p><a href=\"https:\/\/dugoudronetdesplumeseditions.ch\/?p=2097\"><em><strong>Ouf l&rsquo;alphabet fou<\/strong><\/em><\/a>, Josiane Bataillard et Patricia Crelier. Un ab\u00e9c\u00e9daire de 26 alexandrins et 26 jeux typographiques<\/p>\n<p><a href=\"https:\/\/dugoudronetdesplumeseditions.ch\/?p=2090\"><strong><em>Poisson d&rsquo;avril<\/em><\/strong><\/a>, Isabelle Volpato et Patricia Crelier. Un num\u00e9ro de magicien pour animaux chamboul\u00e9s<\/p>\n<p><strong><em>Quinze<\/em><\/strong>, coffret de 15 livres publi\u00e9 pour les 15 ans des \u00e9ditions avec un collectif de 30 cr\u00e9ateurs, 15 auteur-e-s et 15 artistes<\/p>\n<p style=\"padding-left: 40px;\"><a href=\"https:\/\/dugoudronetdesplumeseditions.ch\/?p=1554\"><strong><em>\u00c0 la vitesse de l\u2019eau<\/em><\/strong>,<\/a> Bernard Comment et J\u00e9r\u00f4me Stettler<br \/><a href=\"https:\/\/dugoudronetdesplumeseditions.ch\/?p=1569\"><strong><em>Autoportrait<\/em><\/strong><\/a><strong>,<\/strong> Marie Houriet et St\u00e9phane Montavon<br \/><a href=\"https:\/\/dugoudronetdesplumeseditions.ch\/?p=1551\"><strong><em>D\u00e9possession<\/em><\/strong><\/a><strong>,<\/strong> Gilbert Pingeon et Emmanuel W\u00fcthrich<br \/><a href=\"https:\/\/dugoudronetdesplumeseditions.ch\/?p=1532\"><strong><em>Derri\u00e8re les fagots<\/em><\/strong><\/a>, Alexandre Voisard et Michel Huelin<br \/><a href=\"https:\/\/dugoudronetdesplumeseditions.ch\/?p=1557\"><strong><em>Fragments d\u2019une capitale<\/em><\/strong><\/a>, Antoine Rubin et Gabrielle Voisard<br \/><a href=\"https:\/\/dugoudronetdesplumeseditions.ch\/?p=1528\"><strong><em>La soupe<\/em><\/strong><\/a>, Neal Byrne Jossen et Jean-Ren\u00e9 Moeschler<br \/><a href=\"https:\/\/dugoudronetdesplumeseditions.ch\/?p=1560\"><strong><em>Le cadeau de No\u00ebl<\/em><\/strong><\/a>, C\u00e9cile Pardi et Yves Juillerat<br \/><a href=\"https:\/\/dugoudronetdesplumeseditions.ch\/?p=1536\"><strong><em>Le cerf-volant<\/em><\/strong><\/a>, Robert Frund et Philippe Queloz<br \/><a href=\"https:\/\/dugoudronetdesplumeseditions.ch\/?p=1566\"><strong><em>Le go\u00fbt du noir<\/em><\/strong><\/a>, Cyril Mettler et Charles-Fran\u00e7ois Duplain<br \/><a href=\"https:\/\/dugoudronetdesplumeseditions.ch\/?p=1563\"><strong><em>Le pochard c\u00e9leste<\/em><\/strong><\/a>, Jean-Pierre Rochat et Simon Beuret<br \/><a href=\"https:\/\/dugoudronetdesplumeseditions.ch\/?p=1548\"><strong><em>L\u2019extraordinaire r\u00e9apparition du professeur Plume et du docteur Goudron<\/em><\/strong><\/a>, Rose-Marie Pagnard et Groune de Chouque<br \/><a href=\"https:\/\/dugoudronetdesplumeseditions.ch\/?p=1545\"><strong><em>Les Bermudes<\/em><\/strong><\/a>, Myriam Wahli et Ren\u00e9 Myrha<br \/><a href=\"https:\/\/dugoudronetdesplumeseditions.ch\/?p=1539\"><strong><em>Les valses d\u2019Alo\u00efse<\/em><\/strong><\/a>, Josiane Bataillard et Claude Bernasconi<br \/><a href=\"https:\/\/dugoudronetdesplumeseditions.ch\/?p=1542\"><strong><em>Paix<\/em><\/strong><\/a><strong>,<\/strong> Fran\u00e7oise Matthey et Gilles Lepore<br \/><a href=\"https:\/\/dugoudronetdesplumeseditions.ch\/?p=1524\"><strong><em>Sur les traces du fait-diversier<\/em><\/strong><\/a>, Thierry Mertenat et Nathalie Urfer<\/p>\n<p>&nbsp;<\/p>\n<p><strong>MANIFESTATION<\/strong><\/p>\n<ul>\n<li>Lecture des livres du coffret <em>Quinze<\/em> par Laure Volpato et Zacharie Heusler, \u00e0 la buvette du Moulin Jeannotat<\/li>\n<\/ul>\n<p>&nbsp;<\/p>\n<h3>2019<\/h3>\n<p><strong>MANIFESTATION<\/strong><\/p>\n<ul>\n<li>\n<p>Tirage limit\u00e9 n\u00b05, rencontre romande du livre d\u2019artiste, Morges, 3<sup>\u00e8me<\/sup> prix de la Fondation Engelberts pour la s\u00e9rie <em>Marelle<\/em>, de Chantal Calpe et Emmanuel W\u00fcthrich<\/p>\n<\/li>\n<\/ul>\n<h3>\u00a0<\/h3>\n<h3>2018<\/h3>\n<p><strong>PUBLICATIONS<\/strong><\/p>\n<p><strong><em><a href=\"https:\/\/dugoudronetdesplumeseditions.ch\/?p=897\">Marelle<\/a>, <\/em><\/strong>Chantal Calpe et Emmanuel W\u00fcthrich, cyanotypie et typographie<\/p>\n<p><a href=\"https:\/\/dugoudronetdesplumeseditions.ch\/?p=858\"><strong><em>Conversations en mille-feuille<\/em><\/strong>,<\/a> Francine Collet Poffet et Patricia Crelier, coll. FAG CONTROL 405, linogravure et typographie<\/p>\n<p><a href=\"https:\/\/dugoudronetdesplumeseditions.ch\/?p=882\"><strong><em>Stella<\/em><\/strong><\/a>, Patricia Crelier et Nathalie Urfer, livre d\u2019artiste, coll. FAG CONTROL 405, linogravure et typographie<\/p>\n<p><a href=\"https:\/\/dugoudronetdesplumeseditions.ch\/?p=869\"><strong><em>Les orgues d\u2019Am\u00e9lie<\/em><\/strong><\/a>, Josiane Bataillard et Patricia Crelier, coll. FAG CONTROL 405, linogravure et typographie<\/p>\n<p>&nbsp;<\/p>\n<p><strong>MANIFESTATIONS<\/strong><\/p>\n<ul>\n<li>Exposition des \u00e9ditions au ch\u00e2teau de Mi\u00e9court avec le collectif <em>Terre de femmes<\/em><\/li>\n<li>Pr\u00e9sentation de <em>Conversations en mille-feuille<\/em> au Cadratin \u00e0 Vevey<\/li>\n<\/ul>\n<p>&nbsp;<\/p>\n<h3>2016<\/h3>\n<p><strong>MANIFESTATION<\/strong><\/p>\n<ul>\n<li>\n<p>Tirage Limit\u00e9 n\u00b04, rencontre romande du livre d\u2019artiste, Lausanne<\/p>\n<\/li>\n<\/ul>\n<p>&nbsp;<\/p>\n<h3>2015<\/h3>\n<p><strong>PUBLICATIONS<\/strong><\/p>\n<p><a href=\"https:\/\/dugoudronetdesplumeseditions.ch\/?p=441\"><strong><em>Fi\u00e9vrier<\/em><\/strong><\/a>, Robert Frund et Audrey Devaud, livre d\u2019artiste, lithographie et typographie<\/p>\n<p><a href=\"https:\/\/dugoudronetdesplumeseditions.ch\/?p=409\"><em><strong>Le<\/strong><\/em>\u00a0<em><strong>noir<\/strong><\/em>\u00a0<em><strong>en<\/strong><\/em>\u00a0<em><strong>cage<\/strong><\/em><\/a>, C\u00e9cile Rohleder et Patricia Crelier, coll. FAG CONTROL 405, linogravure et typographie<\/p>\n<p><a href=\"https:\/\/dugoudronetdesplumeseditions.ch\/?p=374\"><strong><em>Les Zinutilit\u00e9s<\/em><\/strong>,<\/a> Josiane Bataillard et Patricia Crelier, coll. \u00a0FAG CONTROL 405, linogravure et typographie<\/p>\n<p>&nbsp;<\/p>\n<p><strong>MANIFESTATION<\/strong><\/p>\n<ul>\n<li>\n<p>Artot\u00e8que Ascap \u00e0 Montb\u00e9liard<\/p>\n<\/li>\n<\/ul>\n<p>&nbsp;<\/p>\n<h3>2014<\/h3>\n<p><strong>PUBLICATION<\/strong><\/p>\n<p><a href=\"https:\/\/dugoudronetdesplumeseditions.ch\/?p=416\"><em><strong>La maison de fil<\/strong><\/em><\/a>, Romain Crelier, s\u00e9rie de 7 h\u00e9liogravures\u00a0<\/p>\n<p>&nbsp;<\/p>\n<p><strong>MANIFESTATION<\/strong><\/p>\n<ul>\n<li>\n<p>Galerie du Soleil \u00e0 Saignel\u00e9gier<\/p>\n<\/li>\n<\/ul>\n<p>&nbsp;<\/p>\n<h3>2013<\/h3>\n<p><strong>PUBLICATIONS<\/strong><\/p>\n<p><a href=\"https:\/\/dugoudronetdesplumeseditions.ch\/?p=113\"><em><strong>Alphabet Tic Tac<\/strong><\/em><\/a>, Josiane Bataillard et Patricia Crelier, coll. FAG CONTROL 405, s\u00e9rigraphie<\/p>\n<p><a href=\"https:\/\/dugoudronetdesplumeseditions.ch\/?p=147\"><em><strong>Le tricot d\u2019Anna,<\/strong><\/em><\/a> Josiane Bataillard et Patricia Crelier, coll. FAG CONTROL 405, linogravure et typographie<\/p>\n<p><em><strong><a href=\"https:\/\/dugoudronetdesplumeseditions.ch\/?p=138\">Le livre qui (avait perdu son titre)<\/a>,<\/strong><\/em> Patricia Crelier, coll. FAG CONTROL 405, linogravure et typographie<\/p>\n<p>&nbsp;<\/p>\n<p><strong>MANIFESTATION<\/strong><\/p>\n<ul>\n<li>\n<p>Galerie Le Cube \u00e0 Estavayer-le-Lac<\/p>\n<\/li>\n<\/ul>\n<p>&nbsp;<\/p>\n<p>&nbsp;<\/p>\n<h3>2012<\/h3>\n<p><strong>PUBLICATIONS<\/strong><\/p>\n<p><a href=\"https:\/\/dugoudronetdesplumeseditions.ch\/?p=153\"><em><strong>La sir\u00e8ne du Doubs<\/strong><\/em><\/a>, Patricia Crelier, livre d\u2019artiste, s\u00e9rigraphie (1<sup>re<\/sup> version)<\/p>\n<p><a href=\"https:\/\/dugoudronetdesplumeseditions.ch\/?p=150\"><em><strong>La veine du bois dormant<\/strong><\/em>,<\/a> Patricia Crelier, livre d\u2019artiste, s\u00e9rigraphie<\/p>\n<p>&nbsp;<\/p>\n<h3>2010<\/h3>\n<p><strong>MANIFESTATION<\/strong><\/p>\n<ul>\n<li>\n<p>Tirage Limit\u00e9, n\u00b02, rencontre romande du livre d\u2019artiste \u00e0 Lausanne<\/p>\n<\/li>\n<\/ul>\n<p>&nbsp;<\/p>\n<h3>2009<\/h3>\n<p><strong>PUBLICATIONS<\/strong><\/p>\n<p><a href=\"https:\/\/dugoudronetdesplumeseditions.ch\/?p=201\"><em><strong>Le voyage de Th\u00e9odora<\/strong><\/em><\/a>, Patricia Crelier, offset<\/p>\n<p><a href=\"https:\/\/dugoudronetdesplumeseditions.ch\/?p=215\"><em><strong>Dans<\/strong><\/em>\u00a0<em><strong>les plis de la baleine,<\/strong><\/em><\/a><strong><em>\u00a0<\/em><\/strong>Patricia Crelier, livre d\u2019artiste, linogravure<\/p>\n<p>&nbsp;<\/p>\n<h3>2008<\/h3>\n<p><strong>PUBLICATIONS<\/strong><\/p>\n<p><a href=\"https:\/\/dugoudronetdesplumeseditions.ch\/?p=222\"><strong><em>Autoportraits<\/em><\/strong>\u00a0<\/a><em><strong><a href=\"https:\/\/dugoudronetdesplumeseditions.ch\/?p=222\">internationaux<\/a>,<\/strong><\/em> Charles-Fran\u00e7ois Duplain,\u00a0s\u00e9rie de 7 compositions typographiques\u00a0<\/p>\n<p><a href=\"https:\/\/dugoudronetdesplumeseditions.ch\/?p=103\"><em><strong>Humanit\u00e9s &amp; Cie,<\/strong><\/em><\/a>\u00a0 Jacques B\u00e9lat et Alexandre Voisard, s\u00e9rie de 19 h\u00e9liogravures et 19 po\u00e8mes typographi\u00e9s<\/p>\n<p>&nbsp;<\/p>\n<p><strong>MANIFESTATIONS<\/strong><\/p>\n<ul>\n<li>Mus\u00e9e jurassien des arts, Moutier (exposition de la s\u00e9rie Autoportraits internationaux, dans le cadre d\u2019une exposition de CFD)<\/li>\n<li>PhotoforumPasquart, Bienne (pr\u00e9sentation de la s\u00e9rie Humanit\u00e9s &amp; Cie dans le cadre de l\u2019exposition HELIO)<\/li>\n<li>Salon du livre de Saint-Priest, petite \u00e9dition et jeune illustration\u00a0<\/li>\n<\/ul>\n<p>&nbsp;<\/p>\n<h3>2007<\/h3>\n<p><strong>PUBLICATIONS<\/strong><\/p>\n<p><a href=\"https:\/\/dugoudronetdesplumeseditions.ch\/?p=190\"><em><strong>Ma maman gambade f\u00e9brilement dans une cabine<\/strong><\/em>\u00a0<em><strong>t\u00e9l\u00e9phonique<\/strong><\/em><\/a>, Patricia Crelier, offset<\/p>\n<p><em><strong><a href=\"https:\/\/dugoudronetdesplumeseditions.ch\/?p=231\">Face-\u00e0-face 2<\/a>, <\/strong><\/em>St\u00e9phane Montavon<em><strong>, <\/strong><\/em>s\u00e9rie de 10 gravures en taille-douce en 2 couleurs<\/p>\n<p><a href=\"https:\/\/dugoudronetdesplumeseditions.ch\/?p=239\"><strong><em>Face-\u00e0-face 1<\/em>,<\/strong><\/a> St\u00e9phane Montavon, s\u00e9rie de 8 gravures en taille-douce en noir et blanc 2005<\/p>\n<p>&nbsp;<\/p>\n<h3>2005<\/h3>\n<p><strong>PUBLICATION<\/strong><\/p>\n<p><a href=\"https:\/\/dugoudronetdesplumeseditions.ch\/?p=54\"><em><strong>Poisson d&rsquo;avril<\/strong><\/em><\/a><em>, <\/em>\u00a0Patricia Crelier, livre d\u2019artiste, s\u00e9rigraphie\u00a0<\/p>","protected":false},"excerpt":{"rendered":"<p>\u00a0 2027 PUBLICATIONS\u00a0(\u00e0 para\u00eetre)\u00a0 \u00c7a pousse, J\u00e9r\u00e9mie Gindre et J\u00e9r\u00f4me Stettler, coll. Jeunesse Hildegard, Claudia&#8230;<\/p>\n","protected":false},"author":1,"featured_media":0,"parent":0,"menu_order":0,"comment_status":"closed","ping_status":"closed","template":"","meta":{"footnotes":""},"class_list":["post-731","page","type-page","status-publish","hentry"],"_links":{"self":[{"href":"https:\/\/dugoudronetdesplumeseditions.ch\/index.php?rest_route=\/wp\/v2\/pages\/731","targetHints":{"allow":["GET"]}}],"collection":[{"href":"https:\/\/dugoudronetdesplumeseditions.ch\/index.php?rest_route=\/wp\/v2\/pages"}],"about":[{"href":"https:\/\/dugoudronetdesplumeseditions.ch\/index.php?rest_route=\/wp\/v2\/types\/page"}],"author":[{"embeddable":true,"href":"https:\/\/dugoudronetdesplumeseditions.ch\/index.php?rest_route=\/wp\/v2\/users\/1"}],"replies":[{"embeddable":true,"href":"https:\/\/dugoudronetdesplumeseditions.ch\/index.php?rest_route=%2Fwp%2Fv2%2Fcomments&post=731"}],"version-history":[{"count":55,"href":"https:\/\/dugoudronetdesplumeseditions.ch\/index.php?rest_route=\/wp\/v2\/pages\/731\/revisions"}],"predecessor-version":[{"id":3724,"href":"https:\/\/dugoudronetdesplumeseditions.ch\/index.php?rest_route=\/wp\/v2\/pages\/731\/revisions\/3724"}],"wp:attachment":[{"href":"https:\/\/dugoudronetdesplumeseditions.ch\/index.php?rest_route=%2Fwp%2Fv2%2Fmedia&parent=731"}],"curies":[{"name":"wp","href":"https:\/\/api.w.org\/{rel}","templated":true}]}}