{"id":41,"date":"2014-07-11T20:06:11","date_gmt":"2014-07-11T20:06:11","guid":{"rendered":"http:\/\/dugoudronetdesplumeseditions.ch\/?page_id=41"},"modified":"2024-11-03T17:14:31","modified_gmt":"2024-11-03T16:14:31","slug":"charles-francois-duplain","status":"publish","type":"page","link":"https:\/\/dugoudronetdesplumeseditions.ch\/?page_id=41","title":{"rendered":"Charles-Fran\u00e7ois Duplain"},"content":{"rendered":"<p style=\"color: #666666;\">Charles-Fran\u00e7ois Duplain est n\u00e9 \u00e0 Del\u00e9mont en 1967. Il a \u00e9tudi\u00e9 \u00e0 L&rsquo;Ecole Cantonale des Beaux-Arts \u00e0 Sion de 1991 \u00e0 1996. Il passe une ann\u00e9e \u00e0 la Cit\u00e9 Internationale des Arts de Paris, r\u00e9side \u00e0 Bruxelles \u00e0 l&rsquo;atelier du conseil du Jura Bernois, Il participe \u00e0 de nombreuses expositions collectives en Suisse et \u00e0 l&rsquo;\u00e9tranger, notamment \u00e0 des manifestations internationales de gravure (Triennale du Locle, Biennale de Li\u00e8ge, Centre de gravure de la Louvi\u00e8re). Il r\u00e9alise plusieurs commandes publiques en collaboration avec Yves Tauvel (<em>Candide<\/em> et <em>75 pas<\/em> <em>\u00e0 Sion<\/em>,<em> Artefact<\/em> au Latenium, mus\u00e9e d&rsquo;arch\u00e9ologie \u00e0 Neuch\u00e2tel-Hauterive)<\/p>\n<p style=\"color: #666666;\"><a href=\"http:\/\/www.charlesfrancoisduplain.com\/\">www.charlesfrancoisduplain.com<\/a><\/p>\n<p style=\"color: #666666;\"><a href=\"http:\/\/www.lubi-503025.ch\/\">www.lubi-503025.ch<\/a><\/p>\n<p>&nbsp;<\/p>\n<blockquote>\n<p style=\"color: #666666;\">\n<\/blockquote>\n<p><span style=\"color: #ffffff;\">.<\/span><\/p>\n<p style=\"color: #666666;\"><a title=\"Autoportraits internationaux\" href=\"https:\/\/dugoudronetdesplumeseditions.ch\/?p=222\">Autoportraits internationaux<\/a><\/p>\n<p><a href=\"https:\/\/dugoudronetdesplumeseditions.ch\/?p=1566\">Le go\u00fbt du noir<\/a>\u00a0(coffret Quinze)<\/p>\n","protected":false},"excerpt":{"rendered":"<p>Charles-Fran\u00e7ois Duplain est n\u00e9 \u00e0 Del\u00e9mont en 1967. Il a \u00e9tudi\u00e9 \u00e0 L&rsquo;Ecole Cantonale des&#8230;<\/p>\n","protected":false},"author":1,"featured_media":0,"parent":0,"menu_order":0,"comment_status":"closed","ping_status":"closed","template":"","meta":{"footnotes":""},"class_list":["post-41","page","type-page","status-publish","hentry"],"_links":{"self":[{"href":"https:\/\/dugoudronetdesplumeseditions.ch\/index.php?rest_route=\/wp\/v2\/pages\/41","targetHints":{"allow":["GET"]}}],"collection":[{"href":"https:\/\/dugoudronetdesplumeseditions.ch\/index.php?rest_route=\/wp\/v2\/pages"}],"about":[{"href":"https:\/\/dugoudronetdesplumeseditions.ch\/index.php?rest_route=\/wp\/v2\/types\/page"}],"author":[{"embeddable":true,"href":"https:\/\/dugoudronetdesplumeseditions.ch\/index.php?rest_route=\/wp\/v2\/users\/1"}],"replies":[{"embeddable":true,"href":"https:\/\/dugoudronetdesplumeseditions.ch\/index.php?rest_route=%2Fwp%2Fv2%2Fcomments&post=41"}],"version-history":[{"count":10,"href":"https:\/\/dugoudronetdesplumeseditions.ch\/index.php?rest_route=\/wp\/v2\/pages\/41\/revisions"}],"predecessor-version":[{"id":3260,"href":"https:\/\/dugoudronetdesplumeseditions.ch\/index.php?rest_route=\/wp\/v2\/pages\/41\/revisions\/3260"}],"wp:attachment":[{"href":"https:\/\/dugoudronetdesplumeseditions.ch\/index.php?rest_route=%2Fwp%2Fv2%2Fmedia&parent=41"}],"curies":[{"name":"wp","href":"https:\/\/api.w.org\/{rel}","templated":true}]}}