{"id":4,"date":"2014-07-11T17:20:53","date_gmt":"2014-07-11T15:20:53","guid":{"rendered":"http:\/\/dugoudronetdesplumeseditions.ch\/?page_id=4"},"modified":"2025-11-09T17:01:42","modified_gmt":"2025-11-09T16:01:42","slug":"presentation","status":"publish","type":"page","link":"https:\/\/dugoudronetdesplumeseditions.ch\/?page_id=4","title":{"rendered":"Qui sommes-nous?"},"content":{"rendered":"\n<p class=\"wp-block-paragraph\" style=\"font-size:16px\">Les \u00e9ditions du goudron et des plumes sont n\u00e9es en 2005 \u00e0 l\u2019atelier de gravure de Chevenez dans le Jura suisse. Les publications des \u00e9gp sont li\u00e9es au monde de la gravure et de l\u2019impression artisanale et contemporaine. Divers types d\u2019ouvrages paraissent. Des coffrets de gravures et des livres d\u2019artistes \u00e0 tirage limit\u00e9, mais aussi des albums jeunesse, imprim\u00e9s en offset, dont les maquettes sont r\u00e9alis\u00e9es \u00e0 l\u2019atelier et des livres \u00ab\u00a0mixtes\u00a0\u00bb comme <em>les petits carr\u00e9s<\/em>, une r\u00e9alisation locale, qui lie l\u2019artisanat du livre au mode de production contemporain en impression num\u00e9rique et qui permet de suivre la demande au fil du temps.<\/p>\n\n\n\n<div style=\"height:40px\" aria-hidden=\"true\" class=\"wp-block-spacer\"><\/div>\n\n\n\n<figure class=\"wp-block-image size-large\"><a href=\"https:\/\/dugoudronetdesplumeseditions.ch\/wp-content\/uploads\/2022\/12\/APropos-scaled.jpg\"><img loading=\"lazy\" decoding=\"async\" width=\"1024\" height=\"328\" src=\"https:\/\/dugoudronetdesplumeseditions.ch\/wp-content\/uploads\/2022\/12\/APropos-1024x328.jpg\" alt=\"\" class=\"wp-image-2430\" srcset=\"https:\/\/dugoudronetdesplumeseditions.ch\/wp-content\/uploads\/2022\/12\/APropos-1024x328.jpg 1024w, https:\/\/dugoudronetdesplumeseditions.ch\/wp-content\/uploads\/2022\/12\/APropos-300x96.jpg 300w, https:\/\/dugoudronetdesplumeseditions.ch\/wp-content\/uploads\/2022\/12\/APropos-768x246.jpg 768w, https:\/\/dugoudronetdesplumeseditions.ch\/wp-content\/uploads\/2022\/12\/APropos-1536x493.jpg 1536w, https:\/\/dugoudronetdesplumeseditions.ch\/wp-content\/uploads\/2022\/12\/APropos-2048x657.jpg 2048w\" sizes=\"auto, (max-width: 1024px) 100vw, 1024px\" \/><\/a><\/figure>\n\n\n\n<div style=\"height:40px\" aria-hidden=\"true\" class=\"wp-block-spacer\"><\/div>\n\n\n\n<p class=\"wp-block-paragraph\" style=\"font-size:16px\">Les ouvrages sont r\u00e9alis\u00e9s de bout en bout \u00e0 l\u2019atelier avec diverses techniques d\u2019impression. Sur la presse typographique sont encr\u00e9es des plaques de linoleum ou des bois. La presse \u00e9tait destin\u00e9e \u00e0 la casse apr\u00e8s avoir servi \u00e0 l\u2019\u00e9cole des typographes de Porrentruy. Elle passe sa deuxi\u00e8me vie dans le giron du goudron et des plumes et a donn\u00e9 son nom \u00e0 la collection&nbsp;<em>Fag Control 405.&nbsp;<\/em>L\u2019atelier dispose \u00e9galement de caract\u00e8res en bois et en plomb qui permettent de composer les textes.<\/p>\n\n\n\n<div style=\"height:40px\" aria-hidden=\"true\" class=\"wp-block-spacer\"><\/div>\n\n\n\n<figure class=\"wp-block-image size-large\"><a href=\"https:\/\/dugoudronetdesplumeseditions.ch\/wp-content\/uploads\/2022\/12\/APropos2-scaled.jpg\"><img loading=\"lazy\" decoding=\"async\" width=\"1024\" height=\"328\" src=\"https:\/\/dugoudronetdesplumeseditions.ch\/wp-content\/uploads\/2022\/12\/APropos2-1024x328.jpg\" alt=\"\" class=\"wp-image-2431\" srcset=\"https:\/\/dugoudronetdesplumeseditions.ch\/wp-content\/uploads\/2022\/12\/APropos2-1024x328.jpg 1024w, https:\/\/dugoudronetdesplumeseditions.ch\/wp-content\/uploads\/2022\/12\/APropos2-300x96.jpg 300w, https:\/\/dugoudronetdesplumeseditions.ch\/wp-content\/uploads\/2022\/12\/APropos2-768x246.jpg 768w, https:\/\/dugoudronetdesplumeseditions.ch\/wp-content\/uploads\/2022\/12\/APropos2-1536x493.jpg 1536w, https:\/\/dugoudronetdesplumeseditions.ch\/wp-content\/uploads\/2022\/12\/APropos2-2048x657.jpg 2048w\" sizes=\"auto, (max-width: 1024px) 100vw, 1024px\" \/><\/a><\/figure>\n\n\n\n<div style=\"height:40px\" aria-hidden=\"true\" class=\"wp-block-spacer\"><\/div>\n\n\n\n<p class=\"wp-block-paragraph\" style=\"font-size:16px\">Sur la presse Zaugg sont encr\u00e9es des plaques de cuivre dans toutes les variations que permet la taille-douce: burin, pointe s\u00e8che, eau-forte, vernis mou, aquatinte ou h\u00e9liogravure.<\/p>\n\n\n\n<div style=\"height:40px\" aria-hidden=\"true\" class=\"wp-block-spacer\"><\/div>\n\n\n\n<figure class=\"wp-block-image size-large\"><a href=\"https:\/\/dugoudronetdesplumeseditions.ch\/wp-content\/uploads\/2022\/12\/APropos3-scaled.jpg\"><img loading=\"lazy\" decoding=\"async\" width=\"1024\" height=\"328\" src=\"https:\/\/dugoudronetdesplumeseditions.ch\/wp-content\/uploads\/2022\/12\/APropos3-1024x328.jpg\" alt=\"\" class=\"wp-image-2432\" srcset=\"https:\/\/dugoudronetdesplumeseditions.ch\/wp-content\/uploads\/2022\/12\/APropos3-1024x328.jpg 1024w, https:\/\/dugoudronetdesplumeseditions.ch\/wp-content\/uploads\/2022\/12\/APropos3-300x96.jpg 300w, https:\/\/dugoudronetdesplumeseditions.ch\/wp-content\/uploads\/2022\/12\/APropos3-768x246.jpg 768w, https:\/\/dugoudronetdesplumeseditions.ch\/wp-content\/uploads\/2022\/12\/APropos3-1536x493.jpg 1536w, https:\/\/dugoudronetdesplumeseditions.ch\/wp-content\/uploads\/2022\/12\/APropos3-2048x657.jpg 2048w\" sizes=\"auto, (max-width: 1024px) 100vw, 1024px\" \/><\/a><\/figure>\n\n\n\n<div style=\"height:40px\" aria-hidden=\"true\" class=\"wp-block-spacer\"><\/div>\n\n\n\n<p class=\"wp-block-paragraph\" style=\"font-size:16px\">Les \u00e9diteurs Patricia et Romain Crelier accueillent des cr\u00e9ateurs dans un espace d\u2019exp\u00e9rimentation o\u00f9 les images dialoguent avec les textes. Afin de r\u00e9pondre \u00e0 une demande grandissante, certains livres ont \u00e9t\u00e9 s\u00e9rigraphi\u00e9s pour augmenter le tirage en gardant l\u2019esprit de l\u2019impression sur la presse typographique. Depuis 2020, des livres sont imprim\u00e9s en offset ou en num\u00e9rique pour une diffusion en librairie plus large et \u00e0 moindre prix.<\/p>\n\n\n\n<div style=\"height:40px\" aria-hidden=\"true\" class=\"wp-block-spacer\"><\/div>\n\n\n\n<figure class=\"wp-block-image size-large\"><a href=\"https:\/\/dugoudronetdesplumeseditions.ch\/wp-content\/uploads\/2022\/12\/APropos4-scaled.jpg\"><img loading=\"lazy\" decoding=\"async\" width=\"1024\" height=\"328\" src=\"https:\/\/dugoudronetdesplumeseditions.ch\/wp-content\/uploads\/2022\/12\/APropos4-1024x328.jpg\" alt=\"\" class=\"wp-image-2433\" srcset=\"https:\/\/dugoudronetdesplumeseditions.ch\/wp-content\/uploads\/2022\/12\/APropos4-1024x328.jpg 1024w, https:\/\/dugoudronetdesplumeseditions.ch\/wp-content\/uploads\/2022\/12\/APropos4-300x96.jpg 300w, https:\/\/dugoudronetdesplumeseditions.ch\/wp-content\/uploads\/2022\/12\/APropos4-768x246.jpg 768w, https:\/\/dugoudronetdesplumeseditions.ch\/wp-content\/uploads\/2022\/12\/APropos4-1536x493.jpg 1536w, https:\/\/dugoudronetdesplumeseditions.ch\/wp-content\/uploads\/2022\/12\/APropos4-2048x657.jpg 2048w\" sizes=\"auto, (max-width: 1024px) 100vw, 1024px\" \/><\/a><\/figure>\n\n\n\n<div style=\"height:40px\" aria-hidden=\"true\" class=\"wp-block-spacer\"><\/div>\n\n\n\n<p class=\"wp-block-paragraph\"><\/p>\n\n\n\n<h5 class=\"wp-block-heading\">Vid\u00e9os de Karim Trabelsi et Steven Blatter<\/h5>\n\n\n<p><iframe loading=\"lazy\" title=\"\u00e9ditions du goudron et des plumes - linogravure\" width=\"940\" height=\"529\" src=\"https:\/\/www.youtube.com\/embed\/ZaNwfG29oJs?feature=oembed\" frameborder=\"0\" allow=\"accelerometer; autoplay; clipboard-write; encrypted-media; gyroscope; picture-in-picture; web-share\" referrerpolicy=\"strict-origin-when-cross-origin\" allowfullscreen><\/iframe><\/p>\n\n\n<p><iframe loading=\"lazy\" title=\"\u00e9ditions du goudron et des plumes - taille-douce\" width=\"940\" height=\"529\" src=\"https:\/\/www.youtube.com\/embed\/BbWafJhiL8U?feature=oembed\" frameborder=\"0\" allow=\"accelerometer; autoplay; clipboard-write; encrypted-media; gyroscope; picture-in-picture; web-share\" referrerpolicy=\"strict-origin-when-cross-origin\" allowfullscreen><\/iframe><\/p>\n\n\n<p><iframe loading=\"lazy\" title=\"\u00e9ditions du goudron et des plumes   impression typographique\" width=\"940\" height=\"529\" src=\"https:\/\/www.youtube.com\/embed\/xUpaJsKNYYM?feature=oembed\" frameborder=\"0\" allow=\"accelerometer; autoplay; clipboard-write; encrypted-media; gyroscope; picture-in-picture; web-share\" referrerpolicy=\"strict-origin-when-cross-origin\" allowfullscreen><\/iframe><\/p>\n","protected":false},"excerpt":{"rendered":"<p>Les \u00e9ditions du goudron et des plumes sont n\u00e9es en 2005 \u00e0 l\u2019atelier de gravure&#8230;<\/p>\n","protected":false},"author":1,"featured_media":0,"parent":0,"menu_order":0,"comment_status":"closed","ping_status":"closed","template":"","meta":{"footnotes":""},"class_list":["post-4","page","type-page","status-publish","hentry"],"_links":{"self":[{"href":"https:\/\/dugoudronetdesplumeseditions.ch\/index.php?rest_route=\/wp\/v2\/pages\/4","targetHints":{"allow":["GET"]}}],"collection":[{"href":"https:\/\/dugoudronetdesplumeseditions.ch\/index.php?rest_route=\/wp\/v2\/pages"}],"about":[{"href":"https:\/\/dugoudronetdesplumeseditions.ch\/index.php?rest_route=\/wp\/v2\/types\/page"}],"author":[{"embeddable":true,"href":"https:\/\/dugoudronetdesplumeseditions.ch\/index.php?rest_route=\/wp\/v2\/users\/1"}],"replies":[{"embeddable":true,"href":"https:\/\/dugoudronetdesplumeseditions.ch\/index.php?rest_route=%2Fwp%2Fv2%2Fcomments&post=4"}],"version-history":[{"count":115,"href":"https:\/\/dugoudronetdesplumeseditions.ch\/index.php?rest_route=\/wp\/v2\/pages\/4\/revisions"}],"predecessor-version":[{"id":3519,"href":"https:\/\/dugoudronetdesplumeseditions.ch\/index.php?rest_route=\/wp\/v2\/pages\/4\/revisions\/3519"}],"wp:attachment":[{"href":"https:\/\/dugoudronetdesplumeseditions.ch\/index.php?rest_route=%2Fwp%2Fv2%2Fmedia&parent=4"}],"curies":[{"name":"wp","href":"https:\/\/api.w.org\/{rel}","templated":true}]}}