{"id":39,"date":"2014-07-11T20:05:55","date_gmt":"2014-07-11T20:05:55","guid":{"rendered":"http:\/\/dugoudronetdesplumeseditions.ch\/?page_id=39"},"modified":"2025-11-23T11:47:31","modified_gmt":"2025-11-23T10:47:31","slug":"patricia-crelier","status":"publish","type":"page","link":"https:\/\/dugoudronetdesplumeseditions.ch\/?page_id=39","title":{"rendered":"Patricia Crelier"},"content":{"rendered":"<p>Patricia Crelier vit \u00e0 Chevenez, dans le Jura en Suisse o\u00f9 elle fabrique des livres. En 2005 elle cr\u00e9\u00e9 avec Romain Crelier les \u00e9ditions du goudron et des plumes. Elle explore les mots, les monotypes, la typographie, la linogravure, la gravure sur des berlingots. Elle anime des stages d\u2019initiation \u00e0 l\u2019impression et propose d\u2019<em>inventer un livre ensemble<\/em> dans les \u00e9coles ou les biblioth\u00e8ques.<\/p>\n<p><a href=\"https:\/\/dugoudronetdesplumeseditions.ch\/wp-content\/uploads\/2025\/11\/Crelier-Patricia-parcours-de-creation-2025.pdf\">Parcours de cr\u00e9ation<\/a><\/p>\n\n\n<blockquote class=\"wp-block-quote is-layout-flow wp-block-quote-is-layout-flow\">\n<p class=\"wp-block-paragraph\"><\/p>\n<\/blockquote>\n\n\n\n<p class=\"wp-block-paragraph\"><\/p>\n\n\n\n<p class=\"wp-block-paragraph\"><a href=\"https:\/\/dugoudronetdesplumeseditions.ch\/?p=3337\" data-type=\"post\" data-id=\"3337\">Bulle<\/a><\/p>\n\n\n\n<p class=\"wp-block-paragraph\"><a href=\"https:\/\/dugoudronetdesplumeseditions.ch\/?p=3135\" data-type=\"post\" data-id=\"3135\">Ignace<\/a><\/p>\n\n\n\n<p class=\"wp-block-paragraph\"><a href=\"https:\/\/dugoudronetdesplumeseditions.ch\/?p=2612\" data-type=\"post\" data-id=\"2612\">Rita<\/a><\/p>\n\n\n\n<p class=\"wp-block-paragraph\"><a href=\"https:\/\/dugoudronetdesplumeseditions.ch\/?p=2182\">La Sir\u00e8ne du Doubs \/2<\/a><\/p>\n\n\n\n<p class=\"wp-block-paragraph\"><a href=\"https:\/\/dugoudronetdesplumeseditions.ch\/?p=2180\">Max<\/a><\/p>\n\n\n\n<p class=\"wp-block-paragraph\"><a href=\"https:\/\/dugoudronetdesplumeseditions.ch\/?p=2178\">Loli<\/a><\/p>\n\n\n\n<p class=\"wp-block-paragraph\"><a href=\"https:\/\/dugoudronetdesplumeseditions.ch\/?p=2176\">Raoul<\/a><\/p>\n\n\n\n<p class=\"wp-block-paragraph\"><a href=\"https:\/\/dugoudronetdesplumeseditions.ch\/?p=2090\">Poisson d&rsquo;avril \/2<\/a><\/p>\n\n\n\n<p class=\"wp-block-paragraph\"><a href=\"https:\/\/dugoudronetdesplumeseditions.ch\/?p=2097\">Ouf l&rsquo;alphabet fou<\/a><\/p>\n\n\n\n<p class=\"wp-block-paragraph\"><a href=\"https:\/\/dugoudronetdesplumeseditions.ch\/?p=2094\">La mise en ab\u00eeme<\/a><\/p>\n\n\n\n<p class=\"wp-block-paragraph\"><a href=\"https:\/\/dugoudronetdesplumeseditions.ch\/?p=869\">Les orgues d&rsquo;Am\u00e9lie<\/a><\/p>\n\n\n\n<p class=\"wp-block-paragraph\"><a href=\"https:\/\/dugoudronetdesplumeseditions.ch\/?p=858\">Conversations en mille-feuille<\/a><\/p>\n\n\n\n<p class=\"wp-block-paragraph\"><a href=\"https:\/\/dugoudronetdesplumeseditions.ch\/?p=882\">Stella<\/a><\/p>\n\n\n\n<p class=\"wp-block-paragraph\"><a href=\"https:\/\/dugoudronetdesplumeseditions.ch\/?p=409\">Le noir en cage<\/a><\/p>\n\n\n\n<p class=\"wp-block-paragraph\"><a href=\"https:\/\/dugoudronetdesplumeseditions.ch\/?p=374\">Les Zinutilit\u00e9s<\/a><\/p>\n\n\n\n<p class=\"wp-block-paragraph\"><a href=\"https:\/\/dugoudronetdesplumeseditions.ch\/?p=113\">Alphabet Tic Tac<\/a><\/p>\n\n\n\n<p class=\"wp-block-paragraph\"><a href=\"https:\/\/dugoudronetdesplumeseditions.ch\/?p=147\">Le tricot d&rsquo;Anna<\/a><\/p>\n\n\n\n<p class=\"wp-block-paragraph\"><a href=\"https:\/\/dugoudronetdesplumeseditions.ch\/?p=138\">Le livre qui (avait perdu son titre)<\/a><\/p>\n\n\n\n<p class=\"wp-block-paragraph\"><a href=\"https:\/\/dugoudronetdesplumeseditions.ch\/?p=150\">La veine du bois dormant<\/a><\/p>\n\n\n\n<p class=\"wp-block-paragraph\"><a href=\"https:\/\/dugoudronetdesplumeseditions.ch\/?p=153\">La sir\u00e8ne du Doubs \/1<\/a><\/p>\n\n\n\n<p class=\"wp-block-paragraph\"><a href=\"https:\/\/dugoudronetdesplumeseditions.ch\/?p=215\">Dans les plis de la baleine<\/a><\/p>\n\n\n\n<p class=\"wp-block-paragraph\"><a href=\"https:\/\/dugoudronetdesplumeseditions.ch\/?p=201\">Le voyage de Th\u00e9odora<\/a><\/p>\n\n\n\n<p class=\"wp-block-paragraph\"><a href=\"https:\/\/dugoudronetdesplumeseditions.ch\/?p=190\">Ma maman gambade f\u00e9brilement dans une cabine t\u00e9l\u00e9phonique<\/a><\/p>\n\n\n\n<p class=\"wp-block-paragraph\"><a href=\"https:\/\/dugoudronetdesplumeseditions.ch\/?p=54\">Poisson d\u2019avril \/1<\/a><\/p>\n","protected":false},"excerpt":{"rendered":"<p>Patricia Crelier vit \u00e0 Chevenez, dans le Jura en Suisse o\u00f9 elle fabrique des livres&#8230;.<\/p>\n","protected":false},"author":1,"featured_media":0,"parent":0,"menu_order":0,"comment_status":"closed","ping_status":"closed","template":"","meta":{"footnotes":""},"class_list":["post-39","page","type-page","status-publish","hentry"],"_links":{"self":[{"href":"https:\/\/dugoudronetdesplumeseditions.ch\/index.php?rest_route=\/wp\/v2\/pages\/39","targetHints":{"allow":["GET"]}}],"collection":[{"href":"https:\/\/dugoudronetdesplumeseditions.ch\/index.php?rest_route=\/wp\/v2\/pages"}],"about":[{"href":"https:\/\/dugoudronetdesplumeseditions.ch\/index.php?rest_route=\/wp\/v2\/types\/page"}],"author":[{"embeddable":true,"href":"https:\/\/dugoudronetdesplumeseditions.ch\/index.php?rest_route=\/wp\/v2\/users\/1"}],"replies":[{"embeddable":true,"href":"https:\/\/dugoudronetdesplumeseditions.ch\/index.php?rest_route=%2Fwp%2Fv2%2Fcomments&post=39"}],"version-history":[{"count":63,"href":"https:\/\/dugoudronetdesplumeseditions.ch\/index.php?rest_route=\/wp\/v2\/pages\/39\/revisions"}],"predecessor-version":[{"id":3567,"href":"https:\/\/dugoudronetdesplumeseditions.ch\/index.php?rest_route=\/wp\/v2\/pages\/39\/revisions\/3567"}],"wp:attachment":[{"href":"https:\/\/dugoudronetdesplumeseditions.ch\/index.php?rest_route=%2Fwp%2Fv2%2Fmedia&parent=39"}],"curies":[{"name":"wp","href":"https:\/\/api.w.org\/{rel}","templated":true}]}}