{"id":2520,"date":"2023-03-18T14:37:08","date_gmt":"2023-03-18T13:37:08","guid":{"rendered":"http:\/\/dugoudronetdesplumeseditions.ch\/?page_id=2520"},"modified":"2025-11-23T11:51:42","modified_gmt":"2025-11-23T10:51:42","slug":"antoine-rubin","status":"publish","type":"page","link":"https:\/\/dugoudronetdesplumeseditions.ch\/?page_id=2520","title":{"rendered":"Antoine Rubin"},"content":{"rendered":"\n<p class=\"wp-block-paragraph\">Antoine Rubin est n\u00e9 en 1990 \u00e0 Saint Imier dans le Canton de Berne. Il vit aujourd\u2019hui \u00e0 Bienne, \u00e9crit des textes, en fait des livres ou des performances, exp\u00e9rimente des dispositifs, participe \u00e0 des expositions, est form\u00e9 en anthropologie, utilise ses m\u00e9thodes pour r\u00e9colter du mat\u00e9riel, le restitue sous diff\u00e9rentes formes, surtout par le r\u00e9cit, et parmi mille autres petites choses, entreprend volontiers la construction d\u2019un feu pour passer la nuit dehors.<\/p>\n\n\n\n<p class=\"wp-block-paragraph\">Il a notamment \u00e9crit\u00a0: <em>Le chant des containers<\/em> aux \u00e9ditions du Noyau, <em>Wanderlust<\/em> et <em>M\u00e9moire d\u2019une for\u00eat<\/em>, chez Torticolis et Fr\u00e8res et <em>Calcaires<\/em> \u00e0 la Veilleuse.<\/p>\n\n\n\n<p class=\"wp-block-paragraph\"><\/p>\n\n\n\n<blockquote class=\"wp-block-quote is-layout-flow wp-block-quote-is-layout-flow\">\n<p class=\"wp-block-paragraph\"><\/p>\n<\/blockquote>\n\n\n\n<p class=\"wp-block-paragraph\"><\/p>\n\n\n\n<p class=\"wp-block-paragraph\"><a href=\"https:\/\/dugoudronetdesplumeseditions.ch\/?p=1557\" data-type=\"post\" data-id=\"1557\">Fragment d&rsquo;une capitale<\/a> (coffret Quinze) <\/p>\n","protected":false},"excerpt":{"rendered":"<p>Antoine Rubin est n\u00e9 en 1990 \u00e0 Saint Imier dans le Canton de Berne. Il&#8230;<\/p>\n","protected":false},"author":1,"featured_media":0,"parent":0,"menu_order":0,"comment_status":"closed","ping_status":"closed","template":"","meta":{"footnotes":""},"class_list":["post-2520","page","type-page","status-publish","hentry"],"_links":{"self":[{"href":"https:\/\/dugoudronetdesplumeseditions.ch\/index.php?rest_route=\/wp\/v2\/pages\/2520","targetHints":{"allow":["GET"]}}],"collection":[{"href":"https:\/\/dugoudronetdesplumeseditions.ch\/index.php?rest_route=\/wp\/v2\/pages"}],"about":[{"href":"https:\/\/dugoudronetdesplumeseditions.ch\/index.php?rest_route=\/wp\/v2\/types\/page"}],"author":[{"embeddable":true,"href":"https:\/\/dugoudronetdesplumeseditions.ch\/index.php?rest_route=\/wp\/v2\/users\/1"}],"replies":[{"embeddable":true,"href":"https:\/\/dugoudronetdesplumeseditions.ch\/index.php?rest_route=%2Fwp%2Fv2%2Fcomments&post=2520"}],"version-history":[{"count":2,"href":"https:\/\/dugoudronetdesplumeseditions.ch\/index.php?rest_route=\/wp\/v2\/pages\/2520\/revisions"}],"predecessor-version":[{"id":3575,"href":"https:\/\/dugoudronetdesplumeseditions.ch\/index.php?rest_route=\/wp\/v2\/pages\/2520\/revisions\/3575"}],"wp:attachment":[{"href":"https:\/\/dugoudronetdesplumeseditions.ch\/index.php?rest_route=%2Fwp%2Fv2%2Fmedia&parent=2520"}],"curies":[{"name":"wp","href":"https:\/\/api.w.org\/{rel}","templated":true}]}}