{"id":2508,"date":"2023-03-18T14:32:07","date_gmt":"2023-03-18T13:32:07","guid":{"rendered":"http:\/\/dugoudronetdesplumeseditions.ch\/?page_id=2508"},"modified":"2023-03-18T14:32:07","modified_gmt":"2023-03-18T13:32:07","slug":"caty-poivre-auria","status":"publish","type":"page","link":"https:\/\/dugoudronetdesplumeseditions.ch\/?page_id=2508","title":{"rendered":"Caty Poivre-Auria"},"content":{"rendered":"\n<p class=\"wp-block-paragraph\">Caty Poivre-Auria est fran\u00e7aise d\u2019origine lyonnaise par son p\u00e8re et basque espagnole par sa m\u00e8re. Elle a d\u00e9couvert la mise en ab\u00eeme, une installation de Romain Crelier \u00e0 l\u2019abbatiale de Bellelay, alors qu\u2019elle effectuait un stage en Suisse au Mus\u00e9e d\u2019ethnographie de Neuch\u00e2tel, l\u2019\u00e9t\u00e9 2013. Passionn\u00e9e par les rapports entre les hommes et la culture, elle prend des notes dans l\u2019abbatiale, interroge les gardiens, \u00e9change avec les visiteurs. Elle nous livre sa r\u00e9colte dans un livret con\u00e7u t\u00eate-b\u00eache pour partager son plaisir avec ceux qui l\u2019ont accueilli. C\u2019est dr\u00f4le, vif, impertinent et grave. Elle poursuit par ailleurs ses recherches sur l\u2019\u00e9cho que suscite l\u2019art contemporain aupr\u00e8s du public Un r\u00e9v\u00e9lateur de soci\u00e9t\u00e9, subtil et mouvant.<\/p>\n\n\n\n<p class=\"wp-block-paragraph\"><\/p>\n\n\n\n<blockquote class=\"wp-block-quote is-layout-flow wp-block-quote-is-layout-flow\"><p><\/p><\/blockquote>\n\n\n\n<p class=\"wp-block-paragraph\"><\/p>\n\n\n\n<p class=\"wp-block-paragraph\"><\/p>\n\n\n\n<p class=\"wp-block-paragraph\"><a href=\"https:\/\/dugoudronetdesplumeseditions.ch\/?p=2094\" data-type=\"post\" data-id=\"2094\">La mise en ab\u00eeme<\/a><\/p>\n","protected":false},"excerpt":{"rendered":"<p>Caty Poivre-Auria est fran\u00e7aise d\u2019origine lyonnaise par son p\u00e8re et basque espagnole par sa m\u00e8re&#8230;.<\/p>\n","protected":false},"author":1,"featured_media":0,"parent":0,"menu_order":0,"comment_status":"closed","ping_status":"closed","template":"","meta":{"footnotes":""},"class_list":["post-2508","page","type-page","status-publish","hentry"],"_links":{"self":[{"href":"https:\/\/dugoudronetdesplumeseditions.ch\/index.php?rest_route=\/wp\/v2\/pages\/2508","targetHints":{"allow":["GET"]}}],"collection":[{"href":"https:\/\/dugoudronetdesplumeseditions.ch\/index.php?rest_route=\/wp\/v2\/pages"}],"about":[{"href":"https:\/\/dugoudronetdesplumeseditions.ch\/index.php?rest_route=\/wp\/v2\/types\/page"}],"author":[{"embeddable":true,"href":"https:\/\/dugoudronetdesplumeseditions.ch\/index.php?rest_route=\/wp\/v2\/users\/1"}],"replies":[{"embeddable":true,"href":"https:\/\/dugoudronetdesplumeseditions.ch\/index.php?rest_route=%2Fwp%2Fv2%2Fcomments&post=2508"}],"version-history":[{"count":1,"href":"https:\/\/dugoudronetdesplumeseditions.ch\/index.php?rest_route=\/wp\/v2\/pages\/2508\/revisions"}],"predecessor-version":[{"id":2509,"href":"https:\/\/dugoudronetdesplumeseditions.ch\/index.php?rest_route=\/wp\/v2\/pages\/2508\/revisions\/2509"}],"wp:attachment":[{"href":"https:\/\/dugoudronetdesplumeseditions.ch\/index.php?rest_route=%2Fwp%2Fv2%2Fmedia&parent=2508"}],"curies":[{"name":"wp","href":"https:\/\/api.w.org\/{rel}","templated":true}]}}