{"id":2485,"date":"2023-03-18T14:19:34","date_gmt":"2023-03-18T13:19:34","guid":{"rendered":"http:\/\/dugoudronetdesplumeseditions.ch\/?page_id=2485"},"modified":"2023-03-18T14:19:34","modified_gmt":"2023-03-18T13:19:34","slug":"cyril-mettler","status":"publish","type":"page","link":"https:\/\/dugoudronetdesplumeseditions.ch\/?page_id=2485","title":{"rendered":"Cyril Mettler"},"content":{"rendered":"\n<p class=\"wp-block-paragraph\">Cyril Mettler, n\u00e9 \u00e0 Berne en 2009 vit \u00e0 Bienne. Apr\u00e8s des \u00e9tudes en sciences biom\u00e9dicales, son int\u00e9r\u00eat se porte sur les interactions sociales et le r\u00f4le qu\u2019y joue le langage. Il suit alors des \u00e9tudes en psychologie, logop\u00e9die et linguistique. Il nourrit sa fascination pour l\u2019\u00e9criture et la peinture en participant \u00e0 diverses expositions et lectures, notamment \u00e0 l\u2019ancienne Gare de Fribourg, avec ses textes\u00a0: <em>Ocytocine, PAS PAS<\/em> et <em>La Porte<\/em> ou \u00e0 la Galerie YD \u00e0 Neuch\u00e2tel, avec <em>Caf\u00e9 Noir<\/em>.<\/p>\n\n\n\n<p class=\"wp-block-paragraph\"><\/p>\n\n\n\n<blockquote class=\"wp-block-quote is-layout-flow wp-block-quote-is-layout-flow\"><p><\/p><\/blockquote>\n\n\n\n<p class=\"wp-block-paragraph\"><\/p>\n\n\n\n<p class=\"wp-block-paragraph\"><\/p>\n\n\n\n<p class=\"wp-block-paragraph\"><a href=\"https:\/\/dugoudronetdesplumeseditions.ch\/?p=1566\" data-type=\"post\" data-id=\"1566\">Le go\u00fbt du noir<\/a> (coffret Quinze) <\/p>\n","protected":false},"excerpt":{"rendered":"<p>Cyril Mettler, n\u00e9 \u00e0 Berne en 2009 vit \u00e0 Bienne. Apr\u00e8s des \u00e9tudes en sciences&#8230;<\/p>\n","protected":false},"author":1,"featured_media":0,"parent":0,"menu_order":0,"comment_status":"closed","ping_status":"closed","template":"","meta":{"footnotes":""},"class_list":["post-2485","page","type-page","status-publish","hentry"],"_links":{"self":[{"href":"https:\/\/dugoudronetdesplumeseditions.ch\/index.php?rest_route=\/wp\/v2\/pages\/2485","targetHints":{"allow":["GET"]}}],"collection":[{"href":"https:\/\/dugoudronetdesplumeseditions.ch\/index.php?rest_route=\/wp\/v2\/pages"}],"about":[{"href":"https:\/\/dugoudronetdesplumeseditions.ch\/index.php?rest_route=\/wp\/v2\/types\/page"}],"author":[{"embeddable":true,"href":"https:\/\/dugoudronetdesplumeseditions.ch\/index.php?rest_route=\/wp\/v2\/users\/1"}],"replies":[{"embeddable":true,"href":"https:\/\/dugoudronetdesplumeseditions.ch\/index.php?rest_route=%2Fwp%2Fv2%2Fcomments&post=2485"}],"version-history":[{"count":1,"href":"https:\/\/dugoudronetdesplumeseditions.ch\/index.php?rest_route=\/wp\/v2\/pages\/2485\/revisions"}],"predecessor-version":[{"id":2486,"href":"https:\/\/dugoudronetdesplumeseditions.ch\/index.php?rest_route=\/wp\/v2\/pages\/2485\/revisions\/2486"}],"wp:attachment":[{"href":"https:\/\/dugoudronetdesplumeseditions.ch\/index.php?rest_route=%2Fwp%2Fv2%2Fmedia&parent=2485"}],"curies":[{"name":"wp","href":"https:\/\/api.w.org\/{rel}","templated":true}]}}