{"id":2479,"date":"2023-03-18T14:17:08","date_gmt":"2023-03-18T13:17:08","guid":{"rendered":"http:\/\/dugoudronetdesplumeseditions.ch\/?page_id=2479"},"modified":"2023-03-18T14:17:08","modified_gmt":"2023-03-18T13:17:08","slug":"francoise-matthey","status":"publish","type":"page","link":"https:\/\/dugoudronetdesplumeseditions.ch\/?page_id=2479","title":{"rendered":"Fran\u00e7oise Matthey"},"content":{"rendered":"\n<p class=\"wp-block-paragraph\">Fran\u00e7oise Matthey, n\u00e9e \u00e0 Strasbourg en 1949, vit aux Franches-Montagnes dans le canton du Jura o\u00f9 elle d\u00e9veloppe une \u0153uvre po\u00e9tique marqu\u00e9e par l\u2019\u00e9merveillement.<\/p>\n\n\n\n<p class=\"wp-block-paragraph\">Passionn\u00e9e par le monde des livres, elle a pratiqu\u00e9 son m\u00e9tier de m\u00e9diath\u00e9caire \u00e0 l\u2019Office F\u00e9d\u00e9ral du Sport de Macolin avant de diriger la biblioth\u00e8que r\u00e9gionale de Tavannes.<\/p>\n\n\n\n<p class=\"wp-block-paragraph\">Elle a aussi mis sur pied le printemps des po\u00e8tes de 2007 \u00e0 2011 dans la partie francophone du Jura bernois et participe \u00e0 des festivals de po\u00e9sie et des rencontres litt\u00e9raires. Depuis 2011, elle se consacre enti\u00e8rement \u00e0 l\u2019\u00e9criture.<\/p>\n\n\n\n<p class=\"wp-block-paragraph\">Aux \u00e9ditions de l\u2019Aire elle a notamment publi\u00e9 <em>Feux de sauge<\/em>, <em>Dans la lumi\u00e8re oblique<\/em> et <em>La premi\u00e8re<\/em> <em>Parole<\/em> et aux \u00e9ditions Empreintes Avec la connivence des embruns ou L\u2019or dans la poussi\u00e8re des seuils.<\/p>\n\n\n\n<p class=\"wp-block-paragraph\">Elle a re\u00e7u le prix Schiller pour <em>Comme Oph\u00e9lie prenait dans l\u2019eau sa force<\/em>.<\/p>\n\n\n\n<p class=\"wp-block-paragraph\"><\/p>\n\n\n\n<blockquote class=\"wp-block-quote is-layout-flow wp-block-quote-is-layout-flow\"><p><\/p><\/blockquote>\n\n\n\n<p class=\"wp-block-paragraph\"><\/p>\n\n\n\n<p class=\"wp-block-paragraph\"><\/p>\n\n\n\n<p class=\"wp-block-paragraph\"><a href=\"https:\/\/dugoudronetdesplumeseditions.ch\/?p=1542\" data-type=\"post\" data-id=\"1542\">Paix<\/a> (coffret Quinze) <\/p>\n","protected":false},"excerpt":{"rendered":"<p>Fran\u00e7oise Matthey, n\u00e9e \u00e0 Strasbourg en 1949, vit aux Franches-Montagnes dans le canton du Jura&#8230;<\/p>\n","protected":false},"author":1,"featured_media":0,"parent":0,"menu_order":0,"comment_status":"closed","ping_status":"closed","template":"","meta":{"footnotes":""},"class_list":["post-2479","page","type-page","status-publish","hentry"],"_links":{"self":[{"href":"https:\/\/dugoudronetdesplumeseditions.ch\/index.php?rest_route=\/wp\/v2\/pages\/2479","targetHints":{"allow":["GET"]}}],"collection":[{"href":"https:\/\/dugoudronetdesplumeseditions.ch\/index.php?rest_route=\/wp\/v2\/pages"}],"about":[{"href":"https:\/\/dugoudronetdesplumeseditions.ch\/index.php?rest_route=\/wp\/v2\/types\/page"}],"author":[{"embeddable":true,"href":"https:\/\/dugoudronetdesplumeseditions.ch\/index.php?rest_route=\/wp\/v2\/users\/1"}],"replies":[{"embeddable":true,"href":"https:\/\/dugoudronetdesplumeseditions.ch\/index.php?rest_route=%2Fwp%2Fv2%2Fcomments&post=2479"}],"version-history":[{"count":1,"href":"https:\/\/dugoudronetdesplumeseditions.ch\/index.php?rest_route=\/wp\/v2\/pages\/2479\/revisions"}],"predecessor-version":[{"id":2480,"href":"https:\/\/dugoudronetdesplumeseditions.ch\/index.php?rest_route=\/wp\/v2\/pages\/2479\/revisions\/2480"}],"wp:attachment":[{"href":"https:\/\/dugoudronetdesplumeseditions.ch\/index.php?rest_route=%2Fwp%2Fv2%2Fmedia&parent=2479"}],"curies":[{"name":"wp","href":"https:\/\/api.w.org\/{rel}","templated":true}]}}