{"id":1278,"date":"2018-05-07T14:29:25","date_gmt":"2018-05-07T12:29:25","guid":{"rendered":"http:\/\/dugoudronetdesplumeseditions.ch\/?page_id=1278"},"modified":"2026-03-08T10:44:47","modified_gmt":"2026-03-08T09:44:47","slug":"nos-imagiers","status":"publish","type":"page","link":"https:\/\/dugoudronetdesplumeseditions.ch\/?page_id=1278","title":{"rendered":"Autour des livres"},"content":{"rendered":"\n<p class=\"wp-block-paragraph\">Depuis 2005, les \u00e9ditions m\u00e8nent diverses exp\u00e9riences autour de certains livres de leur catalogue dans les \u00e9coles, biblioth\u00e8ques, librairies, artoth\u00e8ques, clubs de lecture ou homes pour personnes \u00e2g\u00e9es. Ces ateliers de lecture, d\u2019\u00e9criture ou d\u2019exp\u00e9rimentation plastique permettent de comprendre le processus cr\u00e9atif d\u2019un livre, observer, \u00e9couter, lire, jouer, \u00e9crire, dessiner, graver ou imprimer. Les ateliers sont modulables en fonction du nombre de participants et de l\u2019\u00e2ge. Ils s\u2019adaptent selon le contexte. <\/p>\n\n\n\n<p class=\"wp-block-paragraph\"><\/p>\n\n\n\n<div style=\"height:50px\" aria-hidden=\"true\" class=\"wp-block-spacer\"><\/div>\n\n\n\n<h2 class=\"wp-block-heading\">D\u00e8s 5 ans \u2013 <em>Le noir en cage<\/em> \u2013 Jean apprivoise sa peur du noir <\/h2>\n\n\n\n<p class=\"wp-block-paragraph\">Quand il a peur du noir, le petit Jean imagine qu\u2019il rev\u00eat son costume d\u2019aigle. Dans cet album, l\u2019oiseau majestueux personnifie la lutte contre la peur.&nbsp;<\/p>\n\n\n\n<blockquote class=\"wp-block-quote is-layout-flow wp-block-quote-is-layout-flow\">\n<p class=\"wp-block-paragraph\"><br>Moi, quand le noir me fait peur,&nbsp;<br>Le noir de ma chambre quand je suis tout seul le soir,&nbsp;<br>Le noir de dehors&nbsp;<br>O\u00f9 les ombres des arbres bougent,&nbsp;<br>O\u00f9 les loups et les monstres se cachent,&nbsp;<br>Quand le noir me fait peur et que je n\u2019arrive pas \u00e0 dormir, (\u2026) <br><\/p>\n<\/blockquote>\n\n\n\n<figure class=\"wp-block-gallery has-nested-images columns-default is-cropped wp-block-gallery-1 is-layout-flex wp-block-gallery-is-layout-flex\">\n<figure class=\"wp-block-image size-large\"><a href=\"https:\/\/dugoudronetdesplumeseditions.ch\/wp-content\/uploads\/2024\/05\/le-noir-en-cage-1.jpg\"><img loading=\"lazy\" decoding=\"async\" width=\"943\" height=\"1024\" data-id=\"3060\" src=\"https:\/\/dugoudronetdesplumeseditions.ch\/wp-content\/uploads\/2024\/05\/le-noir-en-cage-1-943x1024.jpg\" alt=\"\" class=\"wp-image-3060\" srcset=\"https:\/\/dugoudronetdesplumeseditions.ch\/wp-content\/uploads\/2024\/05\/le-noir-en-cage-1-943x1024.jpg 943w, https:\/\/dugoudronetdesplumeseditions.ch\/wp-content\/uploads\/2024\/05\/le-noir-en-cage-1-276x300.jpg 276w, https:\/\/dugoudronetdesplumeseditions.ch\/wp-content\/uploads\/2024\/05\/le-noir-en-cage-1-768x834.jpg 768w, https:\/\/dugoudronetdesplumeseditions.ch\/wp-content\/uploads\/2024\/05\/le-noir-en-cage-1-1415x1536.jpg 1415w, https:\/\/dugoudronetdesplumeseditions.ch\/wp-content\/uploads\/2024\/05\/le-noir-en-cage-1.jpg 1803w\" sizes=\"auto, (max-width: 943px) 100vw, 943px\" \/><\/a><\/figure>\n\n\n\n<figure class=\"wp-block-image size-large\"><a href=\"https:\/\/dugoudronetdesplumeseditions.ch\/wp-content\/uploads\/2024\/05\/le-noir-en-cage-2.jpg\"><img loading=\"lazy\" decoding=\"async\" width=\"1024\" height=\"1017\" data-id=\"3059\" src=\"https:\/\/dugoudronetdesplumeseditions.ch\/wp-content\/uploads\/2024\/05\/le-noir-en-cage-2-1024x1017.jpg\" alt=\"\" class=\"wp-image-3059\" srcset=\"https:\/\/dugoudronetdesplumeseditions.ch\/wp-content\/uploads\/2024\/05\/le-noir-en-cage-2-1024x1017.jpg 1024w, https:\/\/dugoudronetdesplumeseditions.ch\/wp-content\/uploads\/2024\/05\/le-noir-en-cage-2-300x298.jpg 300w, https:\/\/dugoudronetdesplumeseditions.ch\/wp-content\/uploads\/2024\/05\/le-noir-en-cage-2-150x150.jpg 150w, https:\/\/dugoudronetdesplumeseditions.ch\/wp-content\/uploads\/2024\/05\/le-noir-en-cage-2-768x763.jpg 768w, https:\/\/dugoudronetdesplumeseditions.ch\/wp-content\/uploads\/2024\/05\/le-noir-en-cage-2-1536x1526.jpg 1536w, https:\/\/dugoudronetdesplumeseditions.ch\/wp-content\/uploads\/2024\/05\/le-noir-en-cage-2-2048x2034.jpg 2048w\" sizes=\"auto, (max-width: 1024px) 100vw, 1024px\" \/><\/a><\/figure>\n\n\n\n<figure class=\"wp-block-image size-large\"><a href=\"https:\/\/dugoudronetdesplumeseditions.ch\/wp-content\/uploads\/2024\/05\/le-noir-en-cage-3.jpg\"><img loading=\"lazy\" decoding=\"async\" width=\"1024\" height=\"1021\" data-id=\"3058\" src=\"https:\/\/dugoudronetdesplumeseditions.ch\/wp-content\/uploads\/2024\/05\/le-noir-en-cage-3-1024x1021.jpg\" alt=\"\" class=\"wp-image-3058\" srcset=\"https:\/\/dugoudronetdesplumeseditions.ch\/wp-content\/uploads\/2024\/05\/le-noir-en-cage-3-1024x1021.jpg 1024w, https:\/\/dugoudronetdesplumeseditions.ch\/wp-content\/uploads\/2024\/05\/le-noir-en-cage-3-300x300.jpg 300w, https:\/\/dugoudronetdesplumeseditions.ch\/wp-content\/uploads\/2024\/05\/le-noir-en-cage-3-150x150.jpg 150w, https:\/\/dugoudronetdesplumeseditions.ch\/wp-content\/uploads\/2024\/05\/le-noir-en-cage-3-768x766.jpg 768w, https:\/\/dugoudronetdesplumeseditions.ch\/wp-content\/uploads\/2024\/05\/le-noir-en-cage-3-1536x1531.jpg 1536w, https:\/\/dugoudronetdesplumeseditions.ch\/wp-content\/uploads\/2024\/05\/le-noir-en-cage-3.jpg 2046w\" sizes=\"auto, (max-width: 1024px) 100vw, 1024px\" \/><\/a><\/figure>\n<\/figure>\n\n\n\n<div style=\"height:50px\" aria-hidden=\"true\" class=\"wp-block-spacer\"><\/div>\n\n\n\n<p class=\"wp-block-paragraph\">Et toi, t\u2019arrive-t-il aussi d\u2019avoir peur du noir ?&nbsp;<\/p>\n\n\n\n<p class=\"wp-block-paragraph\">Les enfants r\u00e9agissent au livre. Ils d\u00e9couvrent comment sont n\u00e9es les images, entre ombres et lumi\u00e8res dans un leporello g\u00e9ant. Ils manipulent des outils et les matrices de linoleum. Ils cr\u00e9ent leur propre livre, un texte et des images imprim\u00e9es avec des motifs en cartons d\u00e9coup\u00e9s.&nbsp;<\/p>\n\n\n\n<p class=\"wp-block-paragraph\"><\/p>\n\n\n\n<p class=\"wp-block-paragraph\"><em><a href=\"https:\/\/dugoudronetdesplumeseditions.ch\/?p=409\" data-type=\"post\" data-id=\"409\">Le noir en cage<\/a><\/em>, <a href=\"https:\/\/dugoudronetdesplumeseditions.ch\/?page_id=97\" data-type=\"page\" data-id=\"97\">C\u00e9cile Pardi<\/a>, <a href=\"https:\/\/dugoudronetdesplumeseditions.ch\/?page_id=39\" data-type=\"page\" data-id=\"39\">Patricia Crelier<\/a>, \u00e9gp, 2015, impression originale sur la presse typographique, tirage limit\u00e9 \u00e0 120 ex.&nbsp;<\/p>\n\n\n\n<p class=\"wp-block-paragraph\"><\/p>\n\n\n\n<div style=\"height:50px\" aria-hidden=\"true\" class=\"wp-block-spacer\"><\/div>\n\n\n\n<h2 class=\"wp-block-heading\">D\u00e8s 7 ans \u2013 <em>Poisson d&rsquo;avril<\/em> \u2013 Ubrokid\u00e9bra, ils ne sont plus l\u00e0 !&nbsp;<\/h2>\n\n\n\n<p class=\"wp-block-paragraph\">Dans le chapeau du magicien, les animaux se bousculent, toujours plus nombreux.&nbsp;<\/p>\n\n\n\n<blockquote class=\"wp-block-quote is-layout-flow wp-block-quote-is-layout-flow\">\n<p class=\"wp-block-paragraph\"><br>A ! Bra ! Ka ! qui voil\u00e0 ?&nbsp;<br>Obrokodobro. Qui sont ces animaux ?&nbsp;<br>\u00c9 ! Br\u00e9 ! K\u00e9 ! Compte-les !&nbsp;<br><\/p>\n<\/blockquote>\n\n\n\n<p class=\"wp-block-paragraph\">Les enfants touchent les matrices, ordonnent la s\u00e9rie et associent les images imprim\u00e9es aux plaques de linoleum. S\u2019inspirant du livre, ils inventent une histoire dans laquelle apparaissent toujours plus d\u2019animaux, ils choisissent ensuite un animal pour graver un tampon et l\u2019imprimer. L\u2019ensemble est pr\u00e9sent\u00e9 dans un leporello ou un livre pli\u00e9 fendu.&nbsp;<\/p>\n\n\n\n<p class=\"wp-block-paragraph\"><\/p>\n\n\n\n<div class=\"wp-block-columns is-layout-flex wp-container-core-columns-is-layout-8f761849 wp-block-columns-is-layout-flex\">\n<div class=\"wp-block-column is-layout-flow wp-block-column-is-layout-flow\" style=\"flex-basis:100%\">\n<figure class=\"wp-block-gallery has-nested-images columns-default is-cropped wp-block-gallery-2 is-layout-flex wp-block-gallery-is-layout-flex\">\n<figure class=\"wp-block-image size-large\"><a href=\"https:\/\/dugoudronetdesplumeseditions.ch\/wp-content\/uploads\/2023\/04\/5p-copie-recadre\u0301e-carre\u0301e.jpg\"><img loading=\"lazy\" decoding=\"async\" width=\"1024\" height=\"982\" data-id=\"2774\" src=\"https:\/\/dugoudronetdesplumeseditions.ch\/wp-content\/uploads\/2023\/04\/5p-copie-recadre\u0301e-carre\u0301e-1024x982.jpg\" alt=\"\" class=\"wp-image-2774\" srcset=\"https:\/\/dugoudronetdesplumeseditions.ch\/wp-content\/uploads\/2023\/04\/5p-copie-recadre\u0301e-carre\u0301e-1024x982.jpg 1024w, https:\/\/dugoudronetdesplumeseditions.ch\/wp-content\/uploads\/2023\/04\/5p-copie-recadre\u0301e-carre\u0301e-300x288.jpg 300w, https:\/\/dugoudronetdesplumeseditions.ch\/wp-content\/uploads\/2023\/04\/5p-copie-recadre\u0301e-carre\u0301e-768x736.jpg 768w, https:\/\/dugoudronetdesplumeseditions.ch\/wp-content\/uploads\/2023\/04\/5p-copie-recadre\u0301e-carre\u0301e-1536x1472.jpg 1536w, https:\/\/dugoudronetdesplumeseditions.ch\/wp-content\/uploads\/2023\/04\/5p-copie-recadre\u0301e-carre\u0301e-2048x1963.jpg 2048w\" sizes=\"auto, (max-width: 1024px) 100vw, 1024px\" \/><\/a><\/figure>\n\n\n\n<figure class=\"wp-block-image size-large\"><a href=\"https:\/\/dugoudronetdesplumeseditions.ch\/wp-content\/uploads\/2023\/04\/5P-matrice-carre\u0301e-recadre\u0301e.jpg\"><img loading=\"lazy\" decoding=\"async\" width=\"1024\" height=\"911\" data-id=\"2772\" src=\"https:\/\/dugoudronetdesplumeseditions.ch\/wp-content\/uploads\/2023\/04\/5P-matrice-carre\u0301e-recadre\u0301e-1024x911.jpg\" alt=\"\" class=\"wp-image-2772\" srcset=\"https:\/\/dugoudronetdesplumeseditions.ch\/wp-content\/uploads\/2023\/04\/5P-matrice-carre\u0301e-recadre\u0301e-1024x911.jpg 1024w, https:\/\/dugoudronetdesplumeseditions.ch\/wp-content\/uploads\/2023\/04\/5P-matrice-carre\u0301e-recadre\u0301e-300x267.jpg 300w, https:\/\/dugoudronetdesplumeseditions.ch\/wp-content\/uploads\/2023\/04\/5P-matrice-carre\u0301e-recadre\u0301e-768x683.jpg 768w, https:\/\/dugoudronetdesplumeseditions.ch\/wp-content\/uploads\/2023\/04\/5P-matrice-carre\u0301e-recadre\u0301e-1536x1367.jpg 1536w, https:\/\/dugoudronetdesplumeseditions.ch\/wp-content\/uploads\/2023\/04\/5P-matrice-carre\u0301e-recadre\u0301e.jpg 1708w\" sizes=\"auto, (max-width: 1024px) 100vw, 1024px\" \/><\/a><\/figure>\n\n\n\n<figure class=\"wp-block-image size-large\"><a href=\"https:\/\/dugoudronetdesplumeseditions.ch\/wp-content\/uploads\/2023\/04\/5P-Porrentruy-Juventuti-recadre\u0301e-carre\u0301e-scaled.jpg\"><img loading=\"lazy\" decoding=\"async\" width=\"1024\" height=\"965\" data-id=\"2773\" src=\"https:\/\/dugoudronetdesplumeseditions.ch\/wp-content\/uploads\/2023\/04\/5P-Porrentruy-Juventuti-recadre\u0301e-carre\u0301e-1024x965.jpg\" alt=\"\" class=\"wp-image-2773\" srcset=\"https:\/\/dugoudronetdesplumeseditions.ch\/wp-content\/uploads\/2023\/04\/5P-Porrentruy-Juventuti-recadre\u0301e-carre\u0301e-1024x965.jpg 1024w, https:\/\/dugoudronetdesplumeseditions.ch\/wp-content\/uploads\/2023\/04\/5P-Porrentruy-Juventuti-recadre\u0301e-carre\u0301e-300x283.jpg 300w, https:\/\/dugoudronetdesplumeseditions.ch\/wp-content\/uploads\/2023\/04\/5P-Porrentruy-Juventuti-recadre\u0301e-carre\u0301e-768x724.jpg 768w, https:\/\/dugoudronetdesplumeseditions.ch\/wp-content\/uploads\/2023\/04\/5P-Porrentruy-Juventuti-recadre\u0301e-carre\u0301e-1536x1448.jpg 1536w, https:\/\/dugoudronetdesplumeseditions.ch\/wp-content\/uploads\/2023\/04\/5P-Porrentruy-Juventuti-recadre\u0301e-carre\u0301e-2048x1931.jpg 2048w\" sizes=\"auto, (max-width: 1024px) 100vw, 1024px\" \/><\/a><\/figure>\n<\/figure>\n<\/div>\n<\/div>\n\n\n\n<p class=\"wp-block-paragraph\"><a href=\"https:\/\/dugoudronetdesplumeseditions.ch\/wp-content\/uploads\/2023\/04\/Poisson-davril-pour-les-plus-petits.pdf\">Texte PDF pour les petits d\u00e8s 4 ans<\/a><\/p>\n\n\n\n<p class=\"wp-block-paragraph\"><a href=\"https:\/\/dugoudronetdesplumeseditions.ch\/wp-content\/uploads\/2023\/04\/Poisson-davril-pour-les-plus-grands.pdf\" data-type=\"attachment\" data-id=\"2785\">Texte PDF pour les plus grands d\u00e8s 8 ans<\/a><\/p>\n\n\n\n<p class=\"wp-block-paragraph\"><\/p>\n\n\n\n<p class=\"wp-block-paragraph\"><em><a href=\"https:\/\/dugoudronetdesplumeseditions.ch\/?p=2090\" data-type=\"post\" data-id=\"2090\">Poisson d\u2019avril<\/a><\/em>, <a href=\"https:\/\/dugoudronetdesplumeseditions.ch\/?page_id=2328\" data-type=\"page\" data-id=\"2328\">Isabelle Volpato<\/a>, <a href=\"https:\/\/dugoudronetdesplumeseditions.ch\/?page_id=39\" data-type=\"page\" data-id=\"39\">Patricia Crelier<\/a>, \u00e9gp, 2020, impression num\u00e9rique et typographique&nbsp;<\/p>\n\n\n\n<div style=\"height:50px\" aria-hidden=\"true\" class=\"wp-block-spacer\"><\/div>\n\n\n\n<p class=\"has-text-color wp-block-paragraph\" style=\"color:#ffffff00\">&#8211;<\/p>\n\n\n\n<h2 class=\"wp-block-heading\"><strong><strong>D\u00e8s 8 ans \u2013 <em>Ouf l&rsquo;Alphabet fou<\/em> \u2013 Un ab\u00e9c\u00e9daire&nbsp;<\/strong><\/strong><\/h2>\n\n\n\n<p class=\"wp-block-paragraph\">Des compositions typographiques dialoguent de A jusqu\u2019\u00e0 Z avec des alexandrins et des pr\u00e9noms.&nbsp;<\/p>\n\n\n\n<p class=\"wp-block-paragraph\"><\/p>\n\n\n\n<blockquote class=\"wp-block-quote is-layout-flow wp-block-quote-is-layout-flow\">\n<p class=\"wp-block-paragraph\"><br>Dans son berceau de noix, b\u00e9b\u00e9 Beno\u00eet babille&nbsp;<br>Odette, coquette, secoue ses bouclettes&nbsp;<br>Trois w, Willy, c\u2019est la porte du web&nbsp;<br><\/p>\n<\/blockquote>\n\n\n\n<p class=\"wp-block-paragraph\">Les enfants manipulent des caract\u00e8res mobiles d\u2019imprimerie. \u00c0 partir d\u2019une lettre en bois, ils r\u00e9inventent l\u2019alphabet en mots et en images.&nbsp;<\/p>\n\n\n\n<figure class=\"wp-block-gallery has-nested-images columns-default is-cropped wp-block-gallery-3 is-layout-flex wp-block-gallery-is-layout-flex\">\n<figure class=\"wp-block-image size-large\"><a href=\"https:\/\/dugoudronetdesplumeseditions.ch\/wp-content\/uploads\/2024\/05\/ouf-laphabet-fou-1.jpg\"><img loading=\"lazy\" decoding=\"async\" width=\"773\" height=\"771\" data-id=\"3062\" src=\"https:\/\/dugoudronetdesplumeseditions.ch\/wp-content\/uploads\/2024\/05\/ouf-laphabet-fou-1.jpg\" alt=\"\" class=\"wp-image-3062\" srcset=\"https:\/\/dugoudronetdesplumeseditions.ch\/wp-content\/uploads\/2024\/05\/ouf-laphabet-fou-1.jpg 773w, https:\/\/dugoudronetdesplumeseditions.ch\/wp-content\/uploads\/2024\/05\/ouf-laphabet-fou-1-300x300.jpg 300w, https:\/\/dugoudronetdesplumeseditions.ch\/wp-content\/uploads\/2024\/05\/ouf-laphabet-fou-1-150x150.jpg 150w, https:\/\/dugoudronetdesplumeseditions.ch\/wp-content\/uploads\/2024\/05\/ouf-laphabet-fou-1-768x766.jpg 768w\" sizes=\"auto, (max-width: 773px) 100vw, 773px\" \/><\/a><\/figure>\n\n\n\n<figure class=\"wp-block-image size-large\"><a href=\"https:\/\/dugoudronetdesplumeseditions.ch\/wp-content\/uploads\/2024\/05\/ouf-lalphabet-fou-2.jpeg\"><img loading=\"lazy\" decoding=\"async\" width=\"477\" height=\"453\" data-id=\"3061\" src=\"https:\/\/dugoudronetdesplumeseditions.ch\/wp-content\/uploads\/2024\/05\/ouf-lalphabet-fou-2.jpeg\" alt=\"\" class=\"wp-image-3061\" srcset=\"https:\/\/dugoudronetdesplumeseditions.ch\/wp-content\/uploads\/2024\/05\/ouf-lalphabet-fou-2.jpeg 477w, https:\/\/dugoudronetdesplumeseditions.ch\/wp-content\/uploads\/2024\/05\/ouf-lalphabet-fou-2-300x285.jpeg 300w\" sizes=\"auto, (max-width: 477px) 100vw, 477px\" \/><\/a><\/figure>\n\n\n\n<figure class=\"wp-block-image size-large\"><a href=\"https:\/\/dugoudronetdesplumeseditions.ch\/wp-content\/uploads\/2024\/05\/ouf-lalphabet-fou-3.jpg\"><img loading=\"lazy\" decoding=\"async\" width=\"1024\" height=\"1021\" data-id=\"3063\" src=\"https:\/\/dugoudronetdesplumeseditions.ch\/wp-content\/uploads\/2024\/05\/ouf-lalphabet-fou-3-1024x1021.jpg\" alt=\"\" class=\"wp-image-3063\" srcset=\"https:\/\/dugoudronetdesplumeseditions.ch\/wp-content\/uploads\/2024\/05\/ouf-lalphabet-fou-3-1024x1021.jpg 1024w, https:\/\/dugoudronetdesplumeseditions.ch\/wp-content\/uploads\/2024\/05\/ouf-lalphabet-fou-3-300x300.jpg 300w, https:\/\/dugoudronetdesplumeseditions.ch\/wp-content\/uploads\/2024\/05\/ouf-lalphabet-fou-3-150x150.jpg 150w, https:\/\/dugoudronetdesplumeseditions.ch\/wp-content\/uploads\/2024\/05\/ouf-lalphabet-fou-3-768x766.jpg 768w, https:\/\/dugoudronetdesplumeseditions.ch\/wp-content\/uploads\/2024\/05\/ouf-lalphabet-fou-3-1536x1532.jpg 1536w, https:\/\/dugoudronetdesplumeseditions.ch\/wp-content\/uploads\/2024\/05\/ouf-lalphabet-fou-3-2048x2042.jpg 2048w\" sizes=\"auto, (max-width: 1024px) 100vw, 1024px\" \/><\/a><\/figure>\n<\/figure>\n\n\n\n<div style=\"height:20px\" aria-hidden=\"true\" class=\"wp-block-spacer\"><\/div>\n\n\n\n<h4 class=\"wp-block-heading has-text-color\" style=\"color:#ffffff00\">&#8211;<\/h4>\n\n\n\n<p class=\"wp-block-paragraph\"><em>Zo\u00e9 dit zou ! en zozotant.&nbsp;<\/em><br><em>En janvier Jack et Jean jouent.&nbsp;<\/em><br><em>Les hippopotames heureux hantaient les hiboux.&nbsp;<\/em><br><\/p>\n\n\n\n<p class=\"wp-block-paragraph\"><em><a href=\"https:\/\/dugoudronetdesplumeseditions.ch\/?p=2097\" data-type=\"post\" data-id=\"2097\">Ouf l\u2019alphabet fou<\/a><\/em>, <a href=\"https:\/\/dugoudronetdesplumeseditions.ch\/?page_id=428\" data-type=\"page\" data-id=\"428\">Josiane Bataillard<\/a>, <a href=\"https:\/\/dugoudronetdesplumeseditions.ch\/?page_id=39\" data-type=\"page\" data-id=\"39\">Patricia Crelier<\/a>, \u00e9gp, 2020, impression num\u00e9rique et typographique.&nbsp;<\/p>\n\n\n\n<div style=\"height:50px\" aria-hidden=\"true\" class=\"wp-block-spacer\"><\/div>\n\n\n\n<h2 class=\"wp-block-heading\">D\u00e8s 9 ans \u2013 <em>La Sir\u00e8ne du Doubs<\/em> \u2013 Rivi\u00e8re &amp; cadavres exquis&nbsp;<\/h2>\n\n\n\n<p class=\"wp-block-paragraph\">Un grand-p\u00e8re et son petit-fils partagent l\u2019amour d\u2019une rivi\u00e8re, le r\u00eave d\u2019une vouivre et la naissance du canton du Jura. En tournant les pages du livre, les enfants r\u00e9inventent l\u2019histoire gr\u00e2ce aux multiples combinaisons possibles entre les mots et les images.&nbsp;<\/p>\n\n\n\n<p class=\"wp-block-paragraph\"><\/p>\n\n\n\n<blockquote class=\"wp-block-quote is-layout-flow wp-block-quote-is-layout-flow\">\n<p class=\"wp-block-paragraph\"><br>Y a un phare, comme celui de Saint-Ursanne, \u00e0 l\u2019entr\u00e9e d\u2019un parc. La gardienne du phare est une femme-poisson ! Elle a des longs cheveux et des longs bras. Elle me parle. Elle me dit qu\u2019elle est la Sir\u00e8ne du Doubs. Je peux visiter le parc. Je verrai plein d\u2019animaux et de plantes de la r\u00e9gion.&nbsp;<\/p>\n\n\n\n<p class=\"wp-block-paragraph\"><\/p>\n<\/blockquote>\n\n\n\n<p class=\"wp-block-paragraph\">\u00c0 leur tour, les enfants choisissent une figure li\u00e9e au Jura, personnage r\u00e9el ou l\u00e9gendaire, plante ou animal pour graver un tampon et l\u2019imprimer. Ils s\u2019amusent aux cadavres exquis en \u00e9crivant des phrases (sujet, verbe, CVD) qui dialoguent et se combinent avec les images quand on tourne les pages.&nbsp;<\/p>\n\n\n\n<figure class=\"wp-block-gallery has-nested-images columns-default is-cropped wp-block-gallery-4 is-layout-flex wp-block-gallery-is-layout-flex\">\n<figure class=\"wp-block-image size-large\"><a href=\"https:\/\/dugoudronetdesplumeseditions.ch\/wp-content\/uploads\/2024\/05\/la-sire\u0300ne-du-Doubs-1-autour-des-livres-scaled.jpg\"><img loading=\"lazy\" decoding=\"async\" width=\"2560\" height=\"2154\" data-id=\"3070\" src=\"https:\/\/dugoudronetdesplumeseditions.ch\/wp-content\/uploads\/2024\/05\/la-sire\u0300ne-du-Doubs-1-autour-des-livres-scaled.jpg\" alt=\"\" class=\"wp-image-3070\" srcset=\"https:\/\/dugoudronetdesplumeseditions.ch\/wp-content\/uploads\/2024\/05\/la-sire\u0300ne-du-Doubs-1-autour-des-livres-scaled.jpg 2560w, https:\/\/dugoudronetdesplumeseditions.ch\/wp-content\/uploads\/2024\/05\/la-sire\u0300ne-du-Doubs-1-autour-des-livres-300x252.jpg 300w, https:\/\/dugoudronetdesplumeseditions.ch\/wp-content\/uploads\/2024\/05\/la-sire\u0300ne-du-Doubs-1-autour-des-livres-1024x862.jpg 1024w, https:\/\/dugoudronetdesplumeseditions.ch\/wp-content\/uploads\/2024\/05\/la-sire\u0300ne-du-Doubs-1-autour-des-livres-768x646.jpg 768w, https:\/\/dugoudronetdesplumeseditions.ch\/wp-content\/uploads\/2024\/05\/la-sire\u0300ne-du-Doubs-1-autour-des-livres-1536x1293.jpg 1536w, https:\/\/dugoudronetdesplumeseditions.ch\/wp-content\/uploads\/2024\/05\/la-sire\u0300ne-du-Doubs-1-autour-des-livres-2048x1724.jpg 2048w\" sizes=\"auto, (max-width: 2560px) 100vw, 2560px\" \/><\/a><\/figure>\n\n\n\n<figure class=\"wp-block-image size-large\"><a href=\"https:\/\/dugoudronetdesplumeseditions.ch\/wp-content\/uploads\/2024\/05\/la-sire\u0300ne-du-Doubs-2-autour-des-livres.jpg\"><img loading=\"lazy\" decoding=\"async\" width=\"2448\" height=\"2064\" data-id=\"3075\" src=\"https:\/\/dugoudronetdesplumeseditions.ch\/wp-content\/uploads\/2024\/05\/la-sire\u0300ne-du-Doubs-2-autour-des-livres.jpg\" alt=\"\" class=\"wp-image-3075\" srcset=\"https:\/\/dugoudronetdesplumeseditions.ch\/wp-content\/uploads\/2024\/05\/la-sire\u0300ne-du-Doubs-2-autour-des-livres.jpg 2448w, https:\/\/dugoudronetdesplumeseditions.ch\/wp-content\/uploads\/2024\/05\/la-sire\u0300ne-du-Doubs-2-autour-des-livres-300x253.jpg 300w, https:\/\/dugoudronetdesplumeseditions.ch\/wp-content\/uploads\/2024\/05\/la-sire\u0300ne-du-Doubs-2-autour-des-livres-1024x863.jpg 1024w, https:\/\/dugoudronetdesplumeseditions.ch\/wp-content\/uploads\/2024\/05\/la-sire\u0300ne-du-Doubs-2-autour-des-livres-768x648.jpg 768w, https:\/\/dugoudronetdesplumeseditions.ch\/wp-content\/uploads\/2024\/05\/la-sire\u0300ne-du-Doubs-2-autour-des-livres-1536x1295.jpg 1536w, https:\/\/dugoudronetdesplumeseditions.ch\/wp-content\/uploads\/2024\/05\/la-sire\u0300ne-du-Doubs-2-autour-des-livres-2048x1727.jpg 2048w\" sizes=\"auto, (max-width: 2448px) 100vw, 2448px\" \/><\/a><\/figure>\n\n\n\n<figure class=\"wp-block-image size-large\"><a href=\"https:\/\/dugoudronetdesplumeseditions.ch\/wp-content\/uploads\/2024\/06\/la-sire\u0300ne-du-Doubs-3-autour-des-livres.jpg\"><img loading=\"lazy\" decoding=\"async\" width=\"1024\" height=\"863\" data-id=\"3116\" src=\"https:\/\/dugoudronetdesplumeseditions.ch\/wp-content\/uploads\/2024\/06\/la-sire\u0300ne-du-Doubs-3-autour-des-livres-1024x863.jpg\" alt=\"\" class=\"wp-image-3116\" srcset=\"https:\/\/dugoudronetdesplumeseditions.ch\/wp-content\/uploads\/2024\/06\/la-sire\u0300ne-du-Doubs-3-autour-des-livres-1024x863.jpg 1024w, https:\/\/dugoudronetdesplumeseditions.ch\/wp-content\/uploads\/2024\/06\/la-sire\u0300ne-du-Doubs-3-autour-des-livres-300x253.jpg 300w, https:\/\/dugoudronetdesplumeseditions.ch\/wp-content\/uploads\/2024\/06\/la-sire\u0300ne-du-Doubs-3-autour-des-livres-768x648.jpg 768w, https:\/\/dugoudronetdesplumeseditions.ch\/wp-content\/uploads\/2024\/06\/la-sire\u0300ne-du-Doubs-3-autour-des-livres-1536x1295.jpg 1536w, https:\/\/dugoudronetdesplumeseditions.ch\/wp-content\/uploads\/2024\/06\/la-sire\u0300ne-du-Doubs-3-autour-des-livres-2048x1727.jpg 2048w\" sizes=\"auto, (max-width: 1024px) 100vw, 1024px\" \/><\/a><\/figure>\n<\/figure>\n\n\n\n<h4 class=\"wp-block-heading has-text-color\" style=\"color:#ffffff00\"><\/h4>\n\n\n\n<div style=\"height:20px\" aria-hidden=\"true\" class=\"wp-block-spacer\"><\/div>\n\n\n\n<p class=\"wp-block-paragraph\"><em>Le squelette repasse son linge \/ Le squelette croque le ballon.&nbsp;<\/em><br><em>Steve Guerdat saute un obstacle \/ Steve Guerdat annonce le printemps.&nbsp;<\/em><br><em>Une cigogne prend son envol \/ Une cigogne attend ses \u00e9pines.&nbsp;<\/em><\/p>\n\n\n\n<p class=\"wp-block-paragraph\">Remarque : Cette proposition peut s\u2019adapter \u00e0 <strong>chaque canton ou r\u00e9gion selon son identit\u00e9.<\/strong>&nbsp;<\/p>\n\n\n\n<p class=\"wp-block-paragraph\"><\/p>\n\n\n\n<p class=\"wp-block-paragraph\"><em><a href=\"https:\/\/dugoudronetdesplumeseditions.ch\/?p=153\" data-type=\"post\" data-id=\"153\">La Sir\u00e8ne du Doubs<\/a><\/em>, <a href=\"https:\/\/dugoudronetdesplumeseditions.ch\/?page_id=2328\" data-type=\"page\" data-id=\"2328\">Isabelle Volpato<\/a> et <a href=\"https:\/\/dugoudronetdesplumeseditions.ch\/?page_id=39\" data-type=\"page\" data-id=\"39\">Patricia Crelier<\/a>, \u00e9gp, 2021, impression en offset.&nbsp;<\/p>\n\n\n\n<div style=\"height:50px\" aria-hidden=\"true\" class=\"wp-block-spacer\"><\/div>\n\n\n\n<h2 class=\"wp-block-heading\">D\u00e8s 10 ans \u2013 <em>Le jeune chevalier et le petit dragon<\/em> \u2013 R\u00e9mi sauve \u00c9mir&nbsp;<\/h2>\n\n\n\n<p class=\"wp-block-paragraph\">Un jeune chevalier trouve un dragon dans la d\u00e9tresse. Comment va-t-il sauver le petit animal ?&nbsp;<\/p>\n\n\n\n<p class=\"wp-block-paragraph\"><\/p>\n\n\n\n<p class=\"wp-block-paragraph\"><\/p>\n\n\n\n<blockquote class=\"wp-block-quote is-layout-flow wp-block-quote-is-layout-flow\">\n<p class=\"wp-block-paragraph\"><br>\u00c0 la lumi\u00e8re des chandeliers dont elle venait d\u2019allumer les bougies, Dona Lucrezia examina le petit dragon, sa respiration paraissait difficile, elle consulta des registres en latin, en grec ainsi qu\u2019en des langues et \u00e9critures que R\u00e9mi n\u2019avait encore jamais vues. Elle retira son lorgnon, se tourna vers le jeune chevalier. Je crois qu\u2019il est en train de mourir, dit-elle, tu as le pouvoir de le sauver (\u2026)&nbsp;<br><\/p>\n<\/blockquote>\n\n\n\n<p class=\"wp-block-paragraph\">Poursuivant le d\u00e9but du conte, les enfants inventent un sauvetage. Leur histoire rejoint les chemins de la philosophie : Qu\u2019est-ce qui nous rapproche ? Qu\u2019est-ce qui nous distingue ? Pour les images grav\u00e9es et imprim\u00e9es, les enfants exp\u00e9rimentent la gravure \u00e0 la taille-perdue.&nbsp;<\/p>\n\n\n\n<p class=\"wp-block-paragraph\"><\/p>\n\n\n\n<figure class=\"wp-block-gallery has-nested-images columns-default is-cropped wp-block-gallery-5 is-layout-flex wp-block-gallery-is-layout-flex\">\n<figure class=\"wp-block-image size-large\"><a href=\"https:\/\/dugoudronetdesplumeseditions.ch\/wp-content\/uploads\/2024\/05\/le-jeune-chevalier-1.jpg\"><img loading=\"lazy\" decoding=\"async\" width=\"2448\" height=\"2448\" data-id=\"3077\" src=\"https:\/\/dugoudronetdesplumeseditions.ch\/wp-content\/uploads\/2024\/05\/le-jeune-chevalier-1.jpg\" alt=\"\" class=\"wp-image-3077\" srcset=\"https:\/\/dugoudronetdesplumeseditions.ch\/wp-content\/uploads\/2024\/05\/le-jeune-chevalier-1.jpg 2448w, https:\/\/dugoudronetdesplumeseditions.ch\/wp-content\/uploads\/2024\/05\/le-jeune-chevalier-1-300x300.jpg 300w, https:\/\/dugoudronetdesplumeseditions.ch\/wp-content\/uploads\/2024\/05\/le-jeune-chevalier-1-1024x1024.jpg 1024w, https:\/\/dugoudronetdesplumeseditions.ch\/wp-content\/uploads\/2024\/05\/le-jeune-chevalier-1-150x150.jpg 150w, https:\/\/dugoudronetdesplumeseditions.ch\/wp-content\/uploads\/2024\/05\/le-jeune-chevalier-1-768x768.jpg 768w, https:\/\/dugoudronetdesplumeseditions.ch\/wp-content\/uploads\/2024\/05\/le-jeune-chevalier-1-1536x1536.jpg 1536w, https:\/\/dugoudronetdesplumeseditions.ch\/wp-content\/uploads\/2024\/05\/le-jeune-chevalier-1-2048x2048.jpg 2048w\" sizes=\"auto, (max-width: 2448px) 100vw, 2448px\" \/><\/a><\/figure>\n\n\n\n<figure class=\"wp-block-image size-large\"><a href=\"https:\/\/dugoudronetdesplumeseditions.ch\/wp-content\/uploads\/2024\/05\/le-jeune-chevalier-2.jpg\"><img loading=\"lazy\" decoding=\"async\" width=\"2448\" height=\"2448\" data-id=\"3078\" src=\"https:\/\/dugoudronetdesplumeseditions.ch\/wp-content\/uploads\/2024\/05\/le-jeune-chevalier-2.jpg\" alt=\"\" class=\"wp-image-3078\" srcset=\"https:\/\/dugoudronetdesplumeseditions.ch\/wp-content\/uploads\/2024\/05\/le-jeune-chevalier-2.jpg 2448w, https:\/\/dugoudronetdesplumeseditions.ch\/wp-content\/uploads\/2024\/05\/le-jeune-chevalier-2-300x300.jpg 300w, https:\/\/dugoudronetdesplumeseditions.ch\/wp-content\/uploads\/2024\/05\/le-jeune-chevalier-2-1024x1024.jpg 1024w, https:\/\/dugoudronetdesplumeseditions.ch\/wp-content\/uploads\/2024\/05\/le-jeune-chevalier-2-150x150.jpg 150w, https:\/\/dugoudronetdesplumeseditions.ch\/wp-content\/uploads\/2024\/05\/le-jeune-chevalier-2-768x768.jpg 768w, https:\/\/dugoudronetdesplumeseditions.ch\/wp-content\/uploads\/2024\/05\/le-jeune-chevalier-2-1536x1536.jpg 1536w, https:\/\/dugoudronetdesplumeseditions.ch\/wp-content\/uploads\/2024\/05\/le-jeune-chevalier-2-2048x2048.jpg 2048w\" sizes=\"auto, (max-width: 2448px) 100vw, 2448px\" \/><\/a><\/figure>\n\n\n\n<figure class=\"wp-block-image size-large\"><a href=\"https:\/\/dugoudronetdesplumeseditions.ch\/wp-content\/uploads\/2024\/05\/le-jeune-chevalier-3.jpg\"><img loading=\"lazy\" decoding=\"async\" width=\"2448\" height=\"2448\" data-id=\"3079\" src=\"https:\/\/dugoudronetdesplumeseditions.ch\/wp-content\/uploads\/2024\/05\/le-jeune-chevalier-3.jpg\" alt=\"\" class=\"wp-image-3079\" srcset=\"https:\/\/dugoudronetdesplumeseditions.ch\/wp-content\/uploads\/2024\/05\/le-jeune-chevalier-3.jpg 2448w, https:\/\/dugoudronetdesplumeseditions.ch\/wp-content\/uploads\/2024\/05\/le-jeune-chevalier-3-300x300.jpg 300w, https:\/\/dugoudronetdesplumeseditions.ch\/wp-content\/uploads\/2024\/05\/le-jeune-chevalier-3-1024x1024.jpg 1024w, https:\/\/dugoudronetdesplumeseditions.ch\/wp-content\/uploads\/2024\/05\/le-jeune-chevalier-3-150x150.jpg 150w, https:\/\/dugoudronetdesplumeseditions.ch\/wp-content\/uploads\/2024\/05\/le-jeune-chevalier-3-768x768.jpg 768w, https:\/\/dugoudronetdesplumeseditions.ch\/wp-content\/uploads\/2024\/05\/le-jeune-chevalier-3-1536x1536.jpg 1536w, https:\/\/dugoudronetdesplumeseditions.ch\/wp-content\/uploads\/2024\/05\/le-jeune-chevalier-3-2048x2048.jpg 2048w\" sizes=\"auto, (max-width: 2448px) 100vw, 2448px\" \/><\/a><\/figure>\n<\/figure>\n\n\n\n<div style=\"height:20px\" aria-hidden=\"true\" class=\"wp-block-spacer\"><\/div>\n\n\n\n<p class=\"wp-block-paragraph\"><a href=\"https:\/\/dugoudronetdesplumeseditions.ch\/wp-content\/uploads\/2024\/05\/6P-Cha\u0302tillon-2023-24.pdf\" data-type=\"attachment\" data-id=\"3102\">PDF 6P Ch\u00e2tillon 2023-24<\/a><br><a href=\"https:\/\/dugoudronetdesplumeseditions.ch\/wp-content\/uploads\/2024\/05\/6P-Glovelier-2023-24.pdf\" data-type=\"attachment\" data-id=\"3103\">PDF 6P Glovelier 2023-24<\/a><br><a href=\"https:\/\/dugoudronetdesplumeseditions.ch\/wp-content\/uploads\/2024\/05\/6P-Lajoux-2023-24.pdf\" data-type=\"attachment\" data-id=\"3104\">PDF 6P Lajoux 2023-24<\/a><br><a href=\"https:\/\/dugoudronetdesplumeseditions.ch\/wp-content\/uploads\/2024\/05\/6P-Les-Genevez-2023-24.pdf\" data-type=\"attachment\" data-id=\"3105\">PDF 6P Les Genevez 2023-24<\/a><br><a href=\"https:\/\/dugoudronetdesplumeseditions.ch\/wp-content\/uploads\/2024\/05\/6P-Mie\u0301court-2023-24.pdf\">PDF 6P Mi\u00e9court 2023-24<\/a><br><a href=\"https:\/\/dugoudronetdesplumeseditions.ch\/wp-content\/uploads\/2024\/05\/6P-Porrentruy-2023-24.pdf\" data-type=\"attachment\" data-id=\"3107\">PDF 6P Porrentruy 2023-24<\/a><\/p>\n\n\n\n<p class=\"wp-block-paragraph\"><\/p>\n\n\n\n<p class=\"wp-block-paragraph\"><em><a href=\"https:\/\/dugoudronetdesplumeseditions.ch\/?p=2674\" data-type=\"post\" data-id=\"2674\">Le jeune chevalier et le petit dragon<\/a><\/em>, <a href=\"https:\/\/dugoudronetdesplumeseditions.ch\/?page_id=2469\" data-type=\"page\" data-id=\"2469\">Gilles F. Jobin <\/a>et <a href=\"https:\/\/dugoudronetdesplumeseditions.ch\/?page_id=2514\" data-type=\"page\" data-id=\"2514\">Valentin R\u00e9rat<\/a>, \u00e9gp, 2023, impression en offset&nbsp;<\/p>\n\n\n\n<div style=\"height:50px\" aria-hidden=\"true\" class=\"wp-block-spacer\"><\/div>\n\n\n\n<h2 class=\"wp-block-heading\">D\u00e8s 11 ans \u2013 <em>Dans les choux<\/em> \u2013 Polar et cuisine <\/h2>\n\n\n\n<p class=\"wp-block-paragraph\">Un polar graphique \u00e0 lire en d\u00e9codant des expressions culinaires imag\u00e9es comme des r\u00e9bus. Dans le Chicago des ann\u00e9es 1920, Arthur cherche \u00e0 affirmer son statut viril. Y parviendra-t-il ? Cet album malicieux et ludique qui joue avec les codes invite \u00e0 red\u00e9couvrir la langue, qui ne manque pas de sel. Il a \u00e9t\u00e9 s\u00e9lectionn\u00e9 \u00e0 la foire de Bologne en 2024, seul livre suisse retenu dans \u00ab THE BRAW AMAZING BOOKSHELF \u00bb&nbsp;<\/p>\n\n\n\n<p class=\"wp-block-paragraph\"><\/p>\n\n\n\n<blockquote class=\"wp-block-quote is-layout-flow wp-block-quote-is-layout-flow\">\n<p class=\"wp-block-paragraph\">&nbsp;<\/p>\n\n\n\n<p class=\"wp-block-paragraph\">Petit il comptait toujours pour des prunes.&nbsp;<br>Adulte il n\u2019avait jamais un radis en poche.&nbsp;<br><\/p>\n<\/blockquote>\n\n\n\n<p class=\"wp-block-paragraph\">Les jeunes d\u00e9couvrent les \u00e9tapes d\u2019impression du livre puis ils inventent une histoire qui int\u00e8gre des expressions autour des fruits et des l\u00e9gumes et l\u2019illustrent avec des tampons grav\u00e9s.&nbsp;<\/p>\n\n\n\n<figure class=\"wp-block-gallery has-nested-images columns-default is-cropped wp-block-gallery-6 is-layout-flex wp-block-gallery-is-layout-flex\">\n<figure class=\"wp-block-image size-large\"><a href=\"https:\/\/dugoudronetdesplumeseditions.ch\/wp-content\/uploads\/2024\/05\/dans-les-choux-1-scaled.jpg\"><img loading=\"lazy\" decoding=\"async\" width=\"2368\" height=\"2560\" data-id=\"3072\" src=\"https:\/\/dugoudronetdesplumeseditions.ch\/wp-content\/uploads\/2024\/05\/dans-les-choux-1-scaled.jpg\" alt=\"\" class=\"wp-image-3072\" srcset=\"https:\/\/dugoudronetdesplumeseditions.ch\/wp-content\/uploads\/2024\/05\/dans-les-choux-1-scaled.jpg 2368w, https:\/\/dugoudronetdesplumeseditions.ch\/wp-content\/uploads\/2024\/05\/dans-les-choux-1-278x300.jpg 278w, https:\/\/dugoudronetdesplumeseditions.ch\/wp-content\/uploads\/2024\/05\/dans-les-choux-1-947x1024.jpg 947w, https:\/\/dugoudronetdesplumeseditions.ch\/wp-content\/uploads\/2024\/05\/dans-les-choux-1-768x830.jpg 768w, https:\/\/dugoudronetdesplumeseditions.ch\/wp-content\/uploads\/2024\/05\/dans-les-choux-1-1421x1536.jpg 1421w, https:\/\/dugoudronetdesplumeseditions.ch\/wp-content\/uploads\/2024\/05\/dans-les-choux-1-1894x2048.jpg 1894w\" sizes=\"auto, (max-width: 2368px) 100vw, 2368px\" \/><\/a><\/figure>\n\n\n\n<figure class=\"wp-block-image size-large\"><a href=\"https:\/\/dugoudronetdesplumeseditions.ch\/wp-content\/uploads\/2024\/05\/CHOUX-Bologne_bleu-press-2-scaled.jpg\"><img loading=\"lazy\" decoding=\"async\" width=\"2072\" height=\"2560\" data-id=\"3073\" src=\"https:\/\/dugoudronetdesplumeseditions.ch\/wp-content\/uploads\/2024\/05\/CHOUX-Bologne_bleu-press-2-scaled.jpg\" alt=\"\" class=\"wp-image-3073\" srcset=\"https:\/\/dugoudronetdesplumeseditions.ch\/wp-content\/uploads\/2024\/05\/CHOUX-Bologne_bleu-press-2-scaled.jpg 2072w, https:\/\/dugoudronetdesplumeseditions.ch\/wp-content\/uploads\/2024\/05\/CHOUX-Bologne_bleu-press-2-243x300.jpg 243w, https:\/\/dugoudronetdesplumeseditions.ch\/wp-content\/uploads\/2024\/05\/CHOUX-Bologne_bleu-press-2-829x1024.jpg 829w, https:\/\/dugoudronetdesplumeseditions.ch\/wp-content\/uploads\/2024\/05\/CHOUX-Bologne_bleu-press-2-768x949.jpg 768w, https:\/\/dugoudronetdesplumeseditions.ch\/wp-content\/uploads\/2024\/05\/CHOUX-Bologne_bleu-press-2-1243x1536.jpg 1243w, https:\/\/dugoudronetdesplumeseditions.ch\/wp-content\/uploads\/2024\/05\/CHOUX-Bologne_bleu-press-2-1658x2048.jpg 1658w\" sizes=\"auto, (max-width: 2072px) 100vw, 2072px\" \/><\/a><\/figure>\n\n\n\n<figure class=\"wp-block-image size-large\"><a href=\"https:\/\/dugoudronetdesplumeseditions.ch\/wp-content\/uploads\/2024\/05\/dans-les-choux-3.jpg\"><img loading=\"lazy\" decoding=\"async\" width=\"2354\" height=\"2448\" data-id=\"3074\" src=\"https:\/\/dugoudronetdesplumeseditions.ch\/wp-content\/uploads\/2024\/05\/dans-les-choux-3.jpg\" alt=\"\" class=\"wp-image-3074\" srcset=\"https:\/\/dugoudronetdesplumeseditions.ch\/wp-content\/uploads\/2024\/05\/dans-les-choux-3.jpg 2354w, https:\/\/dugoudronetdesplumeseditions.ch\/wp-content\/uploads\/2024\/05\/dans-les-choux-3-288x300.jpg 288w, https:\/\/dugoudronetdesplumeseditions.ch\/wp-content\/uploads\/2024\/05\/dans-les-choux-3-985x1024.jpg 985w, https:\/\/dugoudronetdesplumeseditions.ch\/wp-content\/uploads\/2024\/05\/dans-les-choux-3-768x799.jpg 768w, https:\/\/dugoudronetdesplumeseditions.ch\/wp-content\/uploads\/2024\/05\/dans-les-choux-3-1477x1536.jpg 1477w, https:\/\/dugoudronetdesplumeseditions.ch\/wp-content\/uploads\/2024\/05\/dans-les-choux-3-1969x2048.jpg 1969w\" sizes=\"auto, (max-width: 2354px) 100vw, 2354px\" \/><\/a><\/figure>\n<\/figure>\n\n\n\n<div style=\"height:50px\" aria-hidden=\"true\" class=\"wp-block-spacer\"><\/div>\n\n\n\n<p class=\"wp-block-paragraph\"><a href=\"https:\/\/dugoudronetdesplumeseditions.ch\/wp-content\/uploads\/2024\/06\/8P-Courte\u0301telle-2023-24.pdf\">PDF 8P Court\u00e9telle 2023-24<\/a>&nbsp;<\/p>\n\n\n\n<p class=\"wp-block-paragraph\"><a href=\"https:\/\/dugoudronetdesplumeseditions.ch\/?p=2586\" data-type=\"post\" data-id=\"2586\"><em>Dans les choux<\/em>,<\/a> <a href=\"https:\/\/dugoudronetdesplumeseditions.ch\/?page_id=2502\" data-type=\"page\" data-id=\"2502\">Audrey Peli<\/a>, \u00e9gp, 2023, impression en offset&nbsp;<\/p>\n\n\n\n<div style=\"height:50px\" aria-hidden=\"true\" class=\"wp-block-spacer\"><\/div>\n\n\n\n<h2 class=\"wp-block-heading\">D\u00e8s 12 ans \u2013 <em>Conversations en mille-feuille <\/em>\u2013 Sosies labiaux et surdit\u00e9&nbsp;<\/h2>\n\n\n\n<p class=\"wp-block-paragraph\">Margot comprend peu \u00e0 peu comment Paula per\u00e7oit le monde \u00e0 travers sa surdit\u00e9 atypique. Leurs conversations invitent \u00e0 entendre les sons en visualisant des images qui pr\u00eatent \u00e0 confusion.&nbsp;<\/p>\n\n\n\n<p class=\"wp-block-paragraph\"><\/p>\n\n\n\n<blockquote class=\"wp-block-quote is-layout-flow wp-block-quote-is-layout-flow\">\n<p class=\"wp-block-paragraph\">&nbsp;<\/p>\n\n\n\n<p class=\"wp-block-paragraph\">Lever le pouce, plier l\u2019index, le majeur et l\u2019annulaire de la main droite, tendre l\u2019auriculaire et balayer dans un mouvement circulaire sur la main gauche ferm\u00e9e en cylindre. Margot s\u2019applique \u00e0 suivre les instructions dessin\u00e9es sur la carte. Elle croit commander une bi\u00e8re mais re\u00e7oit un caf\u00e9. Elle s\u2019est tromp\u00e9e de signe. \u00c0 la table voisine, Paula suit la sc\u00e8ne et sourit. La femme qu\u2019elle observe ne semble pas une habitu\u00e9e des signes. Ses doigts ne connaissent pas les mots qui dansent avec les mains.&nbsp;<\/p>\n\n\n\n<p class=\"wp-block-paragraph\">Au caf\u00e9, les serveurs sont sourds ce soir-l\u00e0. C\u2019est la premi\u00e8re fois que Paula et Margot s\u2019aper\u00e7oivent.&nbsp;<br><\/p>\n<\/blockquote>\n\n\n\n<p class=\"wp-block-paragraph\">Les jeunes imaginent des phrases qui int\u00e8grent des sosies labiaux pour mieux se rendre compte des difficult\u00e9s li\u00e9es \u00e0 la lecture labiale et des quiproquos qui peuvent arriver si on entend mal ou pas du tout. Quand on dit \u00ab pain \u00bb \u00ab bain \u00bb ou \u00ab main \u00bb on utilise les m\u00eames mouvements de l\u00e8vres. Il n\u2019y a pas moyen de distinguer ces mots, si ce n\u2019est par le contexte ou par des strat\u00e9gies de d\u00e9duction, qui fatiguent beaucoup.&nbsp;<\/p>\n\n\n\n<figure class=\"wp-block-gallery has-nested-images columns-default is-cropped wp-block-gallery-7 is-layout-flex wp-block-gallery-is-layout-flex\">\n<figure class=\"wp-block-image size-large\"><a href=\"https:\/\/dugoudronetdesplumeseditions.ch\/wp-content\/uploads\/2024\/05\/conversations-en-mille-feuille-1.jpg\"><img loading=\"lazy\" decoding=\"async\" width=\"2448\" height=\"2448\" data-id=\"3069\" src=\"https:\/\/dugoudronetdesplumeseditions.ch\/wp-content\/uploads\/2024\/05\/conversations-en-mille-feuille-1.jpg\" alt=\"\" class=\"wp-image-3069\" srcset=\"https:\/\/dugoudronetdesplumeseditions.ch\/wp-content\/uploads\/2024\/05\/conversations-en-mille-feuille-1.jpg 2448w, https:\/\/dugoudronetdesplumeseditions.ch\/wp-content\/uploads\/2024\/05\/conversations-en-mille-feuille-1-300x300.jpg 300w, https:\/\/dugoudronetdesplumeseditions.ch\/wp-content\/uploads\/2024\/05\/conversations-en-mille-feuille-1-1024x1024.jpg 1024w, https:\/\/dugoudronetdesplumeseditions.ch\/wp-content\/uploads\/2024\/05\/conversations-en-mille-feuille-1-150x150.jpg 150w, https:\/\/dugoudronetdesplumeseditions.ch\/wp-content\/uploads\/2024\/05\/conversations-en-mille-feuille-1-768x768.jpg 768w, https:\/\/dugoudronetdesplumeseditions.ch\/wp-content\/uploads\/2024\/05\/conversations-en-mille-feuille-1-1536x1536.jpg 1536w, https:\/\/dugoudronetdesplumeseditions.ch\/wp-content\/uploads\/2024\/05\/conversations-en-mille-feuille-1-2048x2048.jpg 2048w\" sizes=\"auto, (max-width: 2448px) 100vw, 2448px\" \/><\/a><\/figure>\n\n\n\n<figure class=\"wp-block-image size-large\"><a href=\"https:\/\/dugoudronetdesplumeseditions.ch\/wp-content\/uploads\/2018\/02\/IMG_4455-2.jpg\"><img loading=\"lazy\" decoding=\"async\" width=\"1024\" height=\"768\" data-id=\"1045\" src=\"https:\/\/dugoudronetdesplumeseditions.ch\/wp-content\/uploads\/2018\/02\/IMG_4455-2-1024x768.jpg\" alt=\"\" class=\"wp-image-1045\" srcset=\"https:\/\/dugoudronetdesplumeseditions.ch\/wp-content\/uploads\/2018\/02\/IMG_4455-2-1024x768.jpg 1024w, https:\/\/dugoudronetdesplumeseditions.ch\/wp-content\/uploads\/2018\/02\/IMG_4455-2-300x225.jpg 300w, https:\/\/dugoudronetdesplumeseditions.ch\/wp-content\/uploads\/2018\/02\/IMG_4455-2-768x576.jpg 768w\" sizes=\"auto, (max-width: 1024px) 100vw, 1024px\" \/><\/a><\/figure>\n\n\n\n<figure class=\"wp-block-image size-large\"><a href=\"https:\/\/dugoudronetdesplumeseditions.ch\/wp-content\/uploads\/2024\/05\/conversations-en-mille-feuille-3.jpg\"><img loading=\"lazy\" decoding=\"async\" width=\"2448\" height=\"2448\" data-id=\"3071\" src=\"https:\/\/dugoudronetdesplumeseditions.ch\/wp-content\/uploads\/2024\/05\/conversations-en-mille-feuille-3.jpg\" alt=\"\" class=\"wp-image-3071\" srcset=\"https:\/\/dugoudronetdesplumeseditions.ch\/wp-content\/uploads\/2024\/05\/conversations-en-mille-feuille-3.jpg 2448w, https:\/\/dugoudronetdesplumeseditions.ch\/wp-content\/uploads\/2024\/05\/conversations-en-mille-feuille-3-300x300.jpg 300w, https:\/\/dugoudronetdesplumeseditions.ch\/wp-content\/uploads\/2024\/05\/conversations-en-mille-feuille-3-1024x1024.jpg 1024w, https:\/\/dugoudronetdesplumeseditions.ch\/wp-content\/uploads\/2024\/05\/conversations-en-mille-feuille-3-150x150.jpg 150w, https:\/\/dugoudronetdesplumeseditions.ch\/wp-content\/uploads\/2024\/05\/conversations-en-mille-feuille-3-768x768.jpg 768w, https:\/\/dugoudronetdesplumeseditions.ch\/wp-content\/uploads\/2024\/05\/conversations-en-mille-feuille-3-1536x1536.jpg 1536w, https:\/\/dugoudronetdesplumeseditions.ch\/wp-content\/uploads\/2024\/05\/conversations-en-mille-feuille-3-2048x2048.jpg 2048w\" sizes=\"auto, (max-width: 2448px) 100vw, 2448px\" \/><\/a><\/figure>\n<\/figure>\n\n\n\n<div style=\"height:20px\" aria-hidden=\"true\" class=\"wp-block-spacer\"><\/div>\n\n\n\n<p class=\"wp-block-paragraph\"><em><a href=\"https:\/\/dugoudronetdesplumeseditions.ch\/?p=858\" data-type=\"post\" data-id=\"858\">Conversations en mille-feuille<\/a><\/em>, <a href=\"https:\/\/dugoudronetdesplumeseditions.ch\/?page_id=744\" data-type=\"page\" data-id=\"744\">Francine Collet Poffet<\/a>, <a href=\"https:\/\/dugoudronetdesplumeseditions.ch\/?page_id=39\" data-type=\"page\" data-id=\"39\">Patricia Crelier<\/a>, \u00e9gp, 2018, impression originale sur la presse typographique, tirage limit\u00e9 \u00e0 220 ex.&nbsp;<\/p>\n\n\n\n<div style=\"height:50px\" aria-hidden=\"true\" class=\"wp-block-spacer\"><\/div>\n\n\n\n<h2 class=\"wp-block-heading\">D\u00e8s 13 ans \u2013 <em>Marina<\/em> \u2013 Journal de po\u00e9sie mara\u00eech\u00e8re <\/h2>\n\n\n\n<p class=\"wp-block-paragraph\">Tent\u00e9e par l\u2019exp\u00e9rience de l\u2019agriculture, une jeune femme tient un journal de po\u00e9sie mara\u00eech\u00e8re. Les po\u00e8mes et les notes de la jardini\u00e8re se m\u00ealent au fil des saisons aux monotypes de v\u00e9g\u00e9taux.&nbsp;<\/p>\n\n\n\n<p class=\"wp-block-paragraph\"><\/p>\n\n\n\n<blockquote class=\"wp-block-quote is-layout-flow wp-block-quote-is-layout-flow\">\n<p class=\"wp-block-paragraph\"><br>Le ciel \u00e9tait d\u2019un jaune plat.&nbsp;<br>il s\u2019est cass\u00e9,&nbsp;<br>une couche grasse recouvrait&nbsp;<br>les sables secs des all\u00e9es.&nbsp;<br>Je marchais dans les rainures du vent&nbsp;<br>qui tombait du sol,&nbsp;<br>comme la pluie.&nbsp;<br>Je marchais dans ses rainures&nbsp;<br>ses crevasses.&nbsp;<br>Puis, le sol s\u2019est renvers\u00e9&nbsp;<br>comme un verre d\u2019eau.&nbsp;<br>Et le ciel,&nbsp;<br>en un morceau,&nbsp;<br>s\u2019est recourb\u00e9 (\u2026)&nbsp;<br><\/p>\n<\/blockquote>\n\n\n\n<p class=\"wp-block-paragraph\">Les participants d\u00e9couvrent les po\u00e8mes et les notes de saison et racontent leur jardin r\u00e9el ou r\u00eav\u00e9, avant d\u2019imprimer avec les pieds des empreintes de v\u00e9g\u00e9taux. La technique du monotype est adapt\u00e9e \u00e0 tous les \u00e2ges, m\u00eame pour les tout jeunes.&nbsp;<\/p>\n\n\n\n<figure class=\"wp-block-gallery has-nested-images columns-default is-cropped wp-block-gallery-8 is-layout-flex wp-block-gallery-is-layout-flex\">\n<figure class=\"wp-block-image size-large\"><a href=\"https:\/\/dugoudronetdesplumeseditions.ch\/wp-content\/uploads\/2024\/05\/Marina-1-scaled.jpg\"><img loading=\"lazy\" decoding=\"async\" width=\"2554\" height=\"2560\" data-id=\"3089\" src=\"https:\/\/dugoudronetdesplumeseditions.ch\/wp-content\/uploads\/2024\/05\/Marina-1-scaled.jpg\" alt=\"\" class=\"wp-image-3089\" srcset=\"https:\/\/dugoudronetdesplumeseditions.ch\/wp-content\/uploads\/2024\/05\/Marina-1-scaled.jpg 2554w, https:\/\/dugoudronetdesplumeseditions.ch\/wp-content\/uploads\/2024\/05\/Marina-1-300x300.jpg 300w, https:\/\/dugoudronetdesplumeseditions.ch\/wp-content\/uploads\/2024\/05\/Marina-1-1022x1024.jpg 1022w, https:\/\/dugoudronetdesplumeseditions.ch\/wp-content\/uploads\/2024\/05\/Marina-1-150x150.jpg 150w, https:\/\/dugoudronetdesplumeseditions.ch\/wp-content\/uploads\/2024\/05\/Marina-1-768x770.jpg 768w, https:\/\/dugoudronetdesplumeseditions.ch\/wp-content\/uploads\/2024\/05\/Marina-1-1533x1536.jpg 1533w, https:\/\/dugoudronetdesplumeseditions.ch\/wp-content\/uploads\/2024\/05\/Marina-1-2043x2048.jpg 2043w\" sizes=\"auto, (max-width: 2554px) 100vw, 2554px\" \/><\/a><\/figure>\n\n\n\n<figure class=\"wp-block-image size-large\"><a href=\"https:\/\/dugoudronetdesplumeseditions.ch\/wp-content\/uploads\/2024\/05\/Marina-2.jpg\"><img loading=\"lazy\" decoding=\"async\" width=\"2449\" height=\"2448\" data-id=\"3090\" src=\"https:\/\/dugoudronetdesplumeseditions.ch\/wp-content\/uploads\/2024\/05\/Marina-2.jpg\" alt=\"\" class=\"wp-image-3090\" srcset=\"https:\/\/dugoudronetdesplumeseditions.ch\/wp-content\/uploads\/2024\/05\/Marina-2.jpg 2449w, https:\/\/dugoudronetdesplumeseditions.ch\/wp-content\/uploads\/2024\/05\/Marina-2-300x300.jpg 300w, https:\/\/dugoudronetdesplumeseditions.ch\/wp-content\/uploads\/2024\/05\/Marina-2-1024x1024.jpg 1024w, https:\/\/dugoudronetdesplumeseditions.ch\/wp-content\/uploads\/2024\/05\/Marina-2-150x150.jpg 150w, https:\/\/dugoudronetdesplumeseditions.ch\/wp-content\/uploads\/2024\/05\/Marina-2-768x768.jpg 768w, https:\/\/dugoudronetdesplumeseditions.ch\/wp-content\/uploads\/2024\/05\/Marina-2-1536x1536.jpg 1536w, https:\/\/dugoudronetdesplumeseditions.ch\/wp-content\/uploads\/2024\/05\/Marina-2-2048x2048.jpg 2048w\" sizes=\"auto, (max-width: 2449px) 100vw, 2449px\" \/><\/a><\/figure>\n\n\n\n<figure class=\"wp-block-image size-large\"><a href=\"https:\/\/dugoudronetdesplumeseditions.ch\/wp-content\/uploads\/2024\/05\/Marina-3.jpg\"><img loading=\"lazy\" decoding=\"async\" width=\"1594\" height=\"1592\" data-id=\"3091\" src=\"https:\/\/dugoudronetdesplumeseditions.ch\/wp-content\/uploads\/2024\/05\/Marina-3.jpg\" alt=\"\" class=\"wp-image-3091\" srcset=\"https:\/\/dugoudronetdesplumeseditions.ch\/wp-content\/uploads\/2024\/05\/Marina-3.jpg 1594w, https:\/\/dugoudronetdesplumeseditions.ch\/wp-content\/uploads\/2024\/05\/Marina-3-300x300.jpg 300w, https:\/\/dugoudronetdesplumeseditions.ch\/wp-content\/uploads\/2024\/05\/Marina-3-1024x1024.jpg 1024w, https:\/\/dugoudronetdesplumeseditions.ch\/wp-content\/uploads\/2024\/05\/Marina-3-150x150.jpg 150w, https:\/\/dugoudronetdesplumeseditions.ch\/wp-content\/uploads\/2024\/05\/Marina-3-768x767.jpg 768w, https:\/\/dugoudronetdesplumeseditions.ch\/wp-content\/uploads\/2024\/05\/Marina-3-1536x1534.jpg 1536w\" sizes=\"auto, (max-width: 1594px) 100vw, 1594px\" \/><\/a><\/figure>\n<\/figure>\n\n\n\n<div style=\"height:20px\" aria-hidden=\"true\" class=\"wp-block-spacer\"><\/div>\n\n\n\n<p class=\"wp-block-paragraph\"><em><a href=\"https:\/\/dugoudronetdesplumeseditions.ch\/?p=2577\" data-type=\"post\" data-id=\"2577\">Marina<\/a><\/em>, <a href=\"https:\/\/dugoudronetdesplumeseditions.ch\/?page_id=2523\" data-type=\"page\" data-id=\"2523\">Claudia Souto Cuello<\/a>, \u00e9gp 2023, impression num\u00e9rique et typographique.&nbsp;<\/p>\n\n\n\n<div style=\"height:50px\" aria-hidden=\"true\" class=\"wp-block-spacer\"><\/div>\n\n\n\n<h2 class=\"wp-block-heading\">D\u00e8s 14 ans \u2013 <em>Le tricot d\u2019Anna <\/em>\u2013 Un fil rouge&nbsp;<\/h2>\n\n\n\n<p class=\"wp-block-paragraph\">Dans cet album, Anna d\u00e9roule son fil pour tricoter sa vie.&nbsp;<\/p>\n\n\n\n<p class=\"wp-block-paragraph\"><\/p>\n\n\n\n<blockquote class=\"wp-block-quote is-layout-flow wp-block-quote-is-layout-flow\">\n<p class=\"wp-block-paragraph\"><br>Il y a un monde, il y en a deux, celui de la mer o\u00f9 tu t\u2019en vas, celui de la terre o\u00f9 je reste.&nbsp;<br>Personne au bout du fil ! Pourtant je te parle en mots hachur\u00e9s, d\u00e9coupl\u00e9s. De longs jours vont passer, \u00e0 l\u2019endroit, \u00e0 l\u2019envers.&nbsp;<br>Je t\u2019envoie ma photo. Je me d\u00e9shabille de toi.&nbsp;<br><\/p>\n<\/blockquote>\n\n\n\n<p class=\"wp-block-paragraph\">Ce livre est n\u00e9 d\u2019un bout de laine non arr\u00eat\u00e9 \u00e0 un tricot. Au fil des images, le pullover se d\u00e9tricote et le r\u00e9cit prend forme. Pour comprendre les gravures du livre, les jeunes d\u00e9couvrent une impression de linogravure \u00e0 la japonaise. Puis ils \u00e9crivent \u00e0 partir d\u2019un objet qui leur appartient, un v\u00eatement, un accessoire qu\u2019il porte. Cet objet peut avoir une valeur affective. Il peut aussi \u00eatre un objet banal de la vie quotidienne. Si on prend le temps de le voir, cet objet peut devenir inspirant.&nbsp;<\/p>\n\n\n\n<figure class=\"wp-block-gallery has-nested-images columns-default is-cropped wp-block-gallery-9 is-layout-flex wp-block-gallery-is-layout-flex\">\n<figure class=\"wp-block-image size-large\"><a href=\"https:\/\/dugoudronetdesplumeseditions.ch\/wp-content\/uploads\/2024\/05\/Le-tricot-dAnna-1-scaled.jpg\"><img loading=\"lazy\" decoding=\"async\" width=\"2560\" height=\"1920\" data-id=\"3086\" src=\"https:\/\/dugoudronetdesplumeseditions.ch\/wp-content\/uploads\/2024\/05\/Le-tricot-dAnna-1-scaled.jpg\" alt=\"\" class=\"wp-image-3086\" srcset=\"https:\/\/dugoudronetdesplumeseditions.ch\/wp-content\/uploads\/2024\/05\/Le-tricot-dAnna-1-scaled.jpg 2560w, https:\/\/dugoudronetdesplumeseditions.ch\/wp-content\/uploads\/2024\/05\/Le-tricot-dAnna-1-300x225.jpg 300w, https:\/\/dugoudronetdesplumeseditions.ch\/wp-content\/uploads\/2024\/05\/Le-tricot-dAnna-1-1024x768.jpg 1024w, https:\/\/dugoudronetdesplumeseditions.ch\/wp-content\/uploads\/2024\/05\/Le-tricot-dAnna-1-768x576.jpg 768w, https:\/\/dugoudronetdesplumeseditions.ch\/wp-content\/uploads\/2024\/05\/Le-tricot-dAnna-1-1536x1152.jpg 1536w, https:\/\/dugoudronetdesplumeseditions.ch\/wp-content\/uploads\/2024\/05\/Le-tricot-dAnna-1-2048x1536.jpg 2048w\" sizes=\"auto, (max-width: 2560px) 100vw, 2560px\" \/><\/a><\/figure>\n\n\n\n<figure class=\"wp-block-image size-large\"><a href=\"https:\/\/dugoudronetdesplumeseditions.ch\/wp-content\/uploads\/2024\/05\/Le-tricot-dAnna-2-scaled.jpg\"><img loading=\"lazy\" decoding=\"async\" width=\"2560\" height=\"1920\" data-id=\"3087\" src=\"https:\/\/dugoudronetdesplumeseditions.ch\/wp-content\/uploads\/2024\/05\/Le-tricot-dAnna-2-scaled.jpg\" alt=\"\" class=\"wp-image-3087\" srcset=\"https:\/\/dugoudronetdesplumeseditions.ch\/wp-content\/uploads\/2024\/05\/Le-tricot-dAnna-2-scaled.jpg 2560w, https:\/\/dugoudronetdesplumeseditions.ch\/wp-content\/uploads\/2024\/05\/Le-tricot-dAnna-2-300x225.jpg 300w, https:\/\/dugoudronetdesplumeseditions.ch\/wp-content\/uploads\/2024\/05\/Le-tricot-dAnna-2-1024x768.jpg 1024w, https:\/\/dugoudronetdesplumeseditions.ch\/wp-content\/uploads\/2024\/05\/Le-tricot-dAnna-2-768x576.jpg 768w, https:\/\/dugoudronetdesplumeseditions.ch\/wp-content\/uploads\/2024\/05\/Le-tricot-dAnna-2-1536x1152.jpg 1536w, https:\/\/dugoudronetdesplumeseditions.ch\/wp-content\/uploads\/2024\/05\/Le-tricot-dAnna-2-2048x1536.jpg 2048w\" sizes=\"auto, (max-width: 2560px) 100vw, 2560px\" \/><\/a><\/figure>\n\n\n\n<figure class=\"wp-block-image size-large\"><a href=\"https:\/\/dugoudronetdesplumeseditions.ch\/wp-content\/uploads\/2024\/05\/Le-tricot-dAnna-3-scaled.jpg\"><img loading=\"lazy\" decoding=\"async\" width=\"2560\" height=\"1920\" data-id=\"3088\" src=\"https:\/\/dugoudronetdesplumeseditions.ch\/wp-content\/uploads\/2024\/05\/Le-tricot-dAnna-3-scaled.jpg\" alt=\"\" class=\"wp-image-3088\" srcset=\"https:\/\/dugoudronetdesplumeseditions.ch\/wp-content\/uploads\/2024\/05\/Le-tricot-dAnna-3-scaled.jpg 2560w, https:\/\/dugoudronetdesplumeseditions.ch\/wp-content\/uploads\/2024\/05\/Le-tricot-dAnna-3-300x225.jpg 300w, https:\/\/dugoudronetdesplumeseditions.ch\/wp-content\/uploads\/2024\/05\/Le-tricot-dAnna-3-1024x768.jpg 1024w, https:\/\/dugoudronetdesplumeseditions.ch\/wp-content\/uploads\/2024\/05\/Le-tricot-dAnna-3-768x576.jpg 768w, https:\/\/dugoudronetdesplumeseditions.ch\/wp-content\/uploads\/2024\/05\/Le-tricot-dAnna-3-1536x1152.jpg 1536w, https:\/\/dugoudronetdesplumeseditions.ch\/wp-content\/uploads\/2024\/05\/Le-tricot-dAnna-3-2048x1536.jpg 2048w\" sizes=\"auto, (max-width: 2560px) 100vw, 2560px\" \/><\/a><\/figure>\n<\/figure>\n\n\n\n<div style=\"height:20px\" aria-hidden=\"true\" class=\"wp-block-spacer\"><\/div>\n\n\n\n<p class=\"wp-block-paragraph\"><em><a href=\"https:\/\/dugoudronetdesplumeseditions.ch\/?p=147\" data-type=\"post\" data-id=\"147\">Le tricot d\u2019Anna<\/a><\/em>, <a href=\"https:\/\/dugoudronetdesplumeseditions.ch\/?page_id=428\" data-type=\"page\" data-id=\"428\">Josiane Bataillard<\/a>, <a href=\"https:\/\/dugoudronetdesplumeseditions.ch\/?page_id=39\" data-type=\"page\" data-id=\"39\">Patricia Crelier<\/a>, \u00e9gp, 2013, impression originale sur la presse typographique, tirage limit\u00e9 \u00e0 120 ex.&nbsp;<\/p>\n\n\n\n<div style=\"height:50px\" aria-hidden=\"true\" class=\"wp-block-spacer\"><\/div>\n\n\n\n<h2 class=\"wp-block-heading\">D\u00e8s 15 ans \u2013 <em>Robinson(n)ade <\/em>\u2013 Une \u00eele dans la temp\u00eate, livre bilingue fran\u00e7ais \/ allemand&nbsp;<\/h2>\n\n\n\n<p class=\"wp-block-paragraph\">Isol\u00e9 dans l\u2019archipel, un homme affronte la temp\u00eate des mots et des images. Dans cette \u00eele abandonn\u00e9e \u00e0 la puissance des \u00e9l\u00e9ments, les cartes sont rebattues et les images et la langue chamboul\u00e9es.&nbsp;<\/p>\n\n\n\n<p class=\"wp-block-paragraph\"><\/p>\n\n\n\n<blockquote class=\"wp-block-quote is-layout-flow wp-block-quote-is-layout-flow\">\n<p class=\"wp-block-paragraph\"><br>Voici trois ans qu\u2019il n\u2019y a plus de p\u00e9trole dans l\u2019archipel avant les temp\u00eates de la semaine derni\u00e8re on avait encore deux \u00e9oliennes et un parc de panneaux solaires qu\u2019on r\u00e9parait au gr\u00e9 des mannes de mat\u00e9riaux \u00e9chou\u00e9s sur nos rivages (\u2026)&nbsp;<br><\/p>\n<\/blockquote>\n\n\n\n<p class=\"wp-block-paragraph\"><\/p>\n\n\n\n<blockquote class=\"wp-block-quote is-layout-flow wp-block-quote-is-layout-flow\">\n<p class=\"wp-block-paragraph\"><br>Seit drei Jahren gibt es kein \u00d6l mehr auf dem Archipel vor den St\u00fcrmen der letzten Woche hatten wir noch zwei Windturbinen und einen Solarpark die wir im Rhythmus des Materials reparierten das an unsere K\u00fcste angesp\u00fclt wurde (\u2026)&nbsp;<br><\/p>\n<\/blockquote>\n\n\n\n<p class=\"wp-block-paragraph\">Les voyageurs \u00e9crivent un acrostiche et l\u2019illustrent avec une berlingogravure. L\u2019atelier peut \u00eatre adapt\u00e9 pour les personnes germanophones.&nbsp;<\/p>\n\n\n\n<figure class=\"wp-block-gallery has-nested-images columns-default is-cropped wp-block-gallery-10 is-layout-flex wp-block-gallery-is-layout-flex\">\n<figure class=\"wp-block-image size-large\"><a href=\"https:\/\/dugoudronetdesplumeseditions.ch\/wp-content\/uploads\/2024\/05\/robinsonnade-1.jpg\"><img loading=\"lazy\" decoding=\"async\" width=\"1396\" height=\"1200\" data-id=\"3098\" src=\"https:\/\/dugoudronetdesplumeseditions.ch\/wp-content\/uploads\/2024\/05\/robinsonnade-1.jpg\" alt=\"\" class=\"wp-image-3098\" srcset=\"https:\/\/dugoudronetdesplumeseditions.ch\/wp-content\/uploads\/2024\/05\/robinsonnade-1.jpg 1396w, https:\/\/dugoudronetdesplumeseditions.ch\/wp-content\/uploads\/2024\/05\/robinsonnade-1-300x258.jpg 300w, https:\/\/dugoudronetdesplumeseditions.ch\/wp-content\/uploads\/2024\/05\/robinsonnade-1-1024x880.jpg 1024w, https:\/\/dugoudronetdesplumeseditions.ch\/wp-content\/uploads\/2024\/05\/robinsonnade-1-768x660.jpg 768w\" sizes=\"auto, (max-width: 1396px) 100vw, 1396px\" \/><\/a><\/figure>\n\n\n\n<figure class=\"wp-block-image size-large\"><a href=\"https:\/\/dugoudronetdesplumeseditions.ch\/wp-content\/uploads\/2024\/05\/robinsonnade-2-1-scaled.jpg\"><img loading=\"lazy\" decoding=\"async\" width=\"2560\" height=\"2388\" data-id=\"3099\" src=\"https:\/\/dugoudronetdesplumeseditions.ch\/wp-content\/uploads\/2024\/05\/robinsonnade-2-1-scaled.jpg\" alt=\"\" class=\"wp-image-3099\" srcset=\"https:\/\/dugoudronetdesplumeseditions.ch\/wp-content\/uploads\/2024\/05\/robinsonnade-2-1-scaled.jpg 2560w, https:\/\/dugoudronetdesplumeseditions.ch\/wp-content\/uploads\/2024\/05\/robinsonnade-2-1-300x280.jpg 300w, https:\/\/dugoudronetdesplumeseditions.ch\/wp-content\/uploads\/2024\/05\/robinsonnade-2-1-1024x955.jpg 1024w, https:\/\/dugoudronetdesplumeseditions.ch\/wp-content\/uploads\/2024\/05\/robinsonnade-2-1-768x717.jpg 768w, https:\/\/dugoudronetdesplumeseditions.ch\/wp-content\/uploads\/2024\/05\/robinsonnade-2-1-1536x1433.jpg 1536w, https:\/\/dugoudronetdesplumeseditions.ch\/wp-content\/uploads\/2024\/05\/robinsonnade-2-1-2048x1911.jpg 2048w\" sizes=\"auto, (max-width: 2560px) 100vw, 2560px\" \/><\/a><\/figure>\n\n\n\n<figure class=\"wp-block-image size-large\"><a href=\"https:\/\/dugoudronetdesplumeseditions.ch\/wp-content\/uploads\/2024\/05\/Robinsonnade-3-scaled.jpg\"><img loading=\"lazy\" decoding=\"async\" width=\"2560\" height=\"2258\" data-id=\"3101\" src=\"https:\/\/dugoudronetdesplumeseditions.ch\/wp-content\/uploads\/2024\/05\/Robinsonnade-3-scaled.jpg\" alt=\"\" class=\"wp-image-3101\" srcset=\"https:\/\/dugoudronetdesplumeseditions.ch\/wp-content\/uploads\/2024\/05\/Robinsonnade-3-scaled.jpg 2560w, https:\/\/dugoudronetdesplumeseditions.ch\/wp-content\/uploads\/2024\/05\/Robinsonnade-3-300x265.jpg 300w, https:\/\/dugoudronetdesplumeseditions.ch\/wp-content\/uploads\/2024\/05\/Robinsonnade-3-1024x903.jpg 1024w, https:\/\/dugoudronetdesplumeseditions.ch\/wp-content\/uploads\/2024\/05\/Robinsonnade-3-768x677.jpg 768w, https:\/\/dugoudronetdesplumeseditions.ch\/wp-content\/uploads\/2024\/05\/Robinsonnade-3-1536x1355.jpg 1536w, https:\/\/dugoudronetdesplumeseditions.ch\/wp-content\/uploads\/2024\/05\/Robinsonnade-3-2048x1806.jpg 2048w\" sizes=\"auto, (max-width: 2560px) 100vw, 2560px\" \/><\/a><\/figure>\n<\/figure>\n\n\n\n<div style=\"height:20px\" aria-hidden=\"true\" class=\"wp-block-spacer\"><\/div>\n\n\n\n<p class=\"wp-block-paragraph\"><em><strong>R <\/strong>affeule<strong>&nbsp;<\/strong><\/em><br><em><strong>O <\/strong>rdinaire<strong>&nbsp;<\/strong><br><strong>B <\/strong>rise<strong>&nbsp;<\/strong><br><strong>I <\/strong>ci<strong>&nbsp;<\/strong><br><strong>N <\/strong>os<strong>&nbsp;<\/strong><br><strong>S <\/strong>argasses<strong>&nbsp;<\/strong><br><strong>O <\/strong>\u00f9<strong>&nbsp;<\/strong><br><strong>N <\/strong>otre<strong>&nbsp;<\/strong><br><strong>N <\/strong>ous<strong>&nbsp;<\/strong><br><strong>A <\/strong>imerait<strong>&nbsp;<\/strong><br><strong>D <\/strong>eux<strong>&nbsp;<\/strong><br><strong>E <\/strong>scarbilles<\/em><strong>&nbsp;<\/strong><br><em>(Berlingogravure de Nathalie Voyame et acrostiche de Gilles F. Jobin, atelier \u00e0 la librairie Le vent se l\u00e8ve \u00e0 St Ursanne.)<\/em><\/p>\n\n\n\n<div style=\"height:100px\" aria-hidden=\"true\" class=\"wp-block-spacer\"><\/div>\n\n\n\n<p class=\"wp-block-paragraph\"><\/p>\n\n\n\n<p class=\"wp-block-paragraph\">Un autre atelier possible: les voyageurs d\u00e9coupent un mot dans les pages monochromes bleu et rose&nbsp;: Ils composent leur robinsonnade et repartent avec leur livre customis\u00e9.<\/p>\n\n\n\n<div style=\"height:40px\" aria-hidden=\"true\" class=\"wp-block-spacer\"><\/div>\n\n\n\n<figure class=\"wp-block-gallery has-nested-images columns-default is-cropped wp-block-gallery-11 is-layout-flex wp-block-gallery-is-layout-flex\">\n<figure class=\"wp-block-image size-large\"><a href=\"https:\/\/dugoudronetdesplumeseditions.ch\/wp-content\/uploads\/2026\/02\/robinsonnade-1-scaled.jpg\"><img loading=\"lazy\" decoding=\"async\" width=\"1024\" height=\"768\" data-id=\"3678\" src=\"https:\/\/dugoudronetdesplumeseditions.ch\/wp-content\/uploads\/2026\/02\/robinsonnade-1-1024x768.jpg\" alt=\"\" class=\"wp-image-3678\" srcset=\"https:\/\/dugoudronetdesplumeseditions.ch\/wp-content\/uploads\/2026\/02\/robinsonnade-1-1024x768.jpg 1024w, https:\/\/dugoudronetdesplumeseditions.ch\/wp-content\/uploads\/2026\/02\/robinsonnade-1-300x225.jpg 300w, https:\/\/dugoudronetdesplumeseditions.ch\/wp-content\/uploads\/2026\/02\/robinsonnade-1-768x576.jpg 768w, https:\/\/dugoudronetdesplumeseditions.ch\/wp-content\/uploads\/2026\/02\/robinsonnade-1-1536x1152.jpg 1536w, https:\/\/dugoudronetdesplumeseditions.ch\/wp-content\/uploads\/2026\/02\/robinsonnade-1-2048x1536.jpg 2048w\" sizes=\"auto, (max-width: 1024px) 100vw, 1024px\" \/><\/a><\/figure>\n\n\n\n<figure class=\"wp-block-image size-large\"><a href=\"https:\/\/dugoudronetdesplumeseditions.ch\/wp-content\/uploads\/2026\/02\/Robinsonnade-2-scaled.jpg\"><img loading=\"lazy\" decoding=\"async\" width=\"1024\" height=\"768\" data-id=\"3679\" src=\"https:\/\/dugoudronetdesplumeseditions.ch\/wp-content\/uploads\/2026\/02\/Robinsonnade-2-1024x768.jpg\" alt=\"\" class=\"wp-image-3679\" srcset=\"https:\/\/dugoudronetdesplumeseditions.ch\/wp-content\/uploads\/2026\/02\/Robinsonnade-2-1024x768.jpg 1024w, https:\/\/dugoudronetdesplumeseditions.ch\/wp-content\/uploads\/2026\/02\/Robinsonnade-2-300x225.jpg 300w, https:\/\/dugoudronetdesplumeseditions.ch\/wp-content\/uploads\/2026\/02\/Robinsonnade-2-768x576.jpg 768w, https:\/\/dugoudronetdesplumeseditions.ch\/wp-content\/uploads\/2026\/02\/Robinsonnade-2-1536x1152.jpg 1536w, https:\/\/dugoudronetdesplumeseditions.ch\/wp-content\/uploads\/2026\/02\/Robinsonnade-2-2048x1536.jpg 2048w\" sizes=\"auto, (max-width: 1024px) 100vw, 1024px\" \/><\/a><\/figure>\n\n\n\n<figure class=\"wp-block-image size-large\"><a href=\"https:\/\/dugoudronetdesplumeseditions.ch\/wp-content\/uploads\/2026\/02\/robinsonnade-3-scaled.jpg\"><img loading=\"lazy\" decoding=\"async\" width=\"1024\" height=\"768\" data-id=\"3680\" src=\"https:\/\/dugoudronetdesplumeseditions.ch\/wp-content\/uploads\/2026\/02\/robinsonnade-3-1024x768.jpg\" alt=\"\" class=\"wp-image-3680\" srcset=\"https:\/\/dugoudronetdesplumeseditions.ch\/wp-content\/uploads\/2026\/02\/robinsonnade-3-1024x768.jpg 1024w, https:\/\/dugoudronetdesplumeseditions.ch\/wp-content\/uploads\/2026\/02\/robinsonnade-3-300x225.jpg 300w, https:\/\/dugoudronetdesplumeseditions.ch\/wp-content\/uploads\/2026\/02\/robinsonnade-3-768x576.jpg 768w, https:\/\/dugoudronetdesplumeseditions.ch\/wp-content\/uploads\/2026\/02\/robinsonnade-3-1536x1152.jpg 1536w, https:\/\/dugoudronetdesplumeseditions.ch\/wp-content\/uploads\/2026\/02\/robinsonnade-3-2048x1536.jpg 2048w\" sizes=\"auto, (max-width: 1024px) 100vw, 1024px\" \/><\/a><\/figure>\n<\/figure>\n\n\n\n<div style=\"height:40px\" aria-hidden=\"true\" class=\"wp-block-spacer\"><\/div>\n\n\n\n<p class=\"wp-block-paragraph\"><em>Robinsonnade<\/em>, St\u00e9phane Montavon, Felix St\u00f6ckle, \u00e9gp, 2024, impression en offset.\u00a0<\/p>\n\n\n\n<div style=\"height:40px\" aria-hidden=\"true\" class=\"wp-block-spacer\"><\/div>\n\n\n\n<h2 class=\"wp-block-heading\">D\u00e8s 16 ans \u2013 <em>Le livre qui avait perdu son titre <\/em>\u2013 Une enqu\u00eate sur la biblioth\u00e8que.&nbsp;<\/h2>\n\n\n\n<p class=\"wp-block-paragraph\">D\u00e9poss\u00e9d\u00e9 de son identit\u00e9, un livre m\u00e8ne l\u2019enqu\u00eate pour savoir qui il est. Il apostrophe d\u2019illustres voisins : La Fontaine, Queneau, Desnos, Pr\u00e9vert, Tardieu et quelques autres.&nbsp;<\/p>\n\n\n\n<blockquote class=\"wp-block-quote is-layout-flow wp-block-quote-is-layout-flow\">\n<p class=\"wp-block-paragraph\"><br>En m\u2019\u00e9veillant ce matin sur le troisi\u00e8me rayon de la biblioth\u00e8que, j\u2019ai d\u00e9couvert qu\u2019il ne me restait plus de page, plus aucune page. Apr\u00e8s m\u2019\u00eatre auscult\u00e9 le dos, racorni, les angles, cass\u00e9s, j\u2019ai bien d\u00fb admettre que je ne suis plus qu\u2019une couverture de livre, sans jaquette ni feuillet. Ce qui ne fait pas de moi un livre. Mon voisin de droite aurait-il une id\u00e9e ? Il me r\u00e9pond avec un fort accent espagnol qu\u2019on a pr\u00e9tendu qu\u2019\u00e0 lui aussi il maquait des pages.&nbsp;<\/p>\n\n\n\n<p class=\"wp-block-paragraph\">\u2013 Seigneur licenci\u00e9, il ne faut pas \u00e9couter la d\u00e9loyale canaille mais continuer le valeureux combat des chevaliers errants et mener bataille pour lutter contre l\u2019injustice faite aux n\u00e9cessiteux.&nbsp;<\/p>\n\n\n\n<p class=\"wp-block-paragraph\">Il a d\u2019ailleurs une aventure \u00e0 vivre contre des g\u00e9ants aux longs bras. Il ne pourra pas m\u2019aider ce fada de Don Quichotte, il a d\u2019autres moulins \u00e0 fouetter\u2026&nbsp;<br><\/p>\n<\/blockquote>\n\n\n\n<p class=\"wp-block-paragraph\">Quelles sont vos livres pr\u00e9f\u00e9r\u00e9s ?&nbsp;<\/p>\n\n\n\n<p class=\"wp-block-paragraph\">Les jeunes inventent un voyage dans leur biblioth\u00e8que, des rencontres in\u00e9dites entre les personnages de leurs livres favoris. Pour les images grav\u00e9es ils r\u00e9alisent une linogravure en deux couleurs.&nbsp;<\/p>\n\n\n\n<figure class=\"wp-block-gallery has-nested-images columns-default is-cropped wp-block-gallery-12 is-layout-flex wp-block-gallery-is-layout-flex\">\n<figure class=\"wp-block-image size-large\"><a href=\"https:\/\/dugoudronetdesplumeseditions.ch\/wp-content\/uploads\/2024\/05\/le-livre-qui-1-scaled.jpg\"><img loading=\"lazy\" decoding=\"async\" width=\"1920\" height=\"2560\" data-id=\"3080\" src=\"https:\/\/dugoudronetdesplumeseditions.ch\/wp-content\/uploads\/2024\/05\/le-livre-qui-1-scaled.jpg\" alt=\"\" class=\"wp-image-3080\" srcset=\"https:\/\/dugoudronetdesplumeseditions.ch\/wp-content\/uploads\/2024\/05\/le-livre-qui-1-scaled.jpg 1920w, https:\/\/dugoudronetdesplumeseditions.ch\/wp-content\/uploads\/2024\/05\/le-livre-qui-1-225x300.jpg 225w, https:\/\/dugoudronetdesplumeseditions.ch\/wp-content\/uploads\/2024\/05\/le-livre-qui-1-768x1024.jpg 768w, https:\/\/dugoudronetdesplumeseditions.ch\/wp-content\/uploads\/2024\/05\/le-livre-qui-1-1152x1536.jpg 1152w, https:\/\/dugoudronetdesplumeseditions.ch\/wp-content\/uploads\/2024\/05\/le-livre-qui-1-1536x2048.jpg 1536w\" sizes=\"auto, (max-width: 1920px) 100vw, 1920px\" \/><\/a><\/figure>\n\n\n\n<figure class=\"wp-block-image size-large\"><a href=\"https:\/\/dugoudronetdesplumeseditions.ch\/wp-content\/uploads\/2024\/05\/le-livre-qui-2-scaled.jpg\"><img loading=\"lazy\" decoding=\"async\" width=\"1920\" height=\"2560\" data-id=\"3081\" src=\"https:\/\/dugoudronetdesplumeseditions.ch\/wp-content\/uploads\/2024\/05\/le-livre-qui-2-scaled.jpg\" alt=\"\" class=\"wp-image-3081\" srcset=\"https:\/\/dugoudronetdesplumeseditions.ch\/wp-content\/uploads\/2024\/05\/le-livre-qui-2-scaled.jpg 1920w, https:\/\/dugoudronetdesplumeseditions.ch\/wp-content\/uploads\/2024\/05\/le-livre-qui-2-225x300.jpg 225w, https:\/\/dugoudronetdesplumeseditions.ch\/wp-content\/uploads\/2024\/05\/le-livre-qui-2-768x1024.jpg 768w, https:\/\/dugoudronetdesplumeseditions.ch\/wp-content\/uploads\/2024\/05\/le-livre-qui-2-1152x1536.jpg 1152w, https:\/\/dugoudronetdesplumeseditions.ch\/wp-content\/uploads\/2024\/05\/le-livre-qui-2-1536x2048.jpg 1536w\" sizes=\"auto, (max-width: 1920px) 100vw, 1920px\" \/><\/a><\/figure>\n\n\n\n<figure class=\"wp-block-image size-large\"><a href=\"https:\/\/dugoudronetdesplumeseditions.ch\/wp-content\/uploads\/2024\/05\/le-livre-qui-3-scaled.jpg\"><img loading=\"lazy\" decoding=\"async\" width=\"1920\" height=\"2560\" data-id=\"3082\" src=\"https:\/\/dugoudronetdesplumeseditions.ch\/wp-content\/uploads\/2024\/05\/le-livre-qui-3-scaled.jpg\" alt=\"\" class=\"wp-image-3082\" srcset=\"https:\/\/dugoudronetdesplumeseditions.ch\/wp-content\/uploads\/2024\/05\/le-livre-qui-3-scaled.jpg 1920w, https:\/\/dugoudronetdesplumeseditions.ch\/wp-content\/uploads\/2024\/05\/le-livre-qui-3-225x300.jpg 225w, https:\/\/dugoudronetdesplumeseditions.ch\/wp-content\/uploads\/2024\/05\/le-livre-qui-3-768x1024.jpg 768w, https:\/\/dugoudronetdesplumeseditions.ch\/wp-content\/uploads\/2024\/05\/le-livre-qui-3-1152x1536.jpg 1152w, https:\/\/dugoudronetdesplumeseditions.ch\/wp-content\/uploads\/2024\/05\/le-livre-qui-3-1536x2048.jpg 1536w\" sizes=\"auto, (max-width: 1920px) 100vw, 1920px\" \/><\/a><\/figure>\n<\/figure>\n\n\n\n<div style=\"height:20px\" aria-hidden=\"true\" class=\"wp-block-spacer\"><\/div>\n\n\n\n<p class=\"wp-block-paragraph\"><em><a href=\"https:\/\/dugoudronetdesplumeseditions.ch\/?p=138\" data-type=\"post\" data-id=\"138\">Le livre qui avait perdu son titre<\/a><\/em>, <a href=\"https:\/\/dugoudronetdesplumeseditions.ch\/?page_id=39\" data-type=\"page\" data-id=\"39\">Patricia Crelier<\/a> avec la participation de <a href=\"https:\/\/dugoudronetdesplumeseditions.ch\/?page_id=428\" data-type=\"page\" data-id=\"428\">Josiane Bataillard<\/a>, \u00e9gp, 2013, impression originale sur la presse typographique, tirage limit\u00e9 \u00e0 120 ex.&nbsp;<\/p>\n\n\n\n<div style=\"height:100px\" aria-hidden=\"true\" class=\"wp-block-spacer\"><\/div>\n\n\n\n<p class=\"wp-block-paragraph\">Si vous \u00eates int\u00e9ress\u00e9s par l\u2019une ou l\u2019autre de ces propositions, merci d\u2019envoyer un message \u00e0&nbsp;<a href=\"mailto:goudronetplumes@bluewin.ch\">goudronetplumes@bluewin.ch<\/a>&nbsp;<\/p>\n\n\n\n<p class=\"wp-block-paragraph\"><\/p>\n","protected":false},"excerpt":{"rendered":"<p>Depuis 2005, les \u00e9ditions m\u00e8nent diverses exp\u00e9riences autour de certains livres de leur catalogue dans&#8230;<\/p>\n","protected":false},"author":1,"featured_media":0,"parent":0,"menu_order":0,"comment_status":"closed","ping_status":"closed","template":"","meta":{"footnotes":""},"class_list":["post-1278","page","type-page","status-publish","hentry"],"_links":{"self":[{"href":"https:\/\/dugoudronetdesplumeseditions.ch\/index.php?rest_route=\/wp\/v2\/pages\/1278","targetHints":{"allow":["GET"]}}],"collection":[{"href":"https:\/\/dugoudronetdesplumeseditions.ch\/index.php?rest_route=\/wp\/v2\/pages"}],"about":[{"href":"https:\/\/dugoudronetdesplumeseditions.ch\/index.php?rest_route=\/wp\/v2\/types\/page"}],"author":[{"embeddable":true,"href":"https:\/\/dugoudronetdesplumeseditions.ch\/index.php?rest_route=\/wp\/v2\/users\/1"}],"replies":[{"embeddable":true,"href":"https:\/\/dugoudronetdesplumeseditions.ch\/index.php?rest_route=%2Fwp%2Fv2%2Fcomments&post=1278"}],"version-history":[{"count":69,"href":"https:\/\/dugoudronetdesplumeseditions.ch\/index.php?rest_route=\/wp\/v2\/pages\/1278\/revisions"}],"predecessor-version":[{"id":3696,"href":"https:\/\/dugoudronetdesplumeseditions.ch\/index.php?rest_route=\/wp\/v2\/pages\/1278\/revisions\/3696"}],"wp:attachment":[{"href":"https:\/\/dugoudronetdesplumeseditions.ch\/index.php?rest_route=%2Fwp%2Fv2%2Fmedia&parent=1278"}],"curies":[{"name":"wp","href":"https:\/\/api.w.org\/{rel}","templated":true}]}}